{"id":10140,"date":"2023-11-27T15:44:47","date_gmt":"2023-11-27T13:44:47","guid":{"rendered":"https:\/\/idep.org.cy\/?page_id=10140"},"modified":"2025-01-16T15:45:49","modified_gmt":"2025-01-16T13:45:49","slug":"idep-apyvle-tanisin","status":"publish","type":"page","link":"https:\/\/idep.org.cy\/tr\/fmellp-idep\/genel-olarak\/idep-apyvle-tanisin\/","title":{"rendered":"IDEP (APYV)&#8217;le tan\u0131\u015f\u0131n"},"content":{"rendered":"\t\t<div data-elementor-type=\"wp-page\" data-elementor-id=\"10140\" class=\"elementor elementor-10140 elementor-6707\" data-elementor-post-type=\"page\">\n\t\t\t\t<div class=\"elementor-element elementor-element-359aac8 e-grid e-con-boxed e-con e-parent\" data-id=\"359aac8\" data-element_type=\"container\" data-e-type=\"container\">\n\t\t\t\t\t<div class=\"e-con-inner\">\n\t\t\t\t<div class=\"elementor-element elementor-element-a16ddbe elementor-widget elementor-widget-image-carousel\" data-id=\"a16ddbe\" data-element_type=\"widget\" data-e-type=\"widget\" data-settings=\"{&quot;slides_to_show&quot;:&quot;1&quot;,&quot;navigation&quot;:&quot;none&quot;,&quot;autoplay&quot;:&quot;yes&quot;,&quot;pause_on_hover&quot;:&quot;yes&quot;,&quot;pause_on_interaction&quot;:&quot;yes&quot;,&quot;autoplay_speed&quot;:5000,&quot;infinite&quot;:&quot;yes&quot;,&quot;effect&quot;:&quot;slide&quot;,&quot;speed&quot;:500}\" data-widget_type=\"image-carousel.default\">\n\t\t\t\t<div class=\"elementor-widget-container\">\n\t\t\t\t\t\t\t<div class=\"elementor-image-carousel-wrapper swiper\" role=\"region\" aria-roledescription=\"carousel\" aria-label=\"Image Carousel\" dir=\"ltr\">\n\t\t\t<div class=\"elementor-image-carousel swiper-wrapper swiper-image-stretch\" aria-live=\"off\">\n\t\t\t\t\t\t\t\t<div class=\"swiper-slide\" role=\"group\" aria-roledescription=\"slide\" aria-label=\"1 \/ 1\"><figure class=\"swiper-slide-inner\"><img decoding=\"async\" class=\"swiper-slide-image\" src=\"https:\/\/idep.org.cy\/wp-content\/uploads\/2024\/12\/shutterstock_311771819-1.jpg\" alt=\"shutterstock_311771819\" \/><\/figure><\/div>\t\t\t<\/div>\n\t\t\t\t\t<\/div>\n\t\t\t\t\t\t<\/div>\n\t\t\t\t<\/div>\n\t\t\t\t<div class=\"elementor-element elementor-element-64c70c5 elementor-widget elementor-widget-text-editor\" data-id=\"64c70c5\" data-element_type=\"widget\" data-e-type=\"widget\" data-widget_type=\"text-editor.default\">\n\t\t\t\t<div class=\"elementor-widget-container\">\n\t\t\t\t\t\t\t\t\t<h4><strong>Hayat Boyu \u00d6\u011frenme Avrupa Programlar\u0131 Y\u00f6netimi Vakf\u0131 (IDEP) <\/strong><\/h4><p>Avrupa Hayatboyu \u00d6\u011frenme Programlar\u0131 Y\u00f6netimi Vakf\u0131 (IDEP), Bakanlar Kurulu&#8217;nun 17 Ocak 2007 tarih ve 64.892 say\u0131l\u0131 karar\u0131 ile kurulmu\u015f ve 30 Mart 2007 tarihinde Dernekler ve Vak\u0131flar Siciline 263 sicil numaras\u0131 ile kaydedilmi\u015ftir. IDEP Hayat Boyu \u00d6\u011frenme Vakf\u0131, Bakanlar Kurulu taraf\u0131ndan atanan dokuz \u00fcyeli bir Y\u00f6netim Kurulu taraf\u0131ndan y\u00f6netilmektedir. \u0130lk Y\u00f6netim Kurulu 7 \u015eubat 2007 tarihinde Bakanlar Kurulu&#8217;nun 62.012 say\u0131l\u0131 karar\u0131yla atanm\u0131\u015ft\u0131r. IDEP Hayatboyu \u00d6\u011frenme Vakf\u0131&#8217;n\u0131n i\u015fletme giderleri, 9 Kas\u0131m 2006 tarihli ve 64.597 say\u0131l\u0131 Bakanlar Kurulu Karar\u0131 ile Hayatboyu \u00d6\u011frenme Program\u0131 i\u00e7in Ulusal Otorite olarak belirlenen Maliye Bakanl\u0131\u011f\u0131 Kalk\u0131nma Genel M\u00fcd\u00fcrl\u00fc\u011f\u00fc arac\u0131l\u0131\u011f\u0131yla hem Avrupa Komisyonu&#8217;ndan hem de K\u0131br\u0131s Cumhuriyeti&#8217;nden gelen fonlarla kar\u015f\u0131lanmaktad\u0131r.<\/p>\t\t\t\t\t\t\t\t<\/div>\n\t\t\t\t<\/div>\n\t\t\t\t\t<\/div>\n\t\t\t\t<\/div>\n\t\t<div class=\"elementor-element elementor-element-52b1741 e-grid e-con-boxed e-con e-parent\" data-id=\"52b1741\" data-element_type=\"container\" data-e-type=\"container\" data-settings=\"{&quot;background_background&quot;:&quot;classic&quot;}\">\n\t\t\t\t\t<div class=\"e-con-inner\">\n\t\t\t\t<div class=\"elementor-element elementor-element-ab96360 elementor-widget elementor-widget-text-editor\" data-id=\"ab96360\" data-element_type=\"widget\" data-e-type=\"widget\" data-widget_type=\"text-editor.default\">\n\t\t\t\t<div class=\"elementor-widget-container\">\n\t\t\t\t\t\t\t\t\t<p>Hayatboyu \u00d6\u011frenme Vakf\u0131&#8217;n\u0131n <strong>ana faaliyeti,<\/strong> K\u0131br\u0131sl\u0131 yararlan\u0131c\u0131lar\u0131n Avrupa E\u011fitim ve \u00d6\u011fretim Programlar\u0131na kat\u0131l\u0131m\u0131 i\u00e7in Avrupa Komisyonu taraf\u0131ndan K\u0131br\u0131s&#8217;a verilen fonlar\u0131n y\u00f6netimidir. Hayatboyu \u00d6\u011frenme , Hayatboyu \u00d6\u011frenme Vakf\u0131\u2019nu\u0131n t\u00fcm sekt\u00f6rlerindeki (Okul E\u011fitimi, Y\u00fcksek \u00d6\u011fretim, Mesleki E\u011fitim ve \u00d6\u011fretim, Yeti\u015fkin E\u011fitimi) faaliyetlere destek sa\u011flayan Erasmus+ Avrupa Program\u0131n\u0131 (E\u011fitim ve \u00d6\u011fretim sekt\u00f6rleri) y\u00f6netmektedir. Ayr\u0131ca, eTwinning Okullar Aras\u0131 \u0130\u015fbirli\u011fi Program\u0131n\u0131 y\u00f6netmekte ve Ulusal Mesleki E\u011fitim ve \u00d6\u011fretim Uzmanlar Ekibinin (VET Team of Experts) \u00e7al\u0131\u015fmalar\u0131n\u0131 koordine etmektedir.<\/p>\t\t\t\t\t\t\t\t<\/div>\n\t\t\t\t<\/div>\n\t\t\t\t\t<\/div>\n\t\t\t\t<\/div>\n\t\t<div class=\"elementor-element elementor-element-441b642 e-flex e-con-boxed e-con e-parent\" data-id=\"441b642\" data-element_type=\"container\" data-e-type=\"container\">\n\t\t\t\t\t<div class=\"e-con-inner\">\n\t\t<div class=\"elementor-element elementor-element-f857b6e e-con-full e-flex e-con e-child\" data-id=\"f857b6e\" data-element_type=\"container\" data-e-type=\"container\">\n\t\t\t\t<div class=\"elementor-element elementor-element-edcc658 elementor-widget elementor-widget-text-editor\" data-id=\"edcc658\" data-element_type=\"widget\" data-e-type=\"widget\" data-widget_type=\"text-editor.default\">\n\t\t\t\t<div class=\"elementor-widget-container\">\n\t\t\t\t\t\t\t\t\t<h3><strong>Ama\u00e7<\/strong><\/h3><p><strong>Hayat Boyu \u00d6\u011frenme Enstit\u00fcs\u00fc&#8217;n\u00fcn ama\u00e7lar\u0131 aras\u0131nda Avrupa Birli\u011fi&#8217;nin E\u011fitim ve \u00d6\u011fretim alan\u0131ndaki hedef ve politikalar\u0131n\u0131n te\u015fvik edilmesi de yer almaktad\u0131r. Yukar\u0131daki hedeflerin desteklenmesi \u015fu yollarla ger\u00e7ekle\u015ftirilir:<\/strong><\/p>\t\t\t\t\t\t\t\t<\/div>\n\t\t\t\t<\/div>\n\t\t\t\t<div class=\"elementor-element elementor-element-ac539f5 elementor-icon-list--layout-traditional elementor-list-item-link-full_width elementor-widget elementor-widget-icon-list\" data-id=\"ac539f5\" data-element_type=\"widget\" data-e-type=\"widget\" data-widget_type=\"icon-list.default\">\n\t\t\t\t<div class=\"elementor-widget-container\">\n\t\t\t\t\t\t\t<ul class=\"elementor-icon-list-items\">\n\t\t\t\t\t\t\t<li class=\"elementor-icon-list-item\">\n\t\t\t\t\t\t\t\t\t\t\t<span class=\"elementor-icon-list-icon\">\n\t\t\t\t\t\t\t<svg aria-hidden=\"true\" class=\"e-font-icon-svg e-far-arrow-alt-circle-right\" viewBox=\"0 0 512 512\" xmlns=\"http:\/\/www.w3.org\/2000\/svg\"><path d=\"M504 256C504 119 393 8 256 8S8 119 8 256s111 248 248 248 248-111 248-248zm-448 0c0-110.5 89.5-200 200-200s200 89.5 200 200-89.5 200-200 200S56 366.5 56 256zm72 20v-40c0-6.6 5.4-12 12-12h116v-67c0-10.7 12.9-16 20.5-8.5l99 99c4.7 4.7 4.7 12.3 0 17l-99 99c-7.6 7.6-20.5 2.2-20.5-8.5v-67H140c-6.6 0-12-5.4-12-12z\"><\/path><\/svg>\t\t\t\t\t\t<\/span>\n\t\t\t\t\t\t\t\t\t\t<span class=\"elementor-icon-list-text\">Avrupa e\u011fitim\/\u00f6\u011fretim programlar\u0131 ve ilgili politikalar hakk\u0131nda kamuoyuna bilgi sa\u011flanmas\u0131<\/span>\n\t\t\t\t\t\t\t\t\t<\/li>\n\t\t\t\t\t\t\t\t<li class=\"elementor-icon-list-item\">\n\t\t\t\t\t\t\t\t\t\t\t<span class=\"elementor-icon-list-icon\">\n\t\t\t\t\t\t\t<svg aria-hidden=\"true\" class=\"e-font-icon-svg e-far-arrow-alt-circle-right\" viewBox=\"0 0 512 512\" xmlns=\"http:\/\/www.w3.org\/2000\/svg\"><path d=\"M504 256C504 119 393 8 256 8S8 119 8 256s111 248 248 248 248-111 248-248zm-448 0c0-110.5 89.5-200 200-200s200 89.5 200 200-89.5 200-200 200S56 366.5 56 256zm72 20v-40c0-6.6 5.4-12 12-12h116v-67c0-10.7 12.9-16 20.5-8.5l99 99c4.7 4.7 4.7 12.3 0 17l-99 99c-7.6 7.6-20.5 2.2-20.5-8.5v-67H140c-6.6 0-12-5.4-12-12z\"><\/path><\/svg>\t\t\t\t\t\t<\/span>\n\t\t\t\t\t\t\t\t\t\t<span class=\"elementor-icon-list-text\">Okullara\/kurumlara\/kurulu\u015flara, personellerinin ve stajyerlerinin e\u011fitim\/\u00f6\u011fretim amac\u0131yla di\u011fer \u00fclkelere hareketlili\u011fi i\u00e7in hibe sa\u011flanmas\u0131<\/span>\n\t\t\t\t\t\t\t\t\t<\/li>\n\t\t\t\t\t\t\t\t<li class=\"elementor-icon-list-item\">\n\t\t\t\t\t\t\t\t\t\t\t<span class=\"elementor-icon-list-icon\">\n\t\t\t\t\t\t\t<svg aria-hidden=\"true\" class=\"e-font-icon-svg e-far-arrow-alt-circle-right\" viewBox=\"0 0 512 512\" xmlns=\"http:\/\/www.w3.org\/2000\/svg\"><path d=\"M504 256C504 119 393 8 256 8S8 119 8 256s111 248 248 248 248-111 248-248zm-448 0c0-110.5 89.5-200 200-200s200 89.5 200 200-89.5 200-200 200S56 366.5 56 256zm72 20v-40c0-6.6 5.4-12 12-12h116v-67c0-10.7 12.9-16 20.5-8.5l99 99c4.7 4.7 4.7 12.3 0 17l-99 99c-7.6 7.6-20.5 2.2-20.5-8.5v-67H140c-6.6 0-12-5.4-12-12z\"><\/path><\/svg>\t\t\t\t\t\t<\/span>\n\t\t\t\t\t\t\t\t\t\t<span class=\"elementor-icon-list-text\">Dezavantajl\u0131 veya engelli gruplardan ki\u015filer de dahil olmak \u00fczere her ya\u015ftan insan\u0131n Hayat Boyu \u00d6\u011frenime kat\u0131l\u0131m\u0131n\u0131n te\u015fvik edilmesi<\/span>\n\t\t\t\t\t\t\t\t\t<\/li>\n\t\t\t\t\t\t\t\t<li class=\"elementor-icon-list-item\">\n\t\t\t\t\t\t\t\t\t\t\t<span class=\"elementor-icon-list-icon\">\n\t\t\t\t\t\t\t<svg aria-hidden=\"true\" class=\"e-font-icon-svg e-far-arrow-alt-circle-right\" viewBox=\"0 0 512 512\" xmlns=\"http:\/\/www.w3.org\/2000\/svg\"><path d=\"M504 256C504 119 393 8 256 8S8 119 8 256s111 248 248 248 248-111 248-248zm-448 0c0-110.5 89.5-200 200-200s200 89.5 200 200-89.5 200-200 200S56 366.5 56 256zm72 20v-40c0-6.6 5.4-12 12-12h116v-67c0-10.7 12.9-16 20.5-8.5l99 99c4.7 4.7 4.7 12.3 0 17l-99 99c-7.6 7.6-20.5 2.2-20.5-8.5v-67H140c-6.6 0-12-5.4-12-12z\"><\/path><\/svg>\t\t\t\t\t\t<\/span>\n\t\t\t\t\t\t\t\t\t\t<span class=\"elementor-icon-list-text\">Erasmus+ program\u0131na kat\u0131lan \u00fclkeler aras\u0131nda e\u011fitim\/\u00f6\u011fretim alanlar\u0131nda iyi uygulama al\u0131\u015fveri\u015fi<\/span>\n\t\t\t\t\t\t\t\t\t<\/li>\n\t\t\t\t\t\t\t\t<li class=\"elementor-icon-list-item\">\n\t\t\t\t\t\t\t\t\t\t\t<span class=\"elementor-icon-list-icon\">\n\t\t\t\t\t\t\t<svg aria-hidden=\"true\" class=\"e-font-icon-svg e-far-arrow-alt-circle-right\" viewBox=\"0 0 512 512\" xmlns=\"http:\/\/www.w3.org\/2000\/svg\"><path d=\"M504 256C504 119 393 8 256 8S8 119 8 256s111 248 248 248 248-111 248-248zm-448 0c0-110.5 89.5-200 200-200s200 89.5 200 200-89.5 200-200 200S56 366.5 56 256zm72 20v-40c0-6.6 5.4-12 12-12h116v-67c0-10.7 12.9-16 20.5-8.5l99 99c4.7 4.7 4.7 12.3 0 17l-99 99c-7.6 7.6-20.5 2.2-20.5-8.5v-67H140c-6.6 0-12-5.4-12-12z\"><\/path><\/svg>\t\t\t\t\t\t<\/span>\n\t\t\t\t\t\t\t\t\t\t<span class=\"elementor-icon-list-text\">Faaliyet sonu\u00e7lar\u0131n\u0131n yayg\u0131nla\u015ft\u0131r\u0131lmas\u0131 ve kullan\u0131lmas\u0131 <\/span>\n\t\t\t\t\t\t\t\t\t<\/li>\n\t\t\t\t\t\t\t\t<li class=\"elementor-icon-list-item\">\n\t\t\t\t\t\t\t\t\t\t\t<span class=\"elementor-icon-list-icon\">\n\t\t\t\t\t\t\t<svg aria-hidden=\"true\" class=\"e-font-icon-svg e-far-arrow-alt-circle-right\" viewBox=\"0 0 512 512\" xmlns=\"http:\/\/www.w3.org\/2000\/svg\"><path d=\"M504 256C504 119 393 8 256 8S8 119 8 256s111 248 248 248 248-111 248-248zm-448 0c0-110.5 89.5-200 200-200s200 89.5 200 200-89.5 200-200 200S56 366.5 56 256zm72 20v-40c0-6.6 5.4-12 12-12h116v-67c0-10.7 12.9-16 20.5-8.5l99 99c4.7 4.7 4.7 12.3 0 17l-99 99c-7.6 7.6-20.5 2.2-20.5-8.5v-67H140c-6.6 0-12-5.4-12-12z\"><\/path><\/svg>\t\t\t\t\t\t<\/span>\n\t\t\t\t\t\t\t\t\t\t<span class=\"elementor-icon-list-text\">Erasmus+ program\u0131n\u0131n sonu\u00e7lar\u0131n\u0131n yayg\u0131nla\u015ft\u0131r\u0131lmas\u0131 ve kullan\u0131lmas\u0131<\/span>\n\t\t\t\t\t\t\t\t\t<\/li>\n\t\t\t\t\t\t<\/ul>\n\t\t\t\t\t\t<\/div>\n\t\t\t\t<\/div>\n\t\t\t\t<\/div>\n\t\t<div class=\"elementor-element elementor-element-d96646c e-con-full e-flex e-con e-child\" data-id=\"d96646c\" data-element_type=\"container\" data-e-type=\"container\">\n\t\t\t\t<div class=\"elementor-element elementor-element-1be15eb elementor-widget elementor-widget-image-carousel\" data-id=\"1be15eb\" data-element_type=\"widget\" data-e-type=\"widget\" data-settings=\"{&quot;slides_to_show&quot;:&quot;1&quot;,&quot;navigation&quot;:&quot;none&quot;,&quot;autoplay&quot;:&quot;yes&quot;,&quot;pause_on_hover&quot;:&quot;yes&quot;,&quot;pause_on_interaction&quot;:&quot;yes&quot;,&quot;autoplay_speed&quot;:5000,&quot;infinite&quot;:&quot;yes&quot;,&quot;effect&quot;:&quot;slide&quot;,&quot;speed&quot;:500}\" data-widget_type=\"image-carousel.default\">\n\t\t\t\t<div class=\"elementor-widget-container\">\n\t\t\t\t\t\t\t<div class=\"elementor-image-carousel-wrapper swiper\" role=\"region\" aria-roledescription=\"carousel\" aria-label=\"Image Carousel\" dir=\"ltr\">\n\t\t\t<div class=\"elementor-image-carousel swiper-wrapper swiper-image-stretch\" aria-live=\"off\">\n\t\t\t\t\t\t\t\t<div class=\"swiper-slide\" role=\"group\" aria-roledescription=\"slide\" aria-label=\"1 \/ 1\"><figure class=\"swiper-slide-inner\"><img decoding=\"async\" class=\"swiper-slide-image\" src=\"https:\/\/idep.org.cy\/wp-content\/uploads\/2024\/12\/shutterstock_2493027685-1.jpg\" alt=\"shutterstock_2493027685\" \/><\/figure><\/div>\t\t\t<\/div>\n\t\t\t\t\t<\/div>\n\t\t\t\t\t\t<\/div>\n\t\t\t\t<\/div>\n\t\t\t\t<\/div>\n\t\t\t\t\t<\/div>\n\t\t\t\t<\/div>\n\t\t\t\t<\/div>\n\t\t","protected":false},"excerpt":{"rendered":"<p>Hayat Boyu \u00d6\u011frenme Avrupa Programlar\u0131 Y\u00f6netimi Vakf\u0131 (IDEP) Avrupa Hayatboyu \u00d6\u011frenme Programlar\u0131 Y\u00f6netimi Vakf\u0131 (IDEP), Bakanlar Kurulu&#8217;nun 17 Ocak 2007 tarih ve 64.892 say\u0131l\u0131 karar\u0131 ile kurulmu\u015f ve 30 Mart 2007 tarihinde Dernekler ve Vak\u0131flar Siciline 263 sicil numaras\u0131 ile kaydedilmi\u015ftir. IDEP Hayat Boyu \u00d6\u011frenme Vakf\u0131, Bakanlar Kurulu taraf\u0131ndan atanan dokuz \u00fcyeli bir Y\u00f6netim Kurulu&hellip;<\/p>\n","protected":false},"author":1,"featured_media":0,"parent":10139,"menu_order":40,"comment_status":"closed","ping_status":"closed","template":"","meta":{"footnotes":""},"class_list":["post-10140","page","type-page","status-publish","hentry"],"yoast_head":"<!-- This site is optimized with the Yoast SEO plugin v27.4 - https:\/\/yoast.com\/product\/yoast-seo-wordpress\/ -->\n<title>IDEP (APYV)&#039;le tan\u0131\u015f\u0131n - IDEP<\/title>\n<meta name=\"robots\" content=\"index, follow, max-snippet:-1, max-image-preview:large, max-video-preview:-1\" \/>\n<link rel=\"canonical\" href=\"https:\/\/idep.org.cy\/tr\/fmellp-idep\/genel-olarak\/idep-apyvle-tanisin\/\" \/>\n<meta property=\"og:locale\" content=\"tr_TR\" \/>\n<meta property=\"og:type\" content=\"article\" \/>\n<meta property=\"og:title\" content=\"IDEP (APYV)&#039;le tan\u0131\u015f\u0131n - IDEP\" \/>\n<meta property=\"og:description\" content=\"Hayat Boyu \u00d6\u011frenme Avrupa Programlar\u0131 Y\u00f6netimi Vakf\u0131 (IDEP) Avrupa Hayatboyu \u00d6\u011frenme Programlar\u0131 Y\u00f6netimi Vakf\u0131 (IDEP), Bakanlar Kurulu&#8217;nun 17 Ocak 2007 tarih ve 64.892 say\u0131l\u0131 karar\u0131 ile kurulmu\u015f ve 30 Mart 2007 tarihinde Dernekler ve Vak\u0131flar Siciline 263 sicil numaras\u0131 ile kaydedilmi\u015ftir. IDEP Hayat Boyu \u00d6\u011frenme Vakf\u0131, Bakanlar Kurulu taraf\u0131ndan atanan dokuz \u00fcyeli bir Y\u00f6netim Kurulu&hellip;\" \/>\n<meta property=\"og:url\" content=\"https:\/\/idep.org.cy\/tr\/fmellp-idep\/genel-olarak\/idep-apyvle-tanisin\/\" \/>\n<meta property=\"og:site_name\" content=\"IDEP\" \/>\n<meta property=\"article:modified_time\" content=\"2025-01-16T13:45:49+00:00\" \/>\n<meta property=\"og:image\" content=\"https:\/\/idep.org.cy\/wp-content\/uploads\/2024\/12\/shutterstock_311771819-1.jpg\" \/>\n<meta name=\"twitter:card\" content=\"summary_large_image\" \/>\n<meta name=\"twitter:label1\" content=\"Tahmini okuma s\u00fcresi\" \/>\n\t<meta name=\"twitter:data1\" content=\"2 dakika\" \/>\n<script type=\"application\/ld+json\" class=\"yoast-schema-graph\">{\"@context\":\"https:\\\/\\\/schema.org\",\"@graph\":[{\"@type\":\"WebPage\",\"@id\":\"https:\\\/\\\/idep.org.cy\\\/tr\\\/fmellp-idep\\\/genel-olarak\\\/idep-apyvle-tanisin\\\/\",\"url\":\"https:\\\/\\\/idep.org.cy\\\/tr\\\/fmellp-idep\\\/genel-olarak\\\/idep-apyvle-tanisin\\\/\",\"name\":\"IDEP (APYV)'le tan\u0131\u015f\u0131n - IDEP\",\"isPartOf\":{\"@id\":\"https:\\\/\\\/idep.org.cy\\\/#website\"},\"primaryImageOfPage\":{\"@id\":\"https:\\\/\\\/idep.org.cy\\\/tr\\\/fmellp-idep\\\/genel-olarak\\\/idep-apyvle-tanisin\\\/#primaryimage\"},\"image\":{\"@id\":\"https:\\\/\\\/idep.org.cy\\\/tr\\\/fmellp-idep\\\/genel-olarak\\\/idep-apyvle-tanisin\\\/#primaryimage\"},\"thumbnailUrl\":\"https:\\\/\\\/idep.org.cy\\\/wp-content\\\/uploads\\\/2024\\\/12\\\/shutterstock_311771819-1.jpg\",\"datePublished\":\"2023-11-27T13:44:47+00:00\",\"dateModified\":\"2025-01-16T13:45:49+00:00\",\"breadcrumb\":{\"@id\":\"https:\\\/\\\/idep.org.cy\\\/tr\\\/fmellp-idep\\\/genel-olarak\\\/idep-apyvle-tanisin\\\/#breadcrumb\"},\"inLanguage\":\"tr\",\"potentialAction\":[{\"@type\":\"ReadAction\",\"target\":[\"https:\\\/\\\/idep.org.cy\\\/tr\\\/fmellp-idep\\\/genel-olarak\\\/idep-apyvle-tanisin\\\/\"]}]},{\"@type\":\"ImageObject\",\"inLanguage\":\"tr\",\"@id\":\"https:\\\/\\\/idep.org.cy\\\/tr\\\/fmellp-idep\\\/genel-olarak\\\/idep-apyvle-tanisin\\\/#primaryimage\",\"url\":\"https:\\\/\\\/idep.org.cy\\\/wp-content\\\/uploads\\\/2024\\\/12\\\/shutterstock_311771819-1.jpg\",\"contentUrl\":\"https:\\\/\\\/idep.org.cy\\\/wp-content\\\/uploads\\\/2024\\\/12\\\/shutterstock_311771819-1.jpg\"},{\"@type\":\"BreadcrumbList\",\"@id\":\"https:\\\/\\\/idep.org.cy\\\/tr\\\/fmellp-idep\\\/genel-olarak\\\/idep-apyvle-tanisin\\\/#breadcrumb\",\"itemListElement\":[{\"@type\":\"ListItem\",\"position\":1,\"name\":\"Home\",\"item\":\"https:\\\/\\\/idep.org.cy\\\/tr\\\/\"},{\"@type\":\"ListItem\",\"position\":2,\"name\":\"IDEP (APYV)\",\"item\":\"https:\\\/\\\/idep.org.cy\\\/tr\\\/fmellp-idep\\\/\"},{\"@type\":\"ListItem\",\"position\":3,\"name\":\"Genel Olarak\",\"item\":\"https:\\\/\\\/idep.org.cy\\\/tr\\\/fmellp-idep\\\/genel-olarak\\\/\"},{\"@type\":\"ListItem\",\"position\":4,\"name\":\"IDEP (APYV)&#8217;le tan\u0131\u015f\u0131n\"}]},{\"@type\":\"WebSite\",\"@id\":\"https:\\\/\\\/idep.org.cy\\\/#website\",\"url\":\"https:\\\/\\\/idep.org.cy\\\/\",\"name\":\"\u0399\u0394\u0395\u03a0 \u0394\u03b9\u03ac \u0392\u03af\u03bf\u03c5 \u039c\u03ac\u03b8\u03b7\u03c3\u03b7\u03c2\",\"description\":\"\",\"publisher\":{\"@id\":\"https:\\\/\\\/idep.org.cy\\\/#organization\"},\"potentialAction\":[{\"@type\":\"SearchAction\",\"target\":{\"@type\":\"EntryPoint\",\"urlTemplate\":\"https:\\\/\\\/idep.org.cy\\\/?s={search_term_string}\"},\"query-input\":{\"@type\":\"PropertyValueSpecification\",\"valueRequired\":true,\"valueName\":\"search_term_string\"}}],\"inLanguage\":\"tr\"},{\"@type\":\"Organization\",\"@id\":\"https:\\\/\\\/idep.org.cy\\\/#organization\",\"name\":\"\u0399\u0394\u0395\u03a0 \u0394\u03b9\u03ac \u0392\u03af\u03bf\u03c5 \u039c\u03ac\u03b8\u03b7\u03c3\u03b7\u03c2\",\"url\":\"https:\\\/\\\/idep.org.cy\\\/\",\"logo\":{\"@type\":\"ImageObject\",\"inLanguage\":\"tr\",\"@id\":\"https:\\\/\\\/idep.org.cy\\\/#\\\/schema\\\/logo\\\/image\\\/\",\"url\":\"https:\\\/\\\/idep.org.cy\\\/wp-content\\\/uploads\\\/2024\\\/12\\\/IDEP_Logo_en.jpg\",\"contentUrl\":\"https:\\\/\\\/idep.org.cy\\\/wp-content\\\/uploads\\\/2024\\\/12\\\/IDEP_Logo_en.jpg\",\"width\":150,\"height\":150,\"caption\":\"\u0399\u0394\u0395\u03a0 \u0394\u03b9\u03ac \u0392\u03af\u03bf\u03c5 \u039c\u03ac\u03b8\u03b7\u03c3\u03b7\u03c2\"},\"image\":{\"@id\":\"https:\\\/\\\/idep.org.cy\\\/#\\\/schema\\\/logo\\\/image\\\/\"}}]}<\/script>\n<!-- \/ Yoast SEO plugin. -->","yoast_head_json":{"title":"IDEP (APYV)'le tan\u0131\u015f\u0131n - IDEP","robots":{"index":"index","follow":"follow","max-snippet":"max-snippet:-1","max-image-preview":"max-image-preview:large","max-video-preview":"max-video-preview:-1"},"canonical":"https:\/\/idep.org.cy\/tr\/fmellp-idep\/genel-olarak\/idep-apyvle-tanisin\/","og_locale":"tr_TR","og_type":"article","og_title":"IDEP (APYV)'le tan\u0131\u015f\u0131n - IDEP","og_description":"Hayat Boyu \u00d6\u011frenme Avrupa Programlar\u0131 Y\u00f6netimi Vakf\u0131 (IDEP) Avrupa Hayatboyu \u00d6\u011frenme Programlar\u0131 Y\u00f6netimi Vakf\u0131 (IDEP), Bakanlar Kurulu&#8217;nun 17 Ocak 2007 tarih ve 64.892 say\u0131l\u0131 karar\u0131 ile kurulmu\u015f ve 30 Mart 2007 tarihinde Dernekler ve Vak\u0131flar Siciline 263 sicil numaras\u0131 ile kaydedilmi\u015ftir. IDEP Hayat Boyu \u00d6\u011frenme Vakf\u0131, Bakanlar Kurulu taraf\u0131ndan atanan dokuz \u00fcyeli bir Y\u00f6netim Kurulu&hellip;","og_url":"https:\/\/idep.org.cy\/tr\/fmellp-idep\/genel-olarak\/idep-apyvle-tanisin\/","og_site_name":"IDEP","article_modified_time":"2025-01-16T13:45:49+00:00","og_image":[{"url":"https:\/\/idep.org.cy\/wp-content\/uploads\/2024\/12\/shutterstock_311771819-1.jpg","type":"","width":"","height":""}],"twitter_card":"summary_large_image","twitter_misc":{"Tahmini okuma s\u00fcresi":"2 dakika"},"schema":{"@context":"https:\/\/schema.org","@graph":[{"@type":"WebPage","@id":"https:\/\/idep.org.cy\/tr\/fmellp-idep\/genel-olarak\/idep-apyvle-tanisin\/","url":"https:\/\/idep.org.cy\/tr\/fmellp-idep\/genel-olarak\/idep-apyvle-tanisin\/","name":"IDEP (APYV)'le tan\u0131\u015f\u0131n - IDEP","isPartOf":{"@id":"https:\/\/idep.org.cy\/#website"},"primaryImageOfPage":{"@id":"https:\/\/idep.org.cy\/tr\/fmellp-idep\/genel-olarak\/idep-apyvle-tanisin\/#primaryimage"},"image":{"@id":"https:\/\/idep.org.cy\/tr\/fmellp-idep\/genel-olarak\/idep-apyvle-tanisin\/#primaryimage"},"thumbnailUrl":"https:\/\/idep.org.cy\/wp-content\/uploads\/2024\/12\/shutterstock_311771819-1.jpg","datePublished":"2023-11-27T13:44:47+00:00","dateModified":"2025-01-16T13:45:49+00:00","breadcrumb":{"@id":"https:\/\/idep.org.cy\/tr\/fmellp-idep\/genel-olarak\/idep-apyvle-tanisin\/#breadcrumb"},"inLanguage":"tr","potentialAction":[{"@type":"ReadAction","target":["https:\/\/idep.org.cy\/tr\/fmellp-idep\/genel-olarak\/idep-apyvle-tanisin\/"]}]},{"@type":"ImageObject","inLanguage":"tr","@id":"https:\/\/idep.org.cy\/tr\/fmellp-idep\/genel-olarak\/idep-apyvle-tanisin\/#primaryimage","url":"https:\/\/idep.org.cy\/wp-content\/uploads\/2024\/12\/shutterstock_311771819-1.jpg","contentUrl":"https:\/\/idep.org.cy\/wp-content\/uploads\/2024\/12\/shutterstock_311771819-1.jpg"},{"@type":"BreadcrumbList","@id":"https:\/\/idep.org.cy\/tr\/fmellp-idep\/genel-olarak\/idep-apyvle-tanisin\/#breadcrumb","itemListElement":[{"@type":"ListItem","position":1,"name":"Home","item":"https:\/\/idep.org.cy\/tr\/"},{"@type":"ListItem","position":2,"name":"IDEP (APYV)","item":"https:\/\/idep.org.cy\/tr\/fmellp-idep\/"},{"@type":"ListItem","position":3,"name":"Genel Olarak","item":"https:\/\/idep.org.cy\/tr\/fmellp-idep\/genel-olarak\/"},{"@type":"ListItem","position":4,"name":"IDEP (APYV)&#8217;le tan\u0131\u015f\u0131n"}]},{"@type":"WebSite","@id":"https:\/\/idep.org.cy\/#website","url":"https:\/\/idep.org.cy\/","name":"\u0399\u0394\u0395\u03a0 \u0394\u03b9\u03ac \u0392\u03af\u03bf\u03c5 \u039c\u03ac\u03b8\u03b7\u03c3\u03b7\u03c2","description":"","publisher":{"@id":"https:\/\/idep.org.cy\/#organization"},"potentialAction":[{"@type":"SearchAction","target":{"@type":"EntryPoint","urlTemplate":"https:\/\/idep.org.cy\/?s={search_term_string}"},"query-input":{"@type":"PropertyValueSpecification","valueRequired":true,"valueName":"search_term_string"}}],"inLanguage":"tr"},{"@type":"Organization","@id":"https:\/\/idep.org.cy\/#organization","name":"\u0399\u0394\u0395\u03a0 \u0394\u03b9\u03ac \u0392\u03af\u03bf\u03c5 \u039c\u03ac\u03b8\u03b7\u03c3\u03b7\u03c2","url":"https:\/\/idep.org.cy\/","logo":{"@type":"ImageObject","inLanguage":"tr","@id":"https:\/\/idep.org.cy\/#\/schema\/logo\/image\/","url":"https:\/\/idep.org.cy\/wp-content\/uploads\/2024\/12\/IDEP_Logo_en.jpg","contentUrl":"https:\/\/idep.org.cy\/wp-content\/uploads\/2024\/12\/IDEP_Logo_en.jpg","width":150,"height":150,"caption":"\u0399\u0394\u0395\u03a0 \u0394\u03b9\u03ac \u0392\u03af\u03bf\u03c5 \u039c\u03ac\u03b8\u03b7\u03c3\u03b7\u03c2"},"image":{"@id":"https:\/\/idep.org.cy\/#\/schema\/logo\/image\/"}}]}},"_links":{"self":[{"href":"https:\/\/idep.org.cy\/tr\/wp-json\/wp\/v2\/pages\/10140","targetHints":{"allow":["GET"]}}],"collection":[{"href":"https:\/\/idep.org.cy\/tr\/wp-json\/wp\/v2\/pages"}],"about":[{"href":"https:\/\/idep.org.cy\/tr\/wp-json\/wp\/v2\/types\/page"}],"author":[{"embeddable":true,"href":"https:\/\/idep.org.cy\/tr\/wp-json\/wp\/v2\/users\/1"}],"replies":[{"embeddable":true,"href":"https:\/\/idep.org.cy\/tr\/wp-json\/wp\/v2\/comments?post=10140"}],"version-history":[{"count":4,"href":"https:\/\/idep.org.cy\/tr\/wp-json\/wp\/v2\/pages\/10140\/revisions"}],"predecessor-version":[{"id":10422,"href":"https:\/\/idep.org.cy\/tr\/wp-json\/wp\/v2\/pages\/10140\/revisions\/10422"}],"up":[{"embeddable":true,"href":"https:\/\/idep.org.cy\/tr\/wp-json\/wp\/v2\/pages\/10139"}],"wp:attachment":[{"href":"https:\/\/idep.org.cy\/tr\/wp-json\/wp\/v2\/media?parent=10140"}],"curies":[{"name":"wp","href":"https:\/\/api.w.org\/{rel}","templated":true}]}}