{"id":10142,"date":"2024-09-24T09:07:56","date_gmt":"2024-09-24T06:07:56","guid":{"rendered":"https:\/\/idep.org.cy\/?page_id=10142"},"modified":"2025-01-16T15:40:08","modified_gmt":"2025-01-16T13:40:08","slug":"tarihce","status":"publish","type":"page","link":"https:\/\/idep.org.cy\/tr\/fmellp-idep\/genel-olarak\/tarihce\/","title":{"rendered":"Tarih\u00e7e"},"content":{"rendered":"\t\t<div data-elementor-type=\"wp-page\" data-elementor-id=\"10142\" class=\"elementor elementor-10142 elementor-7947\" data-elementor-post-type=\"page\">\n\t\t\t\t<div class=\"elementor-element elementor-element-2975913 e-flex e-con-boxed e-con e-parent\" data-id=\"2975913\" data-element_type=\"container\" data-e-type=\"container\">\n\t\t\t\t\t<div class=\"e-con-inner\">\n\t\t\t\t<div class=\"elementor-element elementor-element-f3be303 elementor-widget elementor-widget-timeline-widget-addon\" data-id=\"f3be303\" data-element_type=\"widget\" data-e-type=\"widget\" data-widget_type=\"timeline-widget-addon.default\">\n\t\t\t\t<div class=\"elementor-widget-container\">\n\t\t\t\t\t<!-- ========= Timeline Widget Addon For Elementor 1.6.24 ========= -->\n<div id=\"twae-wrapper-f3be303\" class=\"twae-vertical twae-wrapper  twae-both-sided\">   \n    <div class=\"twae-start\"><\/div>    \n    <div id=\"twea-timeline-f3be303\" class=\"twae-timeline\" ><!-- Start of Story Repeater Content --><div id=\"story-b62910d\" class=\"twae-story twae-repeater-item twae-story-right twae-story-no-icon\"><!-- Story Label --><div class=\"twae-labels\"><div class=\"twae-label-big\">1987<\/div><\/div><!-- Story Icon --><div class=\"twae-icon\"><i aria-hidden=\"true\" class=\"far fa-clock\"><\/i><\/div><!-- Story Arrow --><div class=\"twae-arrow\"><\/div><!-- Start of Story Content --><div class=\"twae-content\"><!-- Story Title --><div class=\"twae-title\">Erasmus program\u0131, \u00f6\u011frenci hareketlili\u011fi i\u00e7in mali destek sa\u011flamak \u00fczere kurulmu\u015ftur <\/div><\/div><\/div><!-- Start of Story Repeater Content --><div id=\"story-b91e29f\" class=\"twae-story twae-repeater-item twae-story-left twae-story-no-icon\"><!-- Story Label --><div class=\"twae-labels\"><div class=\"twae-label-big\">1989<\/div><\/div><!-- Story Icon --><div class=\"twae-icon\"><i aria-hidden=\"true\" class=\"far fa-clock\"><\/i><\/div><!-- Story Arrow --><div class=\"twae-arrow\"><\/div><!-- Start of Story Content --><div class=\"twae-content\"><!-- Story Title --><div class=\"twae-title\">Erasmus \u00f6\u011frencileri, \u00f6\u011frencilere yard\u0131m etmek ve destek olmak i\u00e7in t\u00fcm kat\u0131l\u0131mc\u0131 \u00fclkelerde temsilcilerin bulundu\u011fu ESN a\u011f\u0131n\u0131 kurar <\/div><\/div><\/div><!-- Start of Story Repeater Content --><div id=\"story-c367699\" class=\"twae-story twae-repeater-item twae-story-right twae-story-no-icon\"><!-- Story Label --><div class=\"twae-labels\"><div class=\"twae-label-big\">1989<\/div><\/div><!-- Story Icon --><div class=\"twae-icon\"><i aria-hidden=\"true\" class=\"far fa-clock\"><\/i><\/div><!-- Story Arrow --><div class=\"twae-arrow\"><\/div><!-- Start of Story Content --><div class=\"twae-content\"><!-- Story Title --><div class=\"twae-title\">Avrupa i\u00e7in Gen\u00e7lik (Youth for Europe) adl\u0131 ilk gen\u00e7lik program\u0131 kabul edildi <\/div><\/div><\/div><!-- Start of Story Repeater Content --><div id=\"story-61414c3\" class=\"twae-story twae-repeater-item twae-story-left twae-story-no-icon\"><!-- Story Label --><div class=\"twae-labels\"><div class=\"twae-label-big\">1994-1999<\/div><\/div><!-- Story Icon --><div class=\"twae-icon\"><i aria-hidden=\"true\" class=\"far fa-clock\"><\/i><\/div><!-- Story Arrow --><div class=\"twae-arrow\"><\/div><!-- Start of Story Content --><div class=\"twae-content\"><!-- Story Title --><div class=\"twae-title\">Comenius, Grundtvig, Lingua, Minerva, Arion, Erasmus ve Eurydice eylemlerini i\u00e7eren SOCRATES program\u0131 haz\u0131rland\u0131. <\/div><\/div><\/div><!-- Start of Story Repeater Content --><div id=\"story-cb74f40\" class=\"twae-story twae-repeater-item twae-story-right twae-story-no-icon\"><!-- Story Label --><div class=\"twae-labels\"><div class=\"twae-label-big\">1994-1999<\/div><\/div><!-- Story Icon --><div class=\"twae-icon\"><i aria-hidden=\"true\" class=\"far fa-clock\"><\/i><\/div><!-- Story Arrow --><div class=\"twae-arrow\"><\/div><!-- Start of Story Content --><div class=\"twae-content\"><!-- Story Title --><div class=\"twae-title\">Mesleki e\u011fitim ve \u00f6\u011fretime y\u00f6nelik Leonardo Da Vinci program\u0131 uygulanmaktad\u0131r <\/div><\/div><\/div><!-- Start of Story Repeater Content --><div id=\"story-37be546\" class=\"twae-story twae-repeater-item twae-story-left twae-story-no-icon\"><!-- Story Label --><div class=\"twae-labels\"><div class=\"twae-label-big\">1994-1999<\/div><\/div><!-- Story Icon --><div class=\"twae-icon\"><i aria-hidden=\"true\" class=\"far fa-clock\"><\/i><\/div><!-- Story Arrow --><div class=\"twae-arrow\"><\/div><!-- Start of Story Content --><div class=\"twae-content\"><!-- Story Title --><div class=\"twae-title\">Avrupa i\u00e7in Gen\u00e7lik program\u0131 geli\u015ftirildi <\/div><\/div><\/div><!-- Start of Story Repeater Content --><div id=\"story-189da10\" class=\"twae-story twae-repeater-item twae-story-right twae-story-no-icon\"><!-- Story Label --><div class=\"twae-labels\"><div class=\"twae-label-big\">1997<\/div><\/div><!-- Story Icon --><div class=\"twae-icon\"><i aria-hidden=\"true\" class=\"far fa-clock\"><\/i><\/div><!-- Story Arrow --><div class=\"twae-arrow\"><\/div><!-- Start of Story Content --><div class=\"twae-content\"><!-- Story Title --><div class=\"twae-title\">K\u0131br\u0131s ilk kez SOCRATES program\u0131na kat\u0131l\u0131yor<\/div><\/div><\/div><!-- Start of Story Repeater Content --><div id=\"story-a7f94a8\" class=\"twae-story twae-repeater-item twae-story-left twae-story-no-icon\"><!-- Story Label --><div class=\"twae-labels\"><div class=\"twae-label-big\">1997<\/div><\/div><!-- Story Icon --><div class=\"twae-icon\"><i aria-hidden=\"true\" class=\"far fa-clock\"><\/i><\/div><!-- Story Arrow --><div class=\"twae-arrow\"><\/div><!-- Start of Story Content --><div class=\"twae-content\"><!-- Story Title --><div class=\"twae-title\">Milli E\u011fitim ve K\u00fclt\u00fcr Bakanl\u0131\u011f\u0131, program\u0131 y\u00f6netmek \u00fczere Socrates Ulusal Koordinasyon Birimi'ni kurar<\/div><\/div><\/div><!-- Start of Story Repeater Content --><div id=\"story-8c059ae\" class=\"twae-story twae-repeater-item twae-story-right twae-story-no-icon\"><!-- Story Label --><div class=\"twae-labels\"><div class=\"twae-label-big\">1997<\/div><\/div><!-- Story Icon --><div class=\"twae-icon\"><i aria-hidden=\"true\" class=\"far fa-clock\"><\/i><\/div><!-- Story Arrow --><div class=\"twae-arrow\"><\/div><!-- Start of Story Content --><div class=\"twae-content\"><!-- Story Title --><div class=\"twae-title\">K\u0131br\u0131s Leonardo Da Vinci Program\u0131na ilk kez kat\u0131l\u0131yor  \u00c7al\u0131\u015fma ve Sosyal Sigorta Bakanl\u0131\u011f\u0131, Verimlilik Merkezi'ne emanet etti\u011fi program\u0131n y\u00f6netimini devral\u0131r<\/div><\/div><\/div><!-- Start of Story Repeater Content --><div id=\"story-d65759c\" class=\"twae-story twae-repeater-item twae-story-left twae-story-no-icon\"><!-- Story Label --><div class=\"twae-labels\"><div class=\"twae-label-big\">1997<\/div><\/div><!-- Story Icon --><div class=\"twae-icon\"><i aria-hidden=\"true\" class=\"far fa-clock\"><\/i><\/div><!-- Story Arrow --><div class=\"twae-arrow\"><\/div><!-- Start of Story Content --><div class=\"twae-content\"><!-- Story Title --><div class=\"twae-title\">K\u0131br\u0131s Gen\u00e7lik Ajans\u0131, Avrupa i\u00e7in Gen\u00e7lik projesinin y\u00f6netimiyle g\u00f6revlendirilmi\u015ftir <\/div><\/div><\/div><!-- Start of Story Repeater Content --><div id=\"story-d0d79ad\" class=\"twae-story twae-repeater-item twae-story-right twae-story-no-icon\"><!-- Story Label --><div class=\"twae-labels\"><div class=\"twae-label-big\">2000-2006<\/div><\/div><!-- Story Icon --><div class=\"twae-icon\"><i aria-hidden=\"true\" class=\"far fa-clock\"><\/i><\/div><!-- Story Arrow --><div class=\"twae-arrow\"><\/div><!-- Start of Story Content --><div class=\"twae-content\"><!-- Story Title --><div class=\"twae-title\">Sokrates ve Leonardo Da Vinci programlar\u0131 II. a\u015famaya ge\u00e7iyor<\/div><\/div><\/div><!-- Start of Story Repeater Content --><div id=\"story-f0fe65b\" class=\"twae-story twae-repeater-item twae-story-left twae-story-no-icon\"><!-- Story Label --><div class=\"twae-labels\"><div class=\"twae-label-big\">2000-2006<\/div><\/div><!-- Story Icon --><div class=\"twae-icon\"><i aria-hidden=\"true\" class=\"far fa-clock\"><\/i><\/div><!-- Story Arrow --><div class=\"twae-arrow\"><\/div><!-- Start of Story Content --><div class=\"twae-content\"><!-- Story Title --><div class=\"twae-title\">Avrupa i\u00e7in Gen\u00e7lik program\u0131n\u0131n (Youth for Europe) ad\u0131 Gen\u00e7lik (Youth) olarak de\u011fi\u015ftirildi <\/div><\/div><\/div><!-- Start of Story Repeater Content --><div id=\"story-27f0d47\" class=\"twae-story twae-repeater-item twae-story-right twae-story-no-icon\"><!-- Story Label --><div class=\"twae-labels\"><div class=\"twae-label-big\">2007-2013<\/div><\/div><!-- Story Icon --><div class=\"twae-icon\"><i aria-hidden=\"true\" class=\"far fa-clock\"><\/i><\/div><!-- Story Arrow --><div class=\"twae-arrow\"><\/div><!-- Start of Story Content --><div class=\"twae-content\"><!-- Story Title --><div class=\"twae-title\">Hayat Boyu \u00d6\u011frenme Program\u0131 hayata ge\u00e7iriliyor. Program Erasmus, Comenius, Grundtvig ve Leonardo Da Vinci Eylemlerini i\u00e7ermektedir. <\/div><\/div><\/div><!-- Start of Story Repeater Content --><div id=\"story-e9b8cea\" class=\"twae-story twae-repeater-item twae-story-left twae-story-no-icon\"><!-- Story Label --><div class=\"twae-labels\"><div class=\"twae-label-big\">2007-2013<\/div><\/div><!-- Story Icon --><div class=\"twae-icon\"><i aria-hidden=\"true\" class=\"far fa-clock\"><\/i><\/div><!-- Story Arrow --><div class=\"twae-arrow\"><\/div><!-- Start of Story Content --><div class=\"twae-content\"><!-- Story Title --><div class=\"twae-title\">Eurydice Avrupa Birli\u011fi i\u00e7inde ba\u011f\u0131ms\u0131z hale gelir. <\/div><\/div><\/div><!-- Start of Story Repeater Content --><div id=\"story-9de2f39\" class=\"twae-story twae-repeater-item twae-story-right twae-story-no-icon\"><!-- Story Label --><div class=\"twae-labels\"><div class=\"twae-label-big\">2007-2013<\/div><\/div><!-- Story Icon --><div class=\"twae-icon\"><i aria-hidden=\"true\" class=\"far fa-clock\"><\/i><\/div><!-- Story Arrow --><div class=\"twae-arrow\"><\/div><!-- Start of Story Content --><div class=\"twae-content\"><!-- Story Title --><div class=\"twae-title\">Youth in Action Program\u0131, Youth Program\u0131n\u0131n yerini al\u0131yor <\/div><\/div><\/div><!-- Start of Story Repeater Content --><div id=\"story-0abf638\" class=\"twae-story twae-repeater-item twae-story-left twae-story-no-icon\"><!-- Story Label --><div class=\"twae-labels\"><div class=\"twae-label-big\">2006<\/div><\/div><!-- Story Icon --><div class=\"twae-icon\"><i aria-hidden=\"true\" class=\"far fa-clock\"><\/i><\/div><!-- Story Arrow --><div class=\"twae-arrow\"><\/div><!-- Start of Story Content --><div class=\"twae-content\"><!-- Story Title --><div class=\"twae-title\">Maliye Bakanl\u0131\u011f\u0131 Kalk\u0131nma Genel M\u00fcd\u00fcrl\u00fc\u011f\u00fc (daha sonra Planlama Ofisi) Hayat Boyu \u00d6\u011frenme Program\u0131 i\u00e7in Ulusal Otorite olarak belirlenmi\u015ftir  <\/div><\/div><\/div><!-- Start of Story Repeater Content --><div id=\"story-ebfd1b4\" class=\"twae-story twae-repeater-item twae-story-right twae-story-no-icon\"><!-- Story Label --><div class=\"twae-labels\"><div class=\"twae-label-big\">2007<\/div><\/div><!-- Story Icon --><div class=\"twae-icon\"><i aria-hidden=\"true\" class=\"far fa-clock\"><\/i><\/div><!-- Story Arrow --><div class=\"twae-arrow\"><\/div><!-- Start of Story Content --><div class=\"twae-content\"><!-- Story Title --><div class=\"twae-title\">Avrupa Hayatboyu \u00d6\u011frenme Program\u0131 Y\u00f6netim Vakf\u0131 (IDEP) Hayatboyu \u00d6\u011frenme Program\u0131n\u0131 y\u00f6netmek \u00fczere kurulmu\u015ftur <\/div><\/div><\/div><!-- Start of Story Repeater Content --><div id=\"story-2a09de8\" class=\"twae-story twae-repeater-item twae-story-left twae-story-no-icon\"><!-- Story Label --><div class=\"twae-labels\"><div class=\"twae-label-big\">2007<\/div><\/div><!-- Story Icon --><div class=\"twae-icon\"><i aria-hidden=\"true\" class=\"far fa-clock\"><\/i><\/div><!-- Story Arrow --><div class=\"twae-arrow\"><\/div><!-- Start of Story Content --><div class=\"twae-content\"><!-- Story Title --><div class=\"twae-title\">K\u0131br\u0131s, Ulusal Destek Ajans\u0131 olarak E\u011fitim ve K\u00fclt\u00fcr Bakanl\u0131\u011f\u0131 ile eTwinning Program\u0131na ilk kez kat\u0131l\u0131yor<\/div><\/div><\/div><!-- Start of Story Repeater Content --><div id=\"story-8b78043\" class=\"twae-story twae-repeater-item twae-story-right twae-story-no-icon\"><!-- Story Label --><div class=\"twae-labels\"><div class=\"twae-label-big\">2007<\/div><\/div><!-- Story Icon --><div class=\"twae-icon\"><i aria-hidden=\"true\" class=\"far fa-clock\"><\/i><\/div><!-- Story Arrow --><div class=\"twae-arrow\"><\/div><!-- Start of Story Content --><div class=\"twae-content\"><!-- Story Title --><div class=\"twae-title\">K\u0131br\u0131s Gen\u00e7lik \u00d6rg\u00fct\u00fc, Gen\u00e7lik Eylemi Ulusal Ajans\u0131 olarak belirlenmi\u015ftir <\/div><\/div><\/div><!-- Start of Story Repeater Content --><div id=\"story-b414a73\" class=\"twae-story twae-repeater-item twae-story-left twae-story-no-icon\"><!-- Story Label --><div class=\"twae-labels\"><div class=\"twae-label-big\">2008<\/div><\/div><!-- Story Icon --><div class=\"twae-icon\"><i aria-hidden=\"true\" class=\"far fa-clock\"><\/i><\/div><!-- Story Arrow --><div class=\"twae-arrow\"><\/div><!-- Start of Story Content --><div class=\"twae-content\"><!-- Story Title --><div class=\"twae-title\">IDEP hayat boyu \u00f6\u011frenme, eTwinning i\u00e7in Ulusal Destek Ajans\u0131 olarak belirlenmi\u015ftir<\/div><\/div><\/div><!-- Start of Story Repeater Content --><div id=\"story-674dadc\" class=\"twae-story twae-repeater-item twae-story-right twae-story-no-icon\"><!-- Story Label --><div class=\"twae-labels\"><div class=\"twae-label-big\">2014-2020<\/div><\/div><!-- Story Icon --><div class=\"twae-icon\"><i aria-hidden=\"true\" class=\"far fa-clock\"><\/i><\/div><!-- Story Arrow --><div class=\"twae-arrow\"><\/div><!-- Start of Story Content --><div class=\"twae-content\"><!-- Story Description --><div class=\"twae-description\"><p>Erasmus+ program\u0131n\u0131n olu\u015fturulmas\u0131<\/p><p>T\u00fcm sekt\u00f6rler tek bir \u015femsiye alt\u0131nda birle\u015fti:<\/p><p>Okul E\u011fitimi<\/p><p>Mesleki E\u011fitim ve \u00d6\u011fretim<\/p><p>Y\u00fcksek \u00f6\u011frenim<\/p><p>Yeti\u015fkin E\u011fitimi<\/p><p>Gen\u00e7lik<\/p><p>Spor<\/p><\/div><\/div><\/div><!-- Start of Story Repeater Content --><div id=\"story-5ee4355\" class=\"twae-story twae-repeater-item twae-story-left twae-story-no-icon\"><!-- Story Label --><div class=\"twae-labels\"><div class=\"twae-label-big\">2014<\/div><\/div><!-- Story Icon --><div class=\"twae-icon\"><i aria-hidden=\"true\" class=\"far fa-clock\"><\/i><\/div><!-- Story Arrow --><div class=\"twae-arrow\"><\/div><!-- Start of Story Content --><div class=\"twae-content\"><!-- Story Description --><div class=\"twae-description\"><p>Erasmus+ i\u00e7in \u0130ki Ulusal Ajans<\/p><p>IDEP Hayat Boyu \u00d6\u011frenme Vakf\u0131 e\u011fitim ve \u00f6\u011fretim sekt\u00f6rlerini, ONEK ise gen\u00e7lik sekt\u00f6r\u00fcn\u00fc devral\u0131yor.<\/p><\/div><\/div><\/div><!-- Start of Story Repeater Content --><div id=\"story-d82cd3a\" class=\"twae-story twae-repeater-item twae-story-right twae-story-no-icon\"><!-- Story Label --><div class=\"twae-labels\"><div class=\"twae-label-big\">2015<\/div><\/div><!-- Story Icon --><div class=\"twae-icon\"><i aria-hidden=\"true\" class=\"far fa-clock\"><\/i><\/div><!-- Story Arrow --><div class=\"twae-arrow\"><\/div><!-- Start of Story Content --><div class=\"twae-content\"><!-- Story Title --><div class=\"twae-title\">Kalk\u0131nma Genel M\u00fcd\u00fcrl\u00fc\u011f\u00fc, Erasmus+ Program\u0131 i\u00e7in Ulusal Otorite rol\u00fcn\u00fc \u00fcstlenir ve IDEP ile ONEK'i denetler. <\/div><\/div><\/div><!-- Start of Story Repeater Content --><div id=\"story-e1b3bc7\" class=\"twae-story twae-repeater-item twae-story-left twae-story-no-icon\"><!-- Story Label --><div class=\"twae-labels\"><div class=\"twae-label-big\">2021-2027<\/div><\/div><!-- Story Icon --><div class=\"twae-icon\"><i aria-hidden=\"true\" class=\"far fa-clock\"><\/i><\/div><!-- Story Arrow --><div class=\"twae-arrow\"><\/div><!-- Start of Story Content --><div class=\"twae-content\"><!-- Story Title --><div class=\"twae-title\">\u0130ki kat b\u00fct\u00e7eli Erasmus+ program\u0131 <\/div><\/div><\/div><!-- Start of Story Repeater Content --><div id=\"story-66622fc\" class=\"twae-story twae-repeater-item twae-story-right twae-story-no-icon\"><!-- Story Label --><div class=\"twae-labels\"><div class=\"twae-label-big\">2021 <\/div><\/div><!-- Story Icon --><div class=\"twae-icon\"><i aria-hidden=\"true\" class=\"far fa-clock\"><\/i><\/div><!-- Story Arrow --><div class=\"twae-arrow\"><\/div><!-- Start of Story Content --><div class=\"twae-content\"><!-- Story Title --><div class=\"twae-title\">Spor sekt\u00f6r\u00fc IDEP'e tahsis edilmi\u015ftir <\/div><\/div><\/div><!-- Start of Story Repeater Content --><div id=\"story-65bdedf\" class=\"twae-story twae-repeater-item twae-story-left twae-story-no-icon\"><!-- Story Label --><div class=\"twae-labels\"><div class=\"twae-label-big\">2024<\/div><\/div><!-- Story Icon --><div class=\"twae-icon\"><i aria-hidden=\"true\" class=\"far fa-clock\"><\/i><\/div><!-- Story Arrow --><div class=\"twae-arrow\"><\/div><!-- Start of Story Content --><div class=\"twae-content\"><!-- Story Title --><div class=\"twae-title\">Gen\u00e7lik sekt\u00f6r\u00fc, IDEP\u2019e tahsis edilmi\u015ftir. IDEP, Erasmus+, eTwinning, Eurodesk  Avrupa Dayan\u0131\u015fma Birli\u011fi programlar\u0131n\u0131n y\u00f6netimi i\u00e7in K\u0131br\u0131s'taki m\u00fcnhas\u0131r Ulusal Ajanst\u0131r. <\/div><\/div><\/div><\/div>\n    <div class=\"twae-end\"><\/div>\n    <\/div>\t\t\t\t<\/div>\n\t\t\t\t<\/div>\n\t\t\t\t\t<\/div>\n\t\t\t\t<\/div>\n\t\t\t\t<\/div>\n\t\t","protected":false},"excerpt":{"rendered":"<p>1987Erasmus program\u0131, \u00f6\u011frenci hareketlili\u011fi i\u00e7in mali destek sa\u011flamak \u00fczere kurulmu\u015ftur 1989Erasmus \u00f6\u011frencileri, \u00f6\u011frencilere yard\u0131m etmek ve destek olmak i\u00e7in t\u00fcm kat\u0131l\u0131mc\u0131 \u00fclkelerde temsilcilerin bulundu\u011fu ESN a\u011f\u0131n\u0131 kurar 1989Avrupa i\u00e7in Gen\u00e7lik (Youth for Europe) adl\u0131 ilk gen\u00e7lik program\u0131 kabul edildi 1994-1999Comenius, Grundtvig, Lingua, Minerva, Arion, Erasmus ve Eurydice eylemlerini i\u00e7eren SOCRATES program\u0131 haz\u0131rland\u0131. 1994-1999Mesleki e\u011fitim ve&hellip;<\/p>\n","protected":false},"author":1,"featured_media":0,"parent":10139,"menu_order":46,"comment_status":"closed","ping_status":"closed","template":"","meta":{"footnotes":""},"class_list":["post-10142","page","type-page","status-publish","hentry"],"yoast_head":"<!-- This site is optimized with the Yoast SEO plugin v27.4 - https:\/\/yoast.com\/product\/yoast-seo-wordpress\/ -->\n<title>Tarih\u00e7e - IDEP<\/title>\n<meta name=\"robots\" content=\"index, follow, max-snippet:-1, max-image-preview:large, max-video-preview:-1\" \/>\n<link rel=\"canonical\" href=\"https:\/\/idep.org.cy\/tr\/fmellp-idep\/genel-olarak\/tarihce\/\" \/>\n<meta property=\"og:locale\" content=\"tr_TR\" \/>\n<meta property=\"og:type\" content=\"article\" \/>\n<meta property=\"og:title\" content=\"Tarih\u00e7e - IDEP\" \/>\n<meta property=\"og:description\" content=\"1987Erasmus program\u0131, \u00f6\u011frenci hareketlili\u011fi i\u00e7in mali destek sa\u011flamak \u00fczere kurulmu\u015ftur 1989Erasmus \u00f6\u011frencileri, \u00f6\u011frencilere yard\u0131m etmek ve destek olmak i\u00e7in t\u00fcm kat\u0131l\u0131mc\u0131 \u00fclkelerde temsilcilerin bulundu\u011fu ESN a\u011f\u0131n\u0131 kurar 1989Avrupa i\u00e7in Gen\u00e7lik (Youth for Europe) adl\u0131 ilk gen\u00e7lik program\u0131 kabul edildi 1994-1999Comenius, Grundtvig, Lingua, Minerva, Arion, Erasmus ve Eurydice eylemlerini i\u00e7eren SOCRATES program\u0131 haz\u0131rland\u0131. 1994-1999Mesleki e\u011fitim ve&hellip;\" \/>\n<meta property=\"og:url\" content=\"https:\/\/idep.org.cy\/tr\/fmellp-idep\/genel-olarak\/tarihce\/\" \/>\n<meta property=\"og:site_name\" content=\"IDEP\" \/>\n<meta property=\"article:modified_time\" content=\"2025-01-16T13:40:08+00:00\" \/>\n<meta name=\"twitter:card\" content=\"summary_large_image\" \/>\n<meta name=\"twitter:label1\" content=\"Tahmini okuma s\u00fcresi\" \/>\n\t<meta name=\"twitter:data1\" content=\"2 dakika\" \/>\n<script type=\"application\/ld+json\" class=\"yoast-schema-graph\">{\"@context\":\"https:\\\/\\\/schema.org\",\"@graph\":[{\"@type\":\"WebPage\",\"@id\":\"https:\\\/\\\/idep.org.cy\\\/tr\\\/fmellp-idep\\\/genel-olarak\\\/tarihce\\\/\",\"url\":\"https:\\\/\\\/idep.org.cy\\\/tr\\\/fmellp-idep\\\/genel-olarak\\\/tarihce\\\/\",\"name\":\"Tarih\u00e7e - IDEP\",\"isPartOf\":{\"@id\":\"https:\\\/\\\/idep.org.cy\\\/#website\"},\"datePublished\":\"2024-09-24T06:07:56+00:00\",\"dateModified\":\"2025-01-16T13:40:08+00:00\",\"breadcrumb\":{\"@id\":\"https:\\\/\\\/idep.org.cy\\\/tr\\\/fmellp-idep\\\/genel-olarak\\\/tarihce\\\/#breadcrumb\"},\"inLanguage\":\"tr\",\"potentialAction\":[{\"@type\":\"ReadAction\",\"target\":[\"https:\\\/\\\/idep.org.cy\\\/tr\\\/fmellp-idep\\\/genel-olarak\\\/tarihce\\\/\"]}]},{\"@type\":\"BreadcrumbList\",\"@id\":\"https:\\\/\\\/idep.org.cy\\\/tr\\\/fmellp-idep\\\/genel-olarak\\\/tarihce\\\/#breadcrumb\",\"itemListElement\":[{\"@type\":\"ListItem\",\"position\":1,\"name\":\"Home\",\"item\":\"https:\\\/\\\/idep.org.cy\\\/tr\\\/\"},{\"@type\":\"ListItem\",\"position\":2,\"name\":\"IDEP (APYV)\",\"item\":\"https:\\\/\\\/idep.org.cy\\\/tr\\\/fmellp-idep\\\/\"},{\"@type\":\"ListItem\",\"position\":3,\"name\":\"Genel Olarak\",\"item\":\"https:\\\/\\\/idep.org.cy\\\/tr\\\/fmellp-idep\\\/genel-olarak\\\/\"},{\"@type\":\"ListItem\",\"position\":4,\"name\":\"Tarih\u00e7e\"}]},{\"@type\":\"WebSite\",\"@id\":\"https:\\\/\\\/idep.org.cy\\\/#website\",\"url\":\"https:\\\/\\\/idep.org.cy\\\/\",\"name\":\"\u0399\u0394\u0395\u03a0 \u0394\u03b9\u03ac \u0392\u03af\u03bf\u03c5 \u039c\u03ac\u03b8\u03b7\u03c3\u03b7\u03c2\",\"description\":\"\",\"publisher\":{\"@id\":\"https:\\\/\\\/idep.org.cy\\\/#organization\"},\"potentialAction\":[{\"@type\":\"SearchAction\",\"target\":{\"@type\":\"EntryPoint\",\"urlTemplate\":\"https:\\\/\\\/idep.org.cy\\\/?s={search_term_string}\"},\"query-input\":{\"@type\":\"PropertyValueSpecification\",\"valueRequired\":true,\"valueName\":\"search_term_string\"}}],\"inLanguage\":\"tr\"},{\"@type\":\"Organization\",\"@id\":\"https:\\\/\\\/idep.org.cy\\\/#organization\",\"name\":\"\u0399\u0394\u0395\u03a0 \u0394\u03b9\u03ac \u0392\u03af\u03bf\u03c5 \u039c\u03ac\u03b8\u03b7\u03c3\u03b7\u03c2\",\"url\":\"https:\\\/\\\/idep.org.cy\\\/\",\"logo\":{\"@type\":\"ImageObject\",\"inLanguage\":\"tr\",\"@id\":\"https:\\\/\\\/idep.org.cy\\\/#\\\/schema\\\/logo\\\/image\\\/\",\"url\":\"https:\\\/\\\/idep.org.cy\\\/wp-content\\\/uploads\\\/2024\\\/12\\\/IDEP_Logo_en.jpg\",\"contentUrl\":\"https:\\\/\\\/idep.org.cy\\\/wp-content\\\/uploads\\\/2024\\\/12\\\/IDEP_Logo_en.jpg\",\"width\":150,\"height\":150,\"caption\":\"\u0399\u0394\u0395\u03a0 \u0394\u03b9\u03ac \u0392\u03af\u03bf\u03c5 \u039c\u03ac\u03b8\u03b7\u03c3\u03b7\u03c2\"},\"image\":{\"@id\":\"https:\\\/\\\/idep.org.cy\\\/#\\\/schema\\\/logo\\\/image\\\/\"}}]}<\/script>\n<!-- \/ Yoast SEO plugin. -->","yoast_head_json":{"title":"Tarih\u00e7e - IDEP","robots":{"index":"index","follow":"follow","max-snippet":"max-snippet:-1","max-image-preview":"max-image-preview:large","max-video-preview":"max-video-preview:-1"},"canonical":"https:\/\/idep.org.cy\/tr\/fmellp-idep\/genel-olarak\/tarihce\/","og_locale":"tr_TR","og_type":"article","og_title":"Tarih\u00e7e - IDEP","og_description":"1987Erasmus program\u0131, \u00f6\u011frenci hareketlili\u011fi i\u00e7in mali destek sa\u011flamak \u00fczere kurulmu\u015ftur 1989Erasmus \u00f6\u011frencileri, \u00f6\u011frencilere yard\u0131m etmek ve destek olmak i\u00e7in t\u00fcm kat\u0131l\u0131mc\u0131 \u00fclkelerde temsilcilerin bulundu\u011fu ESN a\u011f\u0131n\u0131 kurar 1989Avrupa i\u00e7in Gen\u00e7lik (Youth for Europe) adl\u0131 ilk gen\u00e7lik program\u0131 kabul edildi 1994-1999Comenius, Grundtvig, Lingua, Minerva, Arion, Erasmus ve Eurydice eylemlerini i\u00e7eren SOCRATES program\u0131 haz\u0131rland\u0131. 1994-1999Mesleki e\u011fitim ve&hellip;","og_url":"https:\/\/idep.org.cy\/tr\/fmellp-idep\/genel-olarak\/tarihce\/","og_site_name":"IDEP","article_modified_time":"2025-01-16T13:40:08+00:00","twitter_card":"summary_large_image","twitter_misc":{"Tahmini okuma s\u00fcresi":"2 dakika"},"schema":{"@context":"https:\/\/schema.org","@graph":[{"@type":"WebPage","@id":"https:\/\/idep.org.cy\/tr\/fmellp-idep\/genel-olarak\/tarihce\/","url":"https:\/\/idep.org.cy\/tr\/fmellp-idep\/genel-olarak\/tarihce\/","name":"Tarih\u00e7e - IDEP","isPartOf":{"@id":"https:\/\/idep.org.cy\/#website"},"datePublished":"2024-09-24T06:07:56+00:00","dateModified":"2025-01-16T13:40:08+00:00","breadcrumb":{"@id":"https:\/\/idep.org.cy\/tr\/fmellp-idep\/genel-olarak\/tarihce\/#breadcrumb"},"inLanguage":"tr","potentialAction":[{"@type":"ReadAction","target":["https:\/\/idep.org.cy\/tr\/fmellp-idep\/genel-olarak\/tarihce\/"]}]},{"@type":"BreadcrumbList","@id":"https:\/\/idep.org.cy\/tr\/fmellp-idep\/genel-olarak\/tarihce\/#breadcrumb","itemListElement":[{"@type":"ListItem","position":1,"name":"Home","item":"https:\/\/idep.org.cy\/tr\/"},{"@type":"ListItem","position":2,"name":"IDEP (APYV)","item":"https:\/\/idep.org.cy\/tr\/fmellp-idep\/"},{"@type":"ListItem","position":3,"name":"Genel Olarak","item":"https:\/\/idep.org.cy\/tr\/fmellp-idep\/genel-olarak\/"},{"@type":"ListItem","position":4,"name":"Tarih\u00e7e"}]},{"@type":"WebSite","@id":"https:\/\/idep.org.cy\/#website","url":"https:\/\/idep.org.cy\/","name":"\u0399\u0394\u0395\u03a0 \u0394\u03b9\u03ac \u0392\u03af\u03bf\u03c5 \u039c\u03ac\u03b8\u03b7\u03c3\u03b7\u03c2","description":"","publisher":{"@id":"https:\/\/idep.org.cy\/#organization"},"potentialAction":[{"@type":"SearchAction","target":{"@type":"EntryPoint","urlTemplate":"https:\/\/idep.org.cy\/?s={search_term_string}"},"query-input":{"@type":"PropertyValueSpecification","valueRequired":true,"valueName":"search_term_string"}}],"inLanguage":"tr"},{"@type":"Organization","@id":"https:\/\/idep.org.cy\/#organization","name":"\u0399\u0394\u0395\u03a0 \u0394\u03b9\u03ac \u0392\u03af\u03bf\u03c5 \u039c\u03ac\u03b8\u03b7\u03c3\u03b7\u03c2","url":"https:\/\/idep.org.cy\/","logo":{"@type":"ImageObject","inLanguage":"tr","@id":"https:\/\/idep.org.cy\/#\/schema\/logo\/image\/","url":"https:\/\/idep.org.cy\/wp-content\/uploads\/2024\/12\/IDEP_Logo_en.jpg","contentUrl":"https:\/\/idep.org.cy\/wp-content\/uploads\/2024\/12\/IDEP_Logo_en.jpg","width":150,"height":150,"caption":"\u0399\u0394\u0395\u03a0 \u0394\u03b9\u03ac \u0392\u03af\u03bf\u03c5 \u039c\u03ac\u03b8\u03b7\u03c3\u03b7\u03c2"},"image":{"@id":"https:\/\/idep.org.cy\/#\/schema\/logo\/image\/"}}]}},"_links":{"self":[{"href":"https:\/\/idep.org.cy\/tr\/wp-json\/wp\/v2\/pages\/10142","targetHints":{"allow":["GET"]}}],"collection":[{"href":"https:\/\/idep.org.cy\/tr\/wp-json\/wp\/v2\/pages"}],"about":[{"href":"https:\/\/idep.org.cy\/tr\/wp-json\/wp\/v2\/types\/page"}],"author":[{"embeddable":true,"href":"https:\/\/idep.org.cy\/tr\/wp-json\/wp\/v2\/users\/1"}],"replies":[{"embeddable":true,"href":"https:\/\/idep.org.cy\/tr\/wp-json\/wp\/v2\/comments?post=10142"}],"version-history":[{"count":4,"href":"https:\/\/idep.org.cy\/tr\/wp-json\/wp\/v2\/pages\/10142\/revisions"}],"predecessor-version":[{"id":10413,"href":"https:\/\/idep.org.cy\/tr\/wp-json\/wp\/v2\/pages\/10142\/revisions\/10413"}],"up":[{"embeddable":true,"href":"https:\/\/idep.org.cy\/tr\/wp-json\/wp\/v2\/pages\/10139"}],"wp:attachment":[{"href":"https:\/\/idep.org.cy\/tr\/wp-json\/wp\/v2\/media?parent=10142"}],"curies":[{"name":"wp","href":"https:\/\/api.w.org\/{rel}","templated":true}]}}