{"id":10144,"date":"2023-11-27T15:45:42","date_gmt":"2023-11-27T13:45:42","guid":{"rendered":"https:\/\/idep.org.cy\/?page_id=10144"},"modified":"2025-01-16T15:46:47","modified_gmt":"2025-01-16T13:46:47","slug":"baskandan-selamlar","status":"publish","type":"page","link":"https:\/\/idep.org.cy\/tr\/fmellp-idep\/yonetim-kurulu\/baskandan-selamlar\/","title":{"rendered":"Ba\u015fkandan selamlar"},"content":{"rendered":"\t\t<div data-elementor-type=\"wp-page\" data-elementor-id=\"10144\" class=\"elementor elementor-10144 elementor-6713\" data-elementor-post-type=\"page\">\n\t\t\t\t<div class=\"elementor-element elementor-element-176e540f e-flex e-con-boxed e-con e-parent\" data-id=\"176e540f\" data-element_type=\"container\" data-e-type=\"container\">\n\t\t\t\t\t<div class=\"e-con-inner\">\n\t\t\t\t<div class=\"elementor-element elementor-element-683140f5 elementor-widget elementor-widget-text-editor\" data-id=\"683140f5\" data-element_type=\"widget\" data-e-type=\"widget\" data-widget_type=\"text-editor.default\">\n\t\t\t\t<div class=\"elementor-widget-container\">\n\t\t\t\t\t\t\t\t\t<p><strong><img fetchpriority=\"high\" decoding=\"async\" class=\"alignright wp-image-8807 size-full\" src=\"https:\/\/idep.org.cy\/wp-content\/uploads\/2024\/11\/Pashiardis_1.jpg\" alt=\"\" width=\"272\" height=\"300\" \/><\/strong><\/p><p><strong>IDEP Hayat Boyu \u00d6\u011frenme Vakf\u0131n\u0131n Y\u00f6netim Kurulu Ba\u015fkan\u0131&#8217;n\u0131n Mesaj\u0131 <\/strong><\/p><p>Sevgili dostlar ve ortaklar,<\/p><p>IDEP Hayat Boyu \u00d6\u011frenme Vakf\u0131&#8217;n\u0131n web sitesine ho\u015f geldiniz. IDEP, kuruldu\u011fu 2007 y\u0131l\u0131ndan bu yana Erasmus+ Avrupa Program\u0131n\u0131n (E\u011fitim ve \u00d6\u011fretim sekt\u00f6rleri) y\u00f6netiminden sorumlu K\u0131br\u0131s Cumhuriyeti Ulusal Ajans\u0131d\u0131r. Bakanlar Kurulu karar\u0131yla, 2024 y\u0131l\u0131ndan itibaren Avrupa Dayan\u0131\u015fma Program\u0131 ve Erasmus+ Program\u0131n\u0131n Gen\u00e7lik sekt\u00f6r\u00fcn\u00fcn y\u00f6netimini de devralm\u0131\u015ft\u0131r.<\/p><p>H\u0131zla geli\u015fen ve de\u011fi\u015fen bir d\u00fcnyada, hayat boyu \u00f6\u011frenmenin te\u015fvik edilmesi her bireyin ki\u015fisel ve mesleki geli\u015fimi i\u00e7in bir \u00f6nceliktir. Erasmus+ programlar\u0131 ve Avrupa Dayan\u0131\u015fma Program\u0131, K\u0131br\u0131s halk\u0131na sadece kendi ulusal s\u0131n\u0131rlar\u0131 i\u00e7erisinde de\u011fil, bu s\u0131n\u0131rlar\u0131n \u00f6tesinde de kar\u015f\u0131la\u015fabilecekleri zorluklarla ba\u015f edebilmelerini sa\u011flayacak bilgi ve becerileri edinme f\u0131rsatlar\u0131 sunmaktad\u0131r.\u00a0<\/p><p>Her zaman kaliteye \u00f6nem veren ICF Y\u00f6netim Kurulu, Y\u00f6netimi ve personeli, K\u0131br\u0131s&#8217;taki her payda\u015f\u0131n ihtiya\u00e7 duydu\u011fu destek ve rehberli\u011fi almas\u0131n\u0131 sa\u011flamak i\u00e7in \u00e7ok \u00e7al\u0131\u015fmaktad\u0131r. Ayn\u0131 zamanda, K\u0131br\u0131s&#8217;a tahsis edilen fonlar\u0131n en rasyonel \u015fekilde y\u00f6netilmesini sa\u011flamak i\u00e7in hem Avrupa hem de ulusal d\u00fczeyde olu\u015fturulan \u015feffaf ve tarafs\u0131z prosed\u00fcrlere \u00f6nem verilmektedir.<\/p><p>Sizi Erasmus+ ve Avrupa Dayan\u0131\u015fma Birli\u011fi programlar\u0131 arac\u0131l\u0131\u011f\u0131yla finansman f\u0131rsatlar\u0131n\u0131 ke\u015ffetmek i\u00e7in web sitemizi ke\u015ffetmeye davet ediyoruz.<\/p><p>\u0130htiyac\u0131n\u0131z olan \u015fey hakk\u0131nda sizi bilgilendirmek ve ayn\u0131 zamanda y\u00f6netti\u011fimiz Programlara kat\u0131l\u0131rken sonraki yolunuzda size destek olmak i\u00e7in hizmetinizdeyiz.<\/p><p>Profes\u00f6r Petros Pasiardis<\/p><p>Hayat Boyu \u00d6\u011frenme Vakf\u0131 Y\u00f6netim Kurulu Ba\u015fkan\u0131<\/p>\t\t\t\t\t\t\t\t<\/div>\n\t\t\t\t<\/div>\n\t\t\t\t\t<\/div>\n\t\t\t\t<\/div>\n\t\t\t\t<\/div>\n\t\t","protected":false},"excerpt":{"rendered":"<p>IDEP Hayat Boyu \u00d6\u011frenme Vakf\u0131n\u0131n Y\u00f6netim Kurulu Ba\u015fkan\u0131&#8217;n\u0131n Mesaj\u0131 Sevgili dostlar ve ortaklar, IDEP Hayat Boyu \u00d6\u011frenme Vakf\u0131&#8217;n\u0131n web sitesine ho\u015f geldiniz. IDEP, kuruldu\u011fu 2007 y\u0131l\u0131ndan bu yana Erasmus+ Avrupa Program\u0131n\u0131n (E\u011fitim ve \u00d6\u011fretim sekt\u00f6rleri) y\u00f6netiminden sorumlu K\u0131br\u0131s Cumhuriyeti Ulusal Ajans\u0131d\u0131r. Bakanlar Kurulu karar\u0131yla, 2024 y\u0131l\u0131ndan itibaren Avrupa Dayan\u0131\u015fma Program\u0131 ve Erasmus+ Program\u0131n\u0131n Gen\u00e7lik sekt\u00f6r\u00fcn\u00fcn&hellip;<\/p>\n","protected":false},"author":1,"featured_media":0,"parent":10143,"menu_order":52,"comment_status":"closed","ping_status":"closed","template":"","meta":{"footnotes":""},"class_list":["post-10144","page","type-page","status-publish","hentry"],"yoast_head":"<!-- This site is optimized with the Yoast SEO plugin v27.4 - https:\/\/yoast.com\/product\/yoast-seo-wordpress\/ -->\n<title>Ba\u015fkandan selamlar - IDEP<\/title>\n<meta name=\"robots\" content=\"index, follow, max-snippet:-1, max-image-preview:large, max-video-preview:-1\" \/>\n<link rel=\"canonical\" href=\"https:\/\/idep.org.cy\/tr\/fmellp-idep\/yonetim-kurulu\/baskandan-selamlar\/\" \/>\n<meta property=\"og:locale\" content=\"tr_TR\" \/>\n<meta property=\"og:type\" content=\"article\" \/>\n<meta property=\"og:title\" content=\"Ba\u015fkandan selamlar - IDEP\" \/>\n<meta property=\"og:description\" content=\"IDEP Hayat Boyu \u00d6\u011frenme Vakf\u0131n\u0131n Y\u00f6netim Kurulu Ba\u015fkan\u0131&#8217;n\u0131n Mesaj\u0131 Sevgili dostlar ve ortaklar, IDEP Hayat Boyu \u00d6\u011frenme Vakf\u0131&#8217;n\u0131n web sitesine ho\u015f geldiniz. IDEP, kuruldu\u011fu 2007 y\u0131l\u0131ndan bu yana Erasmus+ Avrupa Program\u0131n\u0131n (E\u011fitim ve \u00d6\u011fretim sekt\u00f6rleri) y\u00f6netiminden sorumlu K\u0131br\u0131s Cumhuriyeti Ulusal Ajans\u0131d\u0131r. Bakanlar Kurulu karar\u0131yla, 2024 y\u0131l\u0131ndan itibaren Avrupa Dayan\u0131\u015fma Program\u0131 ve Erasmus+ Program\u0131n\u0131n Gen\u00e7lik sekt\u00f6r\u00fcn\u00fcn&hellip;\" \/>\n<meta property=\"og:url\" content=\"https:\/\/idep.org.cy\/tr\/fmellp-idep\/yonetim-kurulu\/baskandan-selamlar\/\" \/>\n<meta property=\"og:site_name\" content=\"IDEP\" \/>\n<meta property=\"article:modified_time\" content=\"2025-01-16T13:46:47+00:00\" \/>\n<meta property=\"og:image\" content=\"https:\/\/idep.org.cy\/wp-content\/uploads\/2024\/11\/Pashiardis_1.jpg\" \/>\n<meta name=\"twitter:card\" content=\"summary_large_image\" \/>\n<meta name=\"twitter:label1\" content=\"Tahmini okuma s\u00fcresi\" \/>\n\t<meta name=\"twitter:data1\" content=\"1 dakika\" \/>\n<script type=\"application\/ld+json\" class=\"yoast-schema-graph\">{\"@context\":\"https:\\\/\\\/schema.org\",\"@graph\":[{\"@type\":\"WebPage\",\"@id\":\"https:\\\/\\\/idep.org.cy\\\/tr\\\/fmellp-idep\\\/yonetim-kurulu\\\/baskandan-selamlar\\\/\",\"url\":\"https:\\\/\\\/idep.org.cy\\\/tr\\\/fmellp-idep\\\/yonetim-kurulu\\\/baskandan-selamlar\\\/\",\"name\":\"Ba\u015fkandan selamlar - IDEP\",\"isPartOf\":{\"@id\":\"https:\\\/\\\/idep.org.cy\\\/#website\"},\"primaryImageOfPage\":{\"@id\":\"https:\\\/\\\/idep.org.cy\\\/tr\\\/fmellp-idep\\\/yonetim-kurulu\\\/baskandan-selamlar\\\/#primaryimage\"},\"image\":{\"@id\":\"https:\\\/\\\/idep.org.cy\\\/tr\\\/fmellp-idep\\\/yonetim-kurulu\\\/baskandan-selamlar\\\/#primaryimage\"},\"thumbnailUrl\":\"https:\\\/\\\/idep.org.cy\\\/wp-content\\\/uploads\\\/2024\\\/11\\\/Pashiardis_1.jpg\",\"datePublished\":\"2023-11-27T13:45:42+00:00\",\"dateModified\":\"2025-01-16T13:46:47+00:00\",\"breadcrumb\":{\"@id\":\"https:\\\/\\\/idep.org.cy\\\/tr\\\/fmellp-idep\\\/yonetim-kurulu\\\/baskandan-selamlar\\\/#breadcrumb\"},\"inLanguage\":\"tr\",\"potentialAction\":[{\"@type\":\"ReadAction\",\"target\":[\"https:\\\/\\\/idep.org.cy\\\/tr\\\/fmellp-idep\\\/yonetim-kurulu\\\/baskandan-selamlar\\\/\"]}]},{\"@type\":\"ImageObject\",\"inLanguage\":\"tr\",\"@id\":\"https:\\\/\\\/idep.org.cy\\\/tr\\\/fmellp-idep\\\/yonetim-kurulu\\\/baskandan-selamlar\\\/#primaryimage\",\"url\":\"https:\\\/\\\/idep.org.cy\\\/wp-content\\\/uploads\\\/2024\\\/11\\\/Pashiardis_1.jpg\",\"contentUrl\":\"https:\\\/\\\/idep.org.cy\\\/wp-content\\\/uploads\\\/2024\\\/11\\\/Pashiardis_1.jpg\"},{\"@type\":\"BreadcrumbList\",\"@id\":\"https:\\\/\\\/idep.org.cy\\\/tr\\\/fmellp-idep\\\/yonetim-kurulu\\\/baskandan-selamlar\\\/#breadcrumb\",\"itemListElement\":[{\"@type\":\"ListItem\",\"position\":1,\"name\":\"Home\",\"item\":\"https:\\\/\\\/idep.org.cy\\\/tr\\\/\"},{\"@type\":\"ListItem\",\"position\":2,\"name\":\"IDEP (APYV)\",\"item\":\"https:\\\/\\\/idep.org.cy\\\/tr\\\/fmellp-idep\\\/\"},{\"@type\":\"ListItem\",\"position\":3,\"name\":\"Y\u00f6netim Kurulu\",\"item\":\"https:\\\/\\\/idep.org.cy\\\/tr\\\/fmellp-idep\\\/yonetim-kurulu\\\/\"},{\"@type\":\"ListItem\",\"position\":4,\"name\":\"Ba\u015fkandan selamlar\"}]},{\"@type\":\"WebSite\",\"@id\":\"https:\\\/\\\/idep.org.cy\\\/#website\",\"url\":\"https:\\\/\\\/idep.org.cy\\\/\",\"name\":\"\u0399\u0394\u0395\u03a0 \u0394\u03b9\u03ac \u0392\u03af\u03bf\u03c5 \u039c\u03ac\u03b8\u03b7\u03c3\u03b7\u03c2\",\"description\":\"\",\"publisher\":{\"@id\":\"https:\\\/\\\/idep.org.cy\\\/#organization\"},\"potentialAction\":[{\"@type\":\"SearchAction\",\"target\":{\"@type\":\"EntryPoint\",\"urlTemplate\":\"https:\\\/\\\/idep.org.cy\\\/?s={search_term_string}\"},\"query-input\":{\"@type\":\"PropertyValueSpecification\",\"valueRequired\":true,\"valueName\":\"search_term_string\"}}],\"inLanguage\":\"tr\"},{\"@type\":\"Organization\",\"@id\":\"https:\\\/\\\/idep.org.cy\\\/#organization\",\"name\":\"\u0399\u0394\u0395\u03a0 \u0394\u03b9\u03ac \u0392\u03af\u03bf\u03c5 \u039c\u03ac\u03b8\u03b7\u03c3\u03b7\u03c2\",\"url\":\"https:\\\/\\\/idep.org.cy\\\/\",\"logo\":{\"@type\":\"ImageObject\",\"inLanguage\":\"tr\",\"@id\":\"https:\\\/\\\/idep.org.cy\\\/#\\\/schema\\\/logo\\\/image\\\/\",\"url\":\"https:\\\/\\\/idep.org.cy\\\/wp-content\\\/uploads\\\/2024\\\/12\\\/IDEP_Logo_en.jpg\",\"contentUrl\":\"https:\\\/\\\/idep.org.cy\\\/wp-content\\\/uploads\\\/2024\\\/12\\\/IDEP_Logo_en.jpg\",\"width\":150,\"height\":150,\"caption\":\"\u0399\u0394\u0395\u03a0 \u0394\u03b9\u03ac \u0392\u03af\u03bf\u03c5 \u039c\u03ac\u03b8\u03b7\u03c3\u03b7\u03c2\"},\"image\":{\"@id\":\"https:\\\/\\\/idep.org.cy\\\/#\\\/schema\\\/logo\\\/image\\\/\"}}]}<\/script>\n<!-- \/ Yoast SEO plugin. -->","yoast_head_json":{"title":"Ba\u015fkandan selamlar - IDEP","robots":{"index":"index","follow":"follow","max-snippet":"max-snippet:-1","max-image-preview":"max-image-preview:large","max-video-preview":"max-video-preview:-1"},"canonical":"https:\/\/idep.org.cy\/tr\/fmellp-idep\/yonetim-kurulu\/baskandan-selamlar\/","og_locale":"tr_TR","og_type":"article","og_title":"Ba\u015fkandan selamlar - IDEP","og_description":"IDEP Hayat Boyu \u00d6\u011frenme Vakf\u0131n\u0131n Y\u00f6netim Kurulu Ba\u015fkan\u0131&#8217;n\u0131n Mesaj\u0131 Sevgili dostlar ve ortaklar, IDEP Hayat Boyu \u00d6\u011frenme Vakf\u0131&#8217;n\u0131n web sitesine ho\u015f geldiniz. IDEP, kuruldu\u011fu 2007 y\u0131l\u0131ndan bu yana Erasmus+ Avrupa Program\u0131n\u0131n (E\u011fitim ve \u00d6\u011fretim sekt\u00f6rleri) y\u00f6netiminden sorumlu K\u0131br\u0131s Cumhuriyeti Ulusal Ajans\u0131d\u0131r. Bakanlar Kurulu karar\u0131yla, 2024 y\u0131l\u0131ndan itibaren Avrupa Dayan\u0131\u015fma Program\u0131 ve Erasmus+ Program\u0131n\u0131n Gen\u00e7lik sekt\u00f6r\u00fcn\u00fcn&hellip;","og_url":"https:\/\/idep.org.cy\/tr\/fmellp-idep\/yonetim-kurulu\/baskandan-selamlar\/","og_site_name":"IDEP","article_modified_time":"2025-01-16T13:46:47+00:00","og_image":[{"url":"https:\/\/idep.org.cy\/wp-content\/uploads\/2024\/11\/Pashiardis_1.jpg","type":"","width":"","height":""}],"twitter_card":"summary_large_image","twitter_misc":{"Tahmini okuma s\u00fcresi":"1 dakika"},"schema":{"@context":"https:\/\/schema.org","@graph":[{"@type":"WebPage","@id":"https:\/\/idep.org.cy\/tr\/fmellp-idep\/yonetim-kurulu\/baskandan-selamlar\/","url":"https:\/\/idep.org.cy\/tr\/fmellp-idep\/yonetim-kurulu\/baskandan-selamlar\/","name":"Ba\u015fkandan selamlar - IDEP","isPartOf":{"@id":"https:\/\/idep.org.cy\/#website"},"primaryImageOfPage":{"@id":"https:\/\/idep.org.cy\/tr\/fmellp-idep\/yonetim-kurulu\/baskandan-selamlar\/#primaryimage"},"image":{"@id":"https:\/\/idep.org.cy\/tr\/fmellp-idep\/yonetim-kurulu\/baskandan-selamlar\/#primaryimage"},"thumbnailUrl":"https:\/\/idep.org.cy\/wp-content\/uploads\/2024\/11\/Pashiardis_1.jpg","datePublished":"2023-11-27T13:45:42+00:00","dateModified":"2025-01-16T13:46:47+00:00","breadcrumb":{"@id":"https:\/\/idep.org.cy\/tr\/fmellp-idep\/yonetim-kurulu\/baskandan-selamlar\/#breadcrumb"},"inLanguage":"tr","potentialAction":[{"@type":"ReadAction","target":["https:\/\/idep.org.cy\/tr\/fmellp-idep\/yonetim-kurulu\/baskandan-selamlar\/"]}]},{"@type":"ImageObject","inLanguage":"tr","@id":"https:\/\/idep.org.cy\/tr\/fmellp-idep\/yonetim-kurulu\/baskandan-selamlar\/#primaryimage","url":"https:\/\/idep.org.cy\/wp-content\/uploads\/2024\/11\/Pashiardis_1.jpg","contentUrl":"https:\/\/idep.org.cy\/wp-content\/uploads\/2024\/11\/Pashiardis_1.jpg"},{"@type":"BreadcrumbList","@id":"https:\/\/idep.org.cy\/tr\/fmellp-idep\/yonetim-kurulu\/baskandan-selamlar\/#breadcrumb","itemListElement":[{"@type":"ListItem","position":1,"name":"Home","item":"https:\/\/idep.org.cy\/tr\/"},{"@type":"ListItem","position":2,"name":"IDEP (APYV)","item":"https:\/\/idep.org.cy\/tr\/fmellp-idep\/"},{"@type":"ListItem","position":3,"name":"Y\u00f6netim Kurulu","item":"https:\/\/idep.org.cy\/tr\/fmellp-idep\/yonetim-kurulu\/"},{"@type":"ListItem","position":4,"name":"Ba\u015fkandan selamlar"}]},{"@type":"WebSite","@id":"https:\/\/idep.org.cy\/#website","url":"https:\/\/idep.org.cy\/","name":"\u0399\u0394\u0395\u03a0 \u0394\u03b9\u03ac \u0392\u03af\u03bf\u03c5 \u039c\u03ac\u03b8\u03b7\u03c3\u03b7\u03c2","description":"","publisher":{"@id":"https:\/\/idep.org.cy\/#organization"},"potentialAction":[{"@type":"SearchAction","target":{"@type":"EntryPoint","urlTemplate":"https:\/\/idep.org.cy\/?s={search_term_string}"},"query-input":{"@type":"PropertyValueSpecification","valueRequired":true,"valueName":"search_term_string"}}],"inLanguage":"tr"},{"@type":"Organization","@id":"https:\/\/idep.org.cy\/#organization","name":"\u0399\u0394\u0395\u03a0 \u0394\u03b9\u03ac \u0392\u03af\u03bf\u03c5 \u039c\u03ac\u03b8\u03b7\u03c3\u03b7\u03c2","url":"https:\/\/idep.org.cy\/","logo":{"@type":"ImageObject","inLanguage":"tr","@id":"https:\/\/idep.org.cy\/#\/schema\/logo\/image\/","url":"https:\/\/idep.org.cy\/wp-content\/uploads\/2024\/12\/IDEP_Logo_en.jpg","contentUrl":"https:\/\/idep.org.cy\/wp-content\/uploads\/2024\/12\/IDEP_Logo_en.jpg","width":150,"height":150,"caption":"\u0399\u0394\u0395\u03a0 \u0394\u03b9\u03ac \u0392\u03af\u03bf\u03c5 \u039c\u03ac\u03b8\u03b7\u03c3\u03b7\u03c2"},"image":{"@id":"https:\/\/idep.org.cy\/#\/schema\/logo\/image\/"}}]}},"_links":{"self":[{"href":"https:\/\/idep.org.cy\/tr\/wp-json\/wp\/v2\/pages\/10144","targetHints":{"allow":["GET"]}}],"collection":[{"href":"https:\/\/idep.org.cy\/tr\/wp-json\/wp\/v2\/pages"}],"about":[{"href":"https:\/\/idep.org.cy\/tr\/wp-json\/wp\/v2\/types\/page"}],"author":[{"embeddable":true,"href":"https:\/\/idep.org.cy\/tr\/wp-json\/wp\/v2\/users\/1"}],"replies":[{"embeddable":true,"href":"https:\/\/idep.org.cy\/tr\/wp-json\/wp\/v2\/comments?post=10144"}],"version-history":[{"count":4,"href":"https:\/\/idep.org.cy\/tr\/wp-json\/wp\/v2\/pages\/10144\/revisions"}],"predecessor-version":[{"id":10425,"href":"https:\/\/idep.org.cy\/tr\/wp-json\/wp\/v2\/pages\/10144\/revisions\/10425"}],"up":[{"embeddable":true,"href":"https:\/\/idep.org.cy\/tr\/wp-json\/wp\/v2\/pages\/10143"}],"wp:attachment":[{"href":"https:\/\/idep.org.cy\/tr\/wp-json\/wp\/v2\/media?parent=10144"}],"curies":[{"name":"wp","href":"https:\/\/api.w.org\/{rel}","templated":true}]}}