{"id":10149,"date":"2024-10-15T16:12:33","date_gmt":"2024-10-15T13:12:33","guid":{"rendered":"https:\/\/idep.org.cy\/?page_id=10149"},"modified":"2025-03-27T12:52:24","modified_gmt":"2025-03-27T10:52:24","slug":"saglik-ve-guvenlik-politikamiz","status":"publish","type":"page","link":"https:\/\/idep.org.cy\/tr\/fmellp-idep\/idep-apyvin-politikalari-stratejileri\/saglik-ve-guvenlik-politikamiz\/","title":{"rendered":"Sa\u011fl\u0131k ve G\u00fcvenlik Politikam\u0131z"},"content":{"rendered":"\t\t<div data-elementor-type=\"wp-page\" data-elementor-id=\"10149\" class=\"elementor elementor-10149 elementor-8539\" data-elementor-post-type=\"page\">\n\t\t\t\t<div class=\"elementor-element elementor-element-0a56472 e-grid e-con-boxed e-con e-parent\" data-id=\"0a56472\" data-element_type=\"container\" data-e-type=\"container\">\n\t\t\t\t\t<div class=\"e-con-inner\">\n\t\t\t\t<div class=\"elementor-element elementor-element-45aeec4 elementor-widget elementor-widget-text-editor\" data-id=\"45aeec4\" data-element_type=\"widget\" data-e-type=\"widget\" data-widget_type=\"text-editor.default\">\n\t\t\t\t<div class=\"elementor-widget-container\">\n\t\t\t\t\t\t\t\t\t<h3><strong>Sa\u011fl\u0131k ve G\u00fcvenlik Politikas\u0131<\/strong><\/h3><p>Avrupa Hayat Boyu Programlar\u0131 Y\u00f6netim Vakf\u0131 (EDIP), K\u0131br\u0131sl\u0131 yararlan\u0131c\u0131lar\u0131n E\u011fitim, \u00d6\u011fretim ve Spor alan\u0131ndaki Avrupa Programlar\u0131na kat\u0131l\u0131m\u0131 i\u00e7in Avrupa Komisyonu taraf\u0131ndan K\u0131br\u0131s&#8217;a verilen fonlar\u0131n y\u00f6netiminde faaliyet g\u00f6stermektedir.<\/p><p>Avrupa Hayatboyu \u00d6\u011frenme Programlar\u0131 Y\u00f6netimi Vakf\u0131 (EDIP), \u00e7al\u0131\u015fanlar, alt y\u00fckleniciler, ortaklar, ziyaret\u00e7iler ve vakf\u0131n faaliyetlerinden etkilenen di\u011fer ki\u015filer i\u00e7in g\u00fcvenli bir ortam yaratmak amac\u0131yla i\u015fyerinde uygun bir Sa\u011fl\u0131k ve G\u00fcvenlik (S&amp;G) Sistemi kurma ve uygulama taahh\u00fcd\u00fcn\u00fc beyan eder.<\/p><p>Avrupa Hayat Boyu \u00d6\u011frenme Programlar\u0131 Y\u00f6netim Vakf\u0131 (IDEP) Y\u00f6netimi, olumlu bir k\u00fclt\u00fcr olu\u015fturmak i\u00e7in bir S&amp;G Sisteminin kurulmas\u0131 ve uygulanmas\u0131nda aktif olarak yer almaktad\u0131r:<\/p>\t\t\t\t\t\t\t\t<\/div>\n\t\t\t\t<\/div>\n\t\t\t\t<div class=\"elementor-element elementor-element-7482093 elementor-icon-list--layout-traditional elementor-list-item-link-full_width elementor-widget elementor-widget-icon-list\" data-id=\"7482093\" data-element_type=\"widget\" data-e-type=\"widget\" data-widget_type=\"icon-list.default\">\n\t\t\t\t<div class=\"elementor-widget-container\">\n\t\t\t\t\t\t\t<ul class=\"elementor-icon-list-items\">\n\t\t\t\t\t\t\t<li class=\"elementor-icon-list-item\">\n\t\t\t\t\t\t\t\t\t\t\t<span class=\"elementor-icon-list-icon\">\n\t\t\t\t\t\t\t<svg aria-hidden=\"true\" class=\"e-font-icon-svg e-far-arrow-alt-circle-right\" viewBox=\"0 0 512 512\" xmlns=\"http:\/\/www.w3.org\/2000\/svg\"><path d=\"M504 256C504 119 393 8 256 8S8 119 8 256s111 248 248 248 248-111 248-248zm-448 0c0-110.5 89.5-200 200-200s200 89.5 200 200-89.5 200-200 200S56 366.5 56 256zm72 20v-40c0-6.6 5.4-12 12-12h116v-67c0-10.7 12.9-16 20.5-8.5l99 99c4.7 4.7 4.7 12.3 0 17l-99 99c-7.6 7.6-20.5 2.2-20.5-8.5v-67H140c-6.6 0-12-5.4-12-12z\"><\/path><\/svg>\t\t\t\t\t\t<\/span>\n\t\t\t\t\t\t\t\t\t\t<span class=\"elementor-icon-list-text\">G\u00fcvenli ve sa\u011fl\u0131kl\u0131 bir \u00e7al\u0131\u015fma ortam\u0131 sa\u011flamak.<\/span>\n\t\t\t\t\t\t\t\t\t<\/li>\n\t\t\t\t\t\t\t\t<li class=\"elementor-icon-list-item\">\n\t\t\t\t\t\t\t\t\t\t\t<span class=\"elementor-icon-list-icon\">\n\t\t\t\t\t\t\t<svg aria-hidden=\"true\" class=\"e-font-icon-svg e-far-arrow-alt-circle-right\" viewBox=\"0 0 512 512\" xmlns=\"http:\/\/www.w3.org\/2000\/svg\"><path d=\"M504 256C504 119 393 8 256 8S8 119 8 256s111 248 248 248 248-111 248-248zm-448 0c0-110.5 89.5-200 200-200s200 89.5 200 200-89.5 200-200 200S56 366.5 56 256zm72 20v-40c0-6.6 5.4-12 12-12h116v-67c0-10.7 12.9-16 20.5-8.5l99 99c4.7 4.7 4.7 12.3 0 17l-99 99c-7.6 7.6-20.5 2.2-20.5-8.5v-67H140c-6.6 0-12-5.4-12-12z\"><\/path><\/svg>\t\t\t\t\t\t<\/span>\n\t\t\t\t\t\t\t\t\t\t<span class=\"elementor-icon-list-text\">Altyap\u0131n\u0131n bak\u0131m\u0131n\u0131n yap\u0131lmas\u0131n\u0131 ve g\u00fcvenli olan ve kimsenin sa\u011fl\u0131\u011f\u0131n\u0131 tehlikeye atmayan uygun i\u015f ekipman\u0131n\u0131n temin edilmesini sa\u011flamak.<\/span>\n\t\t\t\t\t\t\t\t\t<\/li>\n\t\t\t\t\t\t\t\t<li class=\"elementor-icon-list-item\">\n\t\t\t\t\t\t\t\t\t\t\t<span class=\"elementor-icon-list-icon\">\n\t\t\t\t\t\t\t<svg aria-hidden=\"true\" class=\"e-font-icon-svg e-far-arrow-alt-circle-right\" viewBox=\"0 0 512 512\" xmlns=\"http:\/\/www.w3.org\/2000\/svg\"><path d=\"M504 256C504 119 393 8 256 8S8 119 8 256s111 248 248 248 248-111 248-248zm-448 0c0-110.5 89.5-200 200-200s200 89.5 200 200-89.5 200-200 200S56 366.5 56 256zm72 20v-40c0-6.6 5.4-12 12-12h116v-67c0-10.7 12.9-16 20.5-8.5l99 99c4.7 4.7 4.7 12.3 0 17l-99 99c-7.6 7.6-20.5 2.2-20.5-8.5v-67H140c-6.6 0-12-5.4-12-12z\"><\/path><\/svg>\t\t\t\t\t\t<\/span>\n\t\t\t\t\t\t\t\t\t\t<span class=\"elementor-icon-list-text\">S&amp;G sisteminin Kurumun operasyonel s\u00fcre\u00e7lerine entegre edilmesini sa\u011flamak<\/span>\n\t\t\t\t\t\t\t\t\t<\/li>\n\t\t\t\t\t\t\t\t<li class=\"elementor-icon-list-item\">\n\t\t\t\t\t\t\t\t\t\t\t<span class=\"elementor-icon-list-icon\">\n\t\t\t\t\t\t\t<svg aria-hidden=\"true\" class=\"e-font-icon-svg e-far-arrow-alt-circle-right\" viewBox=\"0 0 512 512\" xmlns=\"http:\/\/www.w3.org\/2000\/svg\"><path d=\"M504 256C504 119 393 8 256 8S8 119 8 256s111 248 248 248 248-111 248-248zm-448 0c0-110.5 89.5-200 200-200s200 89.5 200 200-89.5 200-200 200S56 366.5 56 256zm72 20v-40c0-6.6 5.4-12 12-12h116v-67c0-10.7 12.9-16 20.5-8.5l99 99c4.7 4.7 4.7 12.3 0 17l-99 99c-7.6 7.6-20.5 2.2-20.5-8.5v-67H140c-6.6 0-12-5.4-12-12z\"><\/path><\/svg>\t\t\t\t\t\t<\/span>\n\t\t\t\t\t\t\t\t\t\t<span class=\"elementor-icon-list-text\">S&amp;G konular\u0131nda dahili, harici ve kurulu\u015fun faaliyetlerinin her seviyesinde ileti\u015fim kanallar\u0131n\u0131n sa\u011flanmas\u0131.<\/span>\n\t\t\t\t\t\t\t\t\t<\/li>\n\t\t\t\t\t\t\t\t<li class=\"elementor-icon-list-item\">\n\t\t\t\t\t\t\t\t\t\t\t<span class=\"elementor-icon-list-icon\">\n\t\t\t\t\t\t\t<svg aria-hidden=\"true\" class=\"e-font-icon-svg e-far-arrow-alt-circle-right\" viewBox=\"0 0 512 512\" xmlns=\"http:\/\/www.w3.org\/2000\/svg\"><path d=\"M504 256C504 119 393 8 256 8S8 119 8 256s111 248 248 248 248-111 248-248zm-448 0c0-110.5 89.5-200 200-200s200 89.5 200 200-89.5 200-200 200S56 366.5 56 256zm72 20v-40c0-6.6 5.4-12 12-12h116v-67c0-10.7 12.9-16 20.5-8.5l99 99c4.7 4.7 4.7 12.3 0 17l-99 99c-7.6 7.6-20.5 2.2-20.5-8.5v-67H140c-6.6 0-12-5.4-12-12z\"><\/path><\/svg>\t\t\t\t\t\t<\/span>\n\t\t\t\t\t\t\t\t\t\t<span class=\"elementor-icon-list-text\">\u00c7al\u0131\u015fanlar\u0131n S&amp;G konular\u0131nda kat\u0131l\u0131m\u0131n\u0131 ve isti\u015faresini te\u015fvik etmek ve G\u00fcvenlik Komitesini desteklemek.<\/span>\n\t\t\t\t\t\t\t\t\t<\/li>\n\t\t\t\t\t\t\t\t<li class=\"elementor-icon-list-item\">\n\t\t\t\t\t\t\t\t\t\t\t<span class=\"elementor-icon-list-icon\">\n\t\t\t\t\t\t\t<svg aria-hidden=\"true\" class=\"e-font-icon-svg e-far-arrow-alt-circle-right\" viewBox=\"0 0 512 512\" xmlns=\"http:\/\/www.w3.org\/2000\/svg\"><path d=\"M504 256C504 119 393 8 256 8S8 119 8 256s111 248 248 248 248-111 248-248zm-448 0c0-110.5 89.5-200 200-200s200 89.5 200 200-89.5 200-200 200S56 366.5 56 256zm72 20v-40c0-6.6 5.4-12 12-12h116v-67c0-10.7 12.9-16 20.5-8.5l99 99c4.7 4.7 4.7 12.3 0 17l-99 99c-7.6 7.6-20.5 2.2-20.5-8.5v-67H140c-6.6 0-12-5.4-12-12z\"><\/path><\/svg>\t\t\t\t\t\t<\/span>\n\t\t\t\t\t\t\t\t\t\t<span class=\"elementor-icon-list-text\">\u00c7al\u0131\u015fanlar\u0131n ve i\u015fyerindeki di\u011fer payda\u015flar\u0131n S&amp;G konusunda bilgilendirilmesini sa\u011flamak i\u00e7in gerekti\u011finde yeterli bilgi, rehberlik, e\u011fitim ve g\u00f6zetim sa\u011flamak.<\/span>\n\t\t\t\t\t\t\t\t\t<\/li>\n\t\t\t\t\t\t\t\t<li class=\"elementor-icon-list-item\">\n\t\t\t\t\t\t\t\t\t\t\t<span class=\"elementor-icon-list-icon\">\n\t\t\t\t\t\t\t<svg aria-hidden=\"true\" class=\"e-font-icon-svg e-far-arrow-alt-circle-right\" viewBox=\"0 0 512 512\" xmlns=\"http:\/\/www.w3.org\/2000\/svg\"><path d=\"M504 256C504 119 393 8 256 8S8 119 8 256s111 248 248 248 248-111 248-248zm-448 0c0-110.5 89.5-200 200-200s200 89.5 200 200-89.5 200-200 200S56 366.5 56 256zm72 20v-40c0-6.6 5.4-12 12-12h116v-67c0-10.7 12.9-16 20.5-8.5l99 99c4.7 4.7 4.7 12.3 0 17l-99 99c-7.6 7.6-20.5 2.2-20.5-8.5v-67H140c-6.6 0-12-5.4-12-12z\"><\/path><\/svg>\t\t\t\t\t\t<\/span>\n\t\t\t\t\t\t\t\t\t\t<span class=\"elementor-icon-list-text\">\u0130\u015fyerinin i\u00e7inde ve d\u0131\u015f\u0131nda g\u00fcvenli eri\u015fim yollar\u0131n\u0131n olu\u015fturulmas\u0131.<\/span>\n\t\t\t\t\t\t\t\t\t<\/li>\n\t\t\t\t\t\t\t\t<li class=\"elementor-icon-list-item\">\n\t\t\t\t\t\t\t\t\t\t\t<span class=\"elementor-icon-list-icon\">\n\t\t\t\t\t\t\t<svg aria-hidden=\"true\" class=\"e-font-icon-svg e-far-arrow-alt-circle-right\" viewBox=\"0 0 512 512\" xmlns=\"http:\/\/www.w3.org\/2000\/svg\"><path d=\"M504 256C504 119 393 8 256 8S8 119 8 256s111 248 248 248 248-111 248-248zm-448 0c0-110.5 89.5-200 200-200s200 89.5 200 200-89.5 200-200 200S56 366.5 56 256zm72 20v-40c0-6.6 5.4-12 12-12h116v-67c0-10.7 12.9-16 20.5-8.5l99 99c4.7 4.7 4.7 12.3 0 17l-99 99c-7.6 7.6-20.5 2.2-20.5-8.5v-67H140c-6.6 0-12-5.4-12-12z\"><\/path><\/svg>\t\t\t\t\t\t<\/span>\n\t\t\t\t\t\t\t\t\t\t<span class=\"elementor-icon-list-text\">Yaz\u0131l\u0131 Risk De\u011ferlendirmesinin (YRD) gerekliliklerine uymak ve burada kaydedilen acil \u00f6nlemleri uygulamak. Ayr\u0131ca, S&amp;G Y\u00f6netim Sisteminin uygulama kapsam\u0131 ve mevzuata uygunlu\u011fu y\u0131ll\u0131k olarak g\u00f6zden ge\u00e7irilecektir.<\/span>\n\t\t\t\t\t\t\t\t\t<\/li>\n\t\t\t\t\t\t\t\t<li class=\"elementor-icon-list-item\">\n\t\t\t\t\t\t\t\t\t\t\t<span class=\"elementor-icon-list-icon\">\n\t\t\t\t\t\t\t<svg aria-hidden=\"true\" class=\"e-font-icon-svg e-far-arrow-alt-circle-right\" viewBox=\"0 0 512 512\" xmlns=\"http:\/\/www.w3.org\/2000\/svg\"><path d=\"M504 256C504 119 393 8 256 8S8 119 8 256s111 248 248 248 248-111 248-248zm-448 0c0-110.5 89.5-200 200-200s200 89.5 200 200-89.5 200-200 200S56 366.5 56 256zm72 20v-40c0-6.6 5.4-12 12-12h116v-67c0-10.7 12.9-16 20.5-8.5l99 99c4.7 4.7 4.7 12.3 0 17l-99 99c-7.6 7.6-20.5 2.2-20.5-8.5v-67H140c-6.6 0-12-5.4-12-12z\"><\/path><\/svg>\t\t\t\t\t\t<\/span>\n\t\t\t\t\t\t\t\t\t\t<span class=\"elementor-icon-list-text\">S&amp;G konular\u0131ndaki tehditleri azaltmak ve f\u0131rsatlar\u0131 de\u011ferlendirmek i\u00e7in eylemlerin uygulanmas\u0131yla e\u015f zamanl\u0131 olarak s\u00fcre\u00e7lerin tasarlanmas\u0131.<\/span>\n\t\t\t\t\t\t\t\t\t<\/li>\n\t\t\t\t\t\t\t\t<li class=\"elementor-icon-list-item\">\n\t\t\t\t\t\t\t\t\t\t\t<span class=\"elementor-icon-list-icon\">\n\t\t\t\t\t\t\t<svg aria-hidden=\"true\" class=\"e-font-icon-svg e-far-arrow-alt-circle-right\" viewBox=\"0 0 512 512\" xmlns=\"http:\/\/www.w3.org\/2000\/svg\"><path d=\"M504 256C504 119 393 8 256 8S8 119 8 256s111 248 248 248 248-111 248-248zm-448 0c0-110.5 89.5-200 200-200s200 89.5 200 200-89.5 200-200 200S56 366.5 56 256zm72 20v-40c0-6.6 5.4-12 12-12h116v-67c0-10.7 12.9-16 20.5-8.5l99 99c4.7 4.7 4.7 12.3 0 17l-99 99c-7.6 7.6-20.5 2.2-20.5-8.5v-67H140c-6.6 0-12-5.4-12-12z\"><\/path><\/svg>\t\t\t\t\t\t<\/span>\n\t\t\t\t\t\t\t\t\t\t<span class=\"elementor-icon-list-text\">S&amp;G konular\u0131nda performans\u0131n s\u00fcrekli iyile\u015ftirilmesi i\u00e7in olumlu kat\u0131l\u0131m ve eylemler.<\/span>\n\t\t\t\t\t\t\t\t\t<\/li>\n\t\t\t\t\t\t<\/ul>\n\t\t\t\t\t\t<\/div>\n\t\t\t\t<\/div>\n\t\t\t\t<div class=\"elementor-element elementor-element-37076e0 elementor-widget elementor-widget-text-editor\" data-id=\"37076e0\" data-element_type=\"widget\" data-e-type=\"widget\" data-widget_type=\"text-editor.default\">\n\t\t\t\t<div class=\"elementor-widget-container\">\n\t\t\t\t\t\t\t\t\t<p>Avrupa Hayatboyu \u00d6\u011frenme Programlar\u0131 Y\u00f6netimi Vakf\u0131 (IDEP), herhangi bir kaza, tehlikeli olay ve meslek hastal\u0131\u011f\u0131n\u0131 \u00f6nlemek ve bu hedefe ula\u015fmak i\u00e7in gerekli t\u00fcm kaynaklar\u0131 sa\u011flamak amac\u0131yla, Sa\u011fl\u0131k ve G\u00fcvenlik konular\u0131nda K\u0131br\u0131s Mevzuat\u0131 ve Topluluk \u00c7er\u00e7evesinin uygulanmas\u0131n\u0131 taahh\u00fct eder.<\/p>\t\t\t\t\t\t\t\t<\/div>\n\t\t\t\t<\/div>\n\t\t\t\t\t<\/div>\n\t\t\t\t<\/div>\n\t\t\t\t<\/div>\n\t\t","protected":false},"excerpt":{"rendered":"<p>Sa\u011fl\u0131k ve G\u00fcvenlik Politikas\u0131 Avrupa Hayat Boyu Programlar\u0131 Y\u00f6netim Vakf\u0131 (EDIP), K\u0131br\u0131sl\u0131 yararlan\u0131c\u0131lar\u0131n E\u011fitim, \u00d6\u011fretim ve Spor alan\u0131ndaki Avrupa Programlar\u0131na kat\u0131l\u0131m\u0131 i\u00e7in Avrupa Komisyonu taraf\u0131ndan K\u0131br\u0131s&#8217;a verilen fonlar\u0131n y\u00f6netiminde faaliyet g\u00f6stermektedir. Avrupa Hayatboyu \u00d6\u011frenme Programlar\u0131 Y\u00f6netimi Vakf\u0131 (EDIP), \u00e7al\u0131\u015fanlar, alt y\u00fckleniciler, ortaklar, ziyaret\u00e7iler ve vakf\u0131n faaliyetlerinden etkilenen di\u011fer ki\u015filer i\u00e7in g\u00fcvenli bir ortam yaratmak amac\u0131yla&hellip;<\/p>\n","protected":false},"author":1,"featured_media":0,"parent":10146,"menu_order":67,"comment_status":"closed","ping_status":"closed","template":"","meta":{"footnotes":""},"class_list":["post-10149","page","type-page","status-publish","hentry"],"yoast_head":"<!-- This site is optimized with the Yoast SEO plugin v27.5 - https:\/\/yoast.com\/product\/yoast-seo-wordpress\/ -->\n<title>Sa\u011fl\u0131k ve G\u00fcvenlik Politikam\u0131z - IDEP<\/title>\n<meta name=\"robots\" content=\"index, follow, max-snippet:-1, max-image-preview:large, max-video-preview:-1\" \/>\n<link rel=\"canonical\" href=\"https:\/\/idep.org.cy\/idep\/politikes-stratigikes-tou-idep\/politiki-ygeias-kai-asfaleias\/\" \/>\n<meta property=\"og:locale\" content=\"tr_TR\" \/>\n<meta property=\"og:type\" content=\"article\" \/>\n<meta property=\"og:title\" content=\"Sa\u011fl\u0131k ve G\u00fcvenlik Politikam\u0131z - IDEP\" \/>\n<meta property=\"og:description\" content=\"Sa\u011fl\u0131k ve G\u00fcvenlik Politikas\u0131 Avrupa Hayat Boyu Programlar\u0131 Y\u00f6netim Vakf\u0131 (EDIP), K\u0131br\u0131sl\u0131 yararlan\u0131c\u0131lar\u0131n E\u011fitim, \u00d6\u011fretim ve Spor alan\u0131ndaki Avrupa Programlar\u0131na kat\u0131l\u0131m\u0131 i\u00e7in Avrupa Komisyonu taraf\u0131ndan K\u0131br\u0131s&#8217;a verilen fonlar\u0131n y\u00f6netiminde faaliyet g\u00f6stermektedir. Avrupa Hayatboyu \u00d6\u011frenme Programlar\u0131 Y\u00f6netimi Vakf\u0131 (EDIP), \u00e7al\u0131\u015fanlar, alt y\u00fckleniciler, ortaklar, ziyaret\u00e7iler ve vakf\u0131n faaliyetlerinden etkilenen di\u011fer ki\u015filer i\u00e7in g\u00fcvenli bir ortam yaratmak amac\u0131yla&hellip;\" \/>\n<meta property=\"og:url\" content=\"https:\/\/idep.org.cy\/idep\/politikes-stratigikes-tou-idep\/politiki-ygeias-kai-asfaleias\/\" \/>\n<meta property=\"og:site_name\" content=\"IDEP\" \/>\n<meta property=\"article:modified_time\" content=\"2025-03-27T10:52:24+00:00\" \/>\n<meta name=\"twitter:card\" content=\"summary_large_image\" \/>\n<meta name=\"twitter:label1\" content=\"Tahmini okuma s\u00fcresi\" \/>\n\t<meta name=\"twitter:data1\" content=\"2 dakika\" \/>\n<script type=\"application\/ld+json\" class=\"yoast-schema-graph\">{\"@context\":\"https:\\\/\\\/schema.org\",\"@graph\":[{\"@type\":\"WebPage\",\"@id\":\"https:\\\/\\\/idep.org.cy\\\/idep\\\/politikes-stratigikes-tou-idep\\\/politiki-ygeias-kai-asfaleias\\\/\",\"url\":\"https:\\\/\\\/idep.org.cy\\\/idep\\\/politikes-stratigikes-tou-idep\\\/politiki-ygeias-kai-asfaleias\\\/\",\"name\":\"Sa\u011fl\u0131k ve G\u00fcvenlik Politikam\u0131z - IDEP\",\"isPartOf\":{\"@id\":\"https:\\\/\\\/idep.org.cy\\\/#website\"},\"datePublished\":\"2024-10-15T13:12:33+00:00\",\"dateModified\":\"2025-03-27T10:52:24+00:00\",\"breadcrumb\":{\"@id\":\"https:\\\/\\\/idep.org.cy\\\/idep\\\/politikes-stratigikes-tou-idep\\\/politiki-ygeias-kai-asfaleias\\\/#breadcrumb\"},\"inLanguage\":\"tr\",\"potentialAction\":[{\"@type\":\"ReadAction\",\"target\":[\"https:\\\/\\\/idep.org.cy\\\/idep\\\/politikes-stratigikes-tou-idep\\\/politiki-ygeias-kai-asfaleias\\\/\"]}]},{\"@type\":\"BreadcrumbList\",\"@id\":\"https:\\\/\\\/idep.org.cy\\\/idep\\\/politikes-stratigikes-tou-idep\\\/politiki-ygeias-kai-asfaleias\\\/#breadcrumb\",\"itemListElement\":[{\"@type\":\"ListItem\",\"position\":1,\"name\":\"Home\",\"item\":\"https:\\\/\\\/idep.org.cy\\\/tr\\\/\"},{\"@type\":\"ListItem\",\"position\":2,\"name\":\"IDEP (APYV)\",\"item\":\"https:\\\/\\\/idep.org.cy\\\/tr\\\/fmellp-idep\\\/\"},{\"@type\":\"ListItem\",\"position\":3,\"name\":\"\u0399DEP&#8217; (\u0391PYV)in Politikalar\u0131\\\/Stratejileri\",\"item\":\"https:\\\/\\\/idep.org.cy\\\/tr\\\/fmellp-idep\\\/idep-apyvin-politikalari-stratejileri\\\/\"},{\"@type\":\"ListItem\",\"position\":4,\"name\":\"Sa\u011fl\u0131k ve G\u00fcvenlik Politikam\u0131z\"}]},{\"@type\":\"WebSite\",\"@id\":\"https:\\\/\\\/idep.org.cy\\\/#website\",\"url\":\"https:\\\/\\\/idep.org.cy\\\/\",\"name\":\"\u0399\u0394\u0395\u03a0 \u0394\u03b9\u03ac \u0392\u03af\u03bf\u03c5 \u039c\u03ac\u03b8\u03b7\u03c3\u03b7\u03c2\",\"description\":\"\",\"publisher\":{\"@id\":\"https:\\\/\\\/idep.org.cy\\\/#organization\"},\"potentialAction\":[{\"@type\":\"SearchAction\",\"target\":{\"@type\":\"EntryPoint\",\"urlTemplate\":\"https:\\\/\\\/idep.org.cy\\\/?s={search_term_string}\"},\"query-input\":{\"@type\":\"PropertyValueSpecification\",\"valueRequired\":true,\"valueName\":\"search_term_string\"}}],\"inLanguage\":\"tr\"},{\"@type\":\"Organization\",\"@id\":\"https:\\\/\\\/idep.org.cy\\\/#organization\",\"name\":\"\u0399\u0394\u0395\u03a0 \u0394\u03b9\u03ac \u0392\u03af\u03bf\u03c5 \u039c\u03ac\u03b8\u03b7\u03c3\u03b7\u03c2\",\"url\":\"https:\\\/\\\/idep.org.cy\\\/\",\"logo\":{\"@type\":\"ImageObject\",\"inLanguage\":\"tr\",\"@id\":\"https:\\\/\\\/idep.org.cy\\\/#\\\/schema\\\/logo\\\/image\\\/\",\"url\":\"https:\\\/\\\/idep.org.cy\\\/wp-content\\\/uploads\\\/2024\\\/12\\\/IDEP_Logo_en.jpg\",\"contentUrl\":\"https:\\\/\\\/idep.org.cy\\\/wp-content\\\/uploads\\\/2024\\\/12\\\/IDEP_Logo_en.jpg\",\"width\":150,\"height\":150,\"caption\":\"\u0399\u0394\u0395\u03a0 \u0394\u03b9\u03ac \u0392\u03af\u03bf\u03c5 \u039c\u03ac\u03b8\u03b7\u03c3\u03b7\u03c2\"},\"image\":{\"@id\":\"https:\\\/\\\/idep.org.cy\\\/#\\\/schema\\\/logo\\\/image\\\/\"}}]}<\/script>\n<!-- \/ Yoast SEO plugin. -->","yoast_head_json":{"title":"Sa\u011fl\u0131k ve G\u00fcvenlik Politikam\u0131z - IDEP","robots":{"index":"index","follow":"follow","max-snippet":"max-snippet:-1","max-image-preview":"max-image-preview:large","max-video-preview":"max-video-preview:-1"},"canonical":"https:\/\/idep.org.cy\/idep\/politikes-stratigikes-tou-idep\/politiki-ygeias-kai-asfaleias\/","og_locale":"tr_TR","og_type":"article","og_title":"Sa\u011fl\u0131k ve G\u00fcvenlik Politikam\u0131z - IDEP","og_description":"Sa\u011fl\u0131k ve G\u00fcvenlik Politikas\u0131 Avrupa Hayat Boyu Programlar\u0131 Y\u00f6netim Vakf\u0131 (EDIP), K\u0131br\u0131sl\u0131 yararlan\u0131c\u0131lar\u0131n E\u011fitim, \u00d6\u011fretim ve Spor alan\u0131ndaki Avrupa Programlar\u0131na kat\u0131l\u0131m\u0131 i\u00e7in Avrupa Komisyonu taraf\u0131ndan K\u0131br\u0131s&#8217;a verilen fonlar\u0131n y\u00f6netiminde faaliyet g\u00f6stermektedir. Avrupa Hayatboyu \u00d6\u011frenme Programlar\u0131 Y\u00f6netimi Vakf\u0131 (EDIP), \u00e7al\u0131\u015fanlar, alt y\u00fckleniciler, ortaklar, ziyaret\u00e7iler ve vakf\u0131n faaliyetlerinden etkilenen di\u011fer ki\u015filer i\u00e7in g\u00fcvenli bir ortam yaratmak amac\u0131yla&hellip;","og_url":"https:\/\/idep.org.cy\/idep\/politikes-stratigikes-tou-idep\/politiki-ygeias-kai-asfaleias\/","og_site_name":"IDEP","article_modified_time":"2025-03-27T10:52:24+00:00","twitter_card":"summary_large_image","twitter_misc":{"Tahmini okuma s\u00fcresi":"2 dakika"},"schema":{"@context":"https:\/\/schema.org","@graph":[{"@type":"WebPage","@id":"https:\/\/idep.org.cy\/idep\/politikes-stratigikes-tou-idep\/politiki-ygeias-kai-asfaleias\/","url":"https:\/\/idep.org.cy\/idep\/politikes-stratigikes-tou-idep\/politiki-ygeias-kai-asfaleias\/","name":"Sa\u011fl\u0131k ve G\u00fcvenlik Politikam\u0131z - IDEP","isPartOf":{"@id":"https:\/\/idep.org.cy\/#website"},"datePublished":"2024-10-15T13:12:33+00:00","dateModified":"2025-03-27T10:52:24+00:00","breadcrumb":{"@id":"https:\/\/idep.org.cy\/idep\/politikes-stratigikes-tou-idep\/politiki-ygeias-kai-asfaleias\/#breadcrumb"},"inLanguage":"tr","potentialAction":[{"@type":"ReadAction","target":["https:\/\/idep.org.cy\/idep\/politikes-stratigikes-tou-idep\/politiki-ygeias-kai-asfaleias\/"]}]},{"@type":"BreadcrumbList","@id":"https:\/\/idep.org.cy\/idep\/politikes-stratigikes-tou-idep\/politiki-ygeias-kai-asfaleias\/#breadcrumb","itemListElement":[{"@type":"ListItem","position":1,"name":"Home","item":"https:\/\/idep.org.cy\/tr\/"},{"@type":"ListItem","position":2,"name":"IDEP (APYV)","item":"https:\/\/idep.org.cy\/tr\/fmellp-idep\/"},{"@type":"ListItem","position":3,"name":"\u0399DEP&#8217; (\u0391PYV)in Politikalar\u0131\/Stratejileri","item":"https:\/\/idep.org.cy\/tr\/fmellp-idep\/idep-apyvin-politikalari-stratejileri\/"},{"@type":"ListItem","position":4,"name":"Sa\u011fl\u0131k ve G\u00fcvenlik Politikam\u0131z"}]},{"@type":"WebSite","@id":"https:\/\/idep.org.cy\/#website","url":"https:\/\/idep.org.cy\/","name":"\u0399\u0394\u0395\u03a0 \u0394\u03b9\u03ac \u0392\u03af\u03bf\u03c5 \u039c\u03ac\u03b8\u03b7\u03c3\u03b7\u03c2","description":"","publisher":{"@id":"https:\/\/idep.org.cy\/#organization"},"potentialAction":[{"@type":"SearchAction","target":{"@type":"EntryPoint","urlTemplate":"https:\/\/idep.org.cy\/?s={search_term_string}"},"query-input":{"@type":"PropertyValueSpecification","valueRequired":true,"valueName":"search_term_string"}}],"inLanguage":"tr"},{"@type":"Organization","@id":"https:\/\/idep.org.cy\/#organization","name":"\u0399\u0394\u0395\u03a0 \u0394\u03b9\u03ac \u0392\u03af\u03bf\u03c5 \u039c\u03ac\u03b8\u03b7\u03c3\u03b7\u03c2","url":"https:\/\/idep.org.cy\/","logo":{"@type":"ImageObject","inLanguage":"tr","@id":"https:\/\/idep.org.cy\/#\/schema\/logo\/image\/","url":"https:\/\/idep.org.cy\/wp-content\/uploads\/2024\/12\/IDEP_Logo_en.jpg","contentUrl":"https:\/\/idep.org.cy\/wp-content\/uploads\/2024\/12\/IDEP_Logo_en.jpg","width":150,"height":150,"caption":"\u0399\u0394\u0395\u03a0 \u0394\u03b9\u03ac \u0392\u03af\u03bf\u03c5 \u039c\u03ac\u03b8\u03b7\u03c3\u03b7\u03c2"},"image":{"@id":"https:\/\/idep.org.cy\/#\/schema\/logo\/image\/"}}]}},"_links":{"self":[{"href":"https:\/\/idep.org.cy\/tr\/wp-json\/wp\/v2\/pages\/10149","targetHints":{"allow":["GET"]}}],"collection":[{"href":"https:\/\/idep.org.cy\/tr\/wp-json\/wp\/v2\/pages"}],"about":[{"href":"https:\/\/idep.org.cy\/tr\/wp-json\/wp\/v2\/types\/page"}],"author":[{"embeddable":true,"href":"https:\/\/idep.org.cy\/tr\/wp-json\/wp\/v2\/users\/1"}],"replies":[{"embeddable":true,"href":"https:\/\/idep.org.cy\/tr\/wp-json\/wp\/v2\/comments?post=10149"}],"version-history":[{"count":7,"href":"https:\/\/idep.org.cy\/tr\/wp-json\/wp\/v2\/pages\/10149\/revisions"}],"predecessor-version":[{"id":12269,"href":"https:\/\/idep.org.cy\/tr\/wp-json\/wp\/v2\/pages\/10149\/revisions\/12269"}],"up":[{"embeddable":true,"href":"https:\/\/idep.org.cy\/tr\/wp-json\/wp\/v2\/pages\/10146"}],"wp:attachment":[{"href":"https:\/\/idep.org.cy\/tr\/wp-json\/wp\/v2\/media?parent=10149"}],"curies":[{"name":"wp","href":"https:\/\/api.w.org\/{rel}","templated":true}]}}