{"id":12262,"date":"2025-03-27T12:45:27","date_gmt":"2025-03-27T10:45:27","guid":{"rendered":"https:\/\/idep.org.cy\/?page_id=12262"},"modified":"2025-03-27T12:55:51","modified_gmt":"2025-03-27T10:55:51","slug":"kalite-yonetim-politikasi","status":"publish","type":"page","link":"https:\/\/idep.org.cy\/tr\/fmellp-idep\/idep-apyvin-politikalari-stratejileri\/kalite-yonetim-politikasi\/","title":{"rendered":"Kalite Y\u00f6netim Politikas\u0131"},"content":{"rendered":"\t\t<div data-elementor-type=\"wp-page\" data-elementor-id=\"12262\" class=\"elementor elementor-12262 elementor-12235\" data-elementor-post-type=\"page\">\n\t\t\t\t<div class=\"elementor-element elementor-element-ac477e2 e-grid e-con-boxed e-con e-parent\" data-id=\"ac477e2\" data-element_type=\"container\" data-e-type=\"container\">\n\t\t\t\t\t<div class=\"e-con-inner\">\n\t\t\t\t<div class=\"elementor-element elementor-element-0c8f9e9 elementor-widget elementor-widget-text-editor\" data-id=\"0c8f9e9\" data-element_type=\"widget\" data-e-type=\"widget\" data-widget_type=\"text-editor.default\">\n\t\t\t\t<div class=\"elementor-widget-container\">\n\t\t\t\t\t\t\t\t\t<p>Avrupa Hayat Boyu \u00d6\u011frenme Programlar\u0131 Y\u00f6netimi Vakf\u0131&#8217;n\u0131n (EDIP) amac\u0131, e\u011fitim ve \u00f6\u011fretim alan\u0131nda faaliyet g\u00f6steren t\u00fczel ve ger\u00e7ek ki\u015filer taraf\u0131ndan kullan\u0131lmak \u00fczere Avrupa fonlar\u0131n\u0131n en etkin \u015fekilde y\u00f6netilmesidir.<\/p><p>Bu \u015fu yollarla sa\u011flan\u0131r:<\/p>\t\t\t\t\t\t\t\t<\/div>\n\t\t\t\t<\/div>\n\t\t\t\t<div class=\"elementor-element elementor-element-8d04fc5 elementor-icon-list--layout-traditional elementor-list-item-link-full_width elementor-widget elementor-widget-icon-list\" data-id=\"8d04fc5\" data-element_type=\"widget\" data-e-type=\"widget\" data-widget_type=\"icon-list.default\">\n\t\t\t\t<div class=\"elementor-widget-container\">\n\t\t\t\t\t\t\t<ul class=\"elementor-icon-list-items\">\n\t\t\t\t\t\t\t<li class=\"elementor-icon-list-item\">\n\t\t\t\t\t\t\t\t\t\t\t<span class=\"elementor-icon-list-icon\">\n\t\t\t\t\t\t\t<svg aria-hidden=\"true\" class=\"e-font-icon-svg e-far-arrow-alt-circle-right\" viewBox=\"0 0 512 512\" xmlns=\"http:\/\/www.w3.org\/2000\/svg\"><path d=\"M504 256C504 119 393 8 256 8S8 119 8 256s111 248 248 248 248-111 248-248zm-448 0c0-110.5 89.5-200 200-200s200 89.5 200 200-89.5 200-200 200S56 366.5 56 256zm72 20v-40c0-6.6 5.4-12 12-12h116v-67c0-10.7 12.9-16 20.5-8.5l99 99c4.7 4.7 4.7 12.3 0 17l-99 99c-7.6 7.6-20.5 2.2-20.5-8.5v-67H140c-6.6 0-12-5.4-12-12z\"><\/path><\/svg>\t\t\t\t\t\t<\/span>\n\t\t\t\t\t\t\t\t\t\t<span class=\"elementor-icon-list-text\">IDEP taraf\u0131ndan y\u00f6netilen m\u00fcnferit programlar hakk\u0131nda payda\u015flara zaman\u0131nda ve etkili bilgi sa\u011flanmas\u0131.<\/span>\n\t\t\t\t\t\t\t\t\t<\/li>\n\t\t\t\t\t\t\t\t<li class=\"elementor-icon-list-item\">\n\t\t\t\t\t\t\t\t\t\t\t<span class=\"elementor-icon-list-icon\">\n\t\t\t\t\t\t\t<svg aria-hidden=\"true\" class=\"e-font-icon-svg e-far-arrow-alt-circle-right\" viewBox=\"0 0 512 512\" xmlns=\"http:\/\/www.w3.org\/2000\/svg\"><path d=\"M504 256C504 119 393 8 256 8S8 119 8 256s111 248 248 248 248-111 248-248zm-448 0c0-110.5 89.5-200 200-200s200 89.5 200 200-89.5 200-200 200S56 366.5 56 256zm72 20v-40c0-6.6 5.4-12 12-12h116v-67c0-10.7 12.9-16 20.5-8.5l99 99c4.7 4.7 4.7 12.3 0 17l-99 99c-7.6 7.6-20.5 2.2-20.5-8.5v-67H140c-6.6 0-12-5.4-12-12z\"><\/path><\/svg>\t\t\t\t\t\t<\/span>\n\t\t\t\t\t\t\t\t\t\t<span class=\"elementor-icon-list-text\">Hem program y\u00f6netimiyle ilgili konularda hem de genel olarak hizmet, idare ve operasyon konular\u0131nda her d\u00fczeydeki personelin s\u00fcrekli e\u011fitimi.<\/span>\n\t\t\t\t\t\t\t\t\t<\/li>\n\t\t\t\t\t\t\t\t<li class=\"elementor-icon-list-item\">\n\t\t\t\t\t\t\t\t\t\t\t<span class=\"elementor-icon-list-icon\">\n\t\t\t\t\t\t\t<svg aria-hidden=\"true\" class=\"e-font-icon-svg e-far-arrow-alt-circle-right\" viewBox=\"0 0 512 512\" xmlns=\"http:\/\/www.w3.org\/2000\/svg\"><path d=\"M504 256C504 119 393 8 256 8S8 119 8 256s111 248 248 248 248-111 248-248zm-448 0c0-110.5 89.5-200 200-200s200 89.5 200 200-89.5 200-200 200S56 366.5 56 256zm72 20v-40c0-6.6 5.4-12 12-12h116v-67c0-10.7 12.9-16 20.5-8.5l99 99c4.7 4.7 4.7 12.3 0 17l-99 99c-7.6 7.6-20.5 2.2-20.5-8.5v-67H140c-6.6 0-12-5.4-12-12z\"><\/path><\/svg>\t\t\t\t\t\t<\/span>\n\t\t\t\t\t\t\t\t\t\t<span class=\"elementor-icon-list-text\">Hem programlara ilgi g\u00f6sterme a\u015famas\u0131nda hem de programlardan yararlanma a\u015famas\u0131nda ilgili taraflara personel taraf\u0131ndan h\u0131zl\u0131 ve g\u00fcler y\u00fczl\u00fc hizmet sunulmas\u0131.<\/span>\n\t\t\t\t\t\t\t\t\t<\/li>\n\t\t\t\t\t\t\t\t<li class=\"elementor-icon-list-item\">\n\t\t\t\t\t\t\t\t\t\t\t<span class=\"elementor-icon-list-icon\">\n\t\t\t\t\t\t\t<svg aria-hidden=\"true\" class=\"e-font-icon-svg e-far-arrow-alt-circle-right\" viewBox=\"0 0 512 512\" xmlns=\"http:\/\/www.w3.org\/2000\/svg\"><path d=\"M504 256C504 119 393 8 256 8S8 119 8 256s111 248 248 248 248-111 248-248zm-448 0c0-110.5 89.5-200 200-200s200 89.5 200 200-89.5 200-200 200S56 366.5 56 256zm72 20v-40c0-6.6 5.4-12 12-12h116v-67c0-10.7 12.9-16 20.5-8.5l99 99c4.7 4.7 4.7 12.3 0 17l-99 99c-7.6 7.6-20.5 2.2-20.5-8.5v-67H140c-6.6 0-12-5.4-12-12z\"><\/path><\/svg>\t\t\t\t\t\t<\/span>\n\t\t\t\t\t\t\t\t\t\t<span class=\"elementor-icon-list-text\">\u0130\u015fin y\u00fcr\u00fct\u00fclmesi i\u00e7in insan veya ekipman gibi gerekli kaynaklar\u0131n sa\u011flanmas\u0131.<\/span>\n\t\t\t\t\t\t\t\t\t<\/li>\n\t\t\t\t\t\t\t\t<li class=\"elementor-icon-list-item\">\n\t\t\t\t\t\t\t\t\t\t\t<span class=\"elementor-icon-list-icon\">\n\t\t\t\t\t\t\t<svg aria-hidden=\"true\" class=\"e-font-icon-svg e-far-arrow-alt-circle-right\" viewBox=\"0 0 512 512\" xmlns=\"http:\/\/www.w3.org\/2000\/svg\"><path d=\"M504 256C504 119 393 8 256 8S8 119 8 256s111 248 248 248 248-111 248-248zm-448 0c0-110.5 89.5-200 200-200s200 89.5 200 200-89.5 200-200 200S56 366.5 56 256zm72 20v-40c0-6.6 5.4-12 12-12h116v-67c0-10.7 12.9-16 20.5-8.5l99 99c4.7 4.7 4.7 12.3 0 17l-99 99c-7.6 7.6-20.5 2.2-20.5-8.5v-67H140c-6.6 0-12-5.4-12-12z\"><\/path><\/svg>\t\t\t\t\t\t<\/span>\n\t\t\t\t\t\t\t\t\t\t<span class=\"elementor-icon-list-text\">Altyap\u0131 ve ekipman da dahil olmak \u00fczere personel i\u00e7in uygun bir \u00e7al\u0131\u015fma ortam\u0131n\u0131n sa\u011flanmas\u0131, b\u00f6ylece rahat ve i\u015flevsel bir i\u015f yerinin temin edilmesi.<\/span>\n\t\t\t\t\t\t\t\t\t<\/li>\n\t\t\t\t\t\t<\/ul>\n\t\t\t\t\t\t<\/div>\n\t\t\t\t<\/div>\n\t\t\t\t<div class=\"elementor-element elementor-element-efd1acd elementor-widget elementor-widget-text-editor\" data-id=\"efd1acd\" data-element_type=\"widget\" data-e-type=\"widget\" data-widget_type=\"text-editor.default\">\n\t\t\t\t<div class=\"elementor-widget-container\">\n\t\t\t\t\t\t\t\t\t<p>Yukar\u0131daki hedefler, IDEP&#8217;te uygulanan ve uluslararas\u0131 ISO 9001 standard\u0131n\u0131n gerekliliklerine uygun olan kalite y\u00f6netim sistemi arac\u0131l\u0131\u011f\u0131yla uygulanmaktad\u0131r.\u00a0 IDEP y\u00f6netimi, payda\u015flar\u0131n\u0131n memnuniyetini her zaman ana kayg\u0131 olarak g\u00f6rerek, kalite sisteminin sistematik olarak uygulanmas\u0131na ve s\u00fcrekli iyile\u015ftirilmesine kendini adam\u0131\u015ft\u0131r.<\/p><p>Kalite sisteminin etkin ve s\u00fcrekli iyile\u015ftirilmesini sa\u011flamak amac\u0131yla IDEP, payda\u015f \u015fikayetleri, ilgill\u0131 bulunan ki\u015filerin ve personel \u00f6nerileri, sistematik olarak ger\u00e7ekle\u015ftirilen i\u00e7 denetimler, IDEP&#8217;in tedarik\u00e7ilerinin de\u011ferlendirilmesi ve y\u00f6netim g\u00f6zden ge\u00e7irmeleri yoluyla sistemde tespit edilen olaylar\u0131 tan\u0131mlar, analiz eder ve d\u00fczeltici ve \u00f6nleyici faaliyetler ger\u00e7ekle\u015ftirir.<\/p>\t\t\t\t\t\t\t\t<\/div>\n\t\t\t\t<\/div>\n\t\t\t\t\t<\/div>\n\t\t\t\t<\/div>\n\t\t\t\t<\/div>\n\t\t","protected":false},"excerpt":{"rendered":"<p>Avrupa Hayat Boyu \u00d6\u011frenme Programlar\u0131 Y\u00f6netimi Vakf\u0131&#8217;n\u0131n (EDIP) amac\u0131, e\u011fitim ve \u00f6\u011fretim alan\u0131nda faaliyet g\u00f6steren t\u00fczel ve ger\u00e7ek ki\u015filer taraf\u0131ndan kullan\u0131lmak \u00fczere Avrupa fonlar\u0131n\u0131n en etkin \u015fekilde y\u00f6netilmesidir. Bu \u015fu yollarla sa\u011flan\u0131r: IDEP taraf\u0131ndan y\u00f6netilen m\u00fcnferit programlar hakk\u0131nda payda\u015flara zaman\u0131nda ve etkili bilgi sa\u011flanmas\u0131. Hem program y\u00f6netimiyle ilgili konularda hem de genel olarak hizmet, idare&hellip;<\/p>\n","protected":false},"author":1,"featured_media":0,"parent":10146,"menu_order":22,"comment_status":"closed","ping_status":"closed","template":"","meta":{"footnotes":""},"class_list":["post-12262","page","type-page","status-publish","hentry"],"yoast_head":"<!-- This site is optimized with the Yoast SEO plugin v27.4 - https:\/\/yoast.com\/product\/yoast-seo-wordpress\/ -->\n<title>Kalite Y\u00f6netim Politikas\u0131 - IDEP<\/title>\n<meta name=\"robots\" content=\"index, follow, max-snippet:-1, max-image-preview:large, max-video-preview:-1\" \/>\n<link rel=\"canonical\" href=\"https:\/\/idep.org.cy\/idep\/politikes-stratigikes-tou-idep\/politiki-diacheirisis-poiotitas\/\" \/>\n<meta property=\"og:locale\" content=\"tr_TR\" \/>\n<meta property=\"og:type\" content=\"article\" \/>\n<meta property=\"og:title\" content=\"Kalite Y\u00f6netim Politikas\u0131 - IDEP\" \/>\n<meta property=\"og:description\" content=\"Avrupa Hayat Boyu \u00d6\u011frenme Programlar\u0131 Y\u00f6netimi Vakf\u0131&#8217;n\u0131n (EDIP) amac\u0131, e\u011fitim ve \u00f6\u011fretim alan\u0131nda faaliyet g\u00f6steren t\u00fczel ve ger\u00e7ek ki\u015filer taraf\u0131ndan kullan\u0131lmak \u00fczere Avrupa fonlar\u0131n\u0131n en etkin \u015fekilde y\u00f6netilmesidir. Bu \u015fu yollarla sa\u011flan\u0131r: IDEP taraf\u0131ndan y\u00f6netilen m\u00fcnferit programlar hakk\u0131nda payda\u015flara zaman\u0131nda ve etkili bilgi sa\u011flanmas\u0131. Hem program y\u00f6netimiyle ilgili konularda hem de genel olarak hizmet, idare&hellip;\" \/>\n<meta property=\"og:url\" content=\"https:\/\/idep.org.cy\/idep\/politikes-stratigikes-tou-idep\/politiki-diacheirisis-poiotitas\/\" \/>\n<meta property=\"og:site_name\" content=\"IDEP\" \/>\n<meta property=\"article:modified_time\" content=\"2025-03-27T10:55:51+00:00\" \/>\n<meta name=\"twitter:card\" content=\"summary_large_image\" \/>\n<meta name=\"twitter:label1\" content=\"Tahmini okuma s\u00fcresi\" \/>\n\t<meta name=\"twitter:data1\" content=\"1 dakika\" \/>\n<script type=\"application\/ld+json\" class=\"yoast-schema-graph\">{\"@context\":\"https:\\\/\\\/schema.org\",\"@graph\":[{\"@type\":\"WebPage\",\"@id\":\"https:\\\/\\\/idep.org.cy\\\/idep\\\/politikes-stratigikes-tou-idep\\\/politiki-diacheirisis-poiotitas\\\/\",\"url\":\"https:\\\/\\\/idep.org.cy\\\/idep\\\/politikes-stratigikes-tou-idep\\\/politiki-diacheirisis-poiotitas\\\/\",\"name\":\"Kalite Y\u00f6netim Politikas\u0131 - IDEP\",\"isPartOf\":{\"@id\":\"https:\\\/\\\/idep.org.cy\\\/#website\"},\"datePublished\":\"2025-03-27T10:45:27+00:00\",\"dateModified\":\"2025-03-27T10:55:51+00:00\",\"breadcrumb\":{\"@id\":\"https:\\\/\\\/idep.org.cy\\\/idep\\\/politikes-stratigikes-tou-idep\\\/politiki-diacheirisis-poiotitas\\\/#breadcrumb\"},\"inLanguage\":\"tr\",\"potentialAction\":[{\"@type\":\"ReadAction\",\"target\":[\"https:\\\/\\\/idep.org.cy\\\/idep\\\/politikes-stratigikes-tou-idep\\\/politiki-diacheirisis-poiotitas\\\/\"]}]},{\"@type\":\"BreadcrumbList\",\"@id\":\"https:\\\/\\\/idep.org.cy\\\/idep\\\/politikes-stratigikes-tou-idep\\\/politiki-diacheirisis-poiotitas\\\/#breadcrumb\",\"itemListElement\":[{\"@type\":\"ListItem\",\"position\":1,\"name\":\"Home\",\"item\":\"https:\\\/\\\/idep.org.cy\\\/tr\\\/\"},{\"@type\":\"ListItem\",\"position\":2,\"name\":\"IDEP (APYV)\",\"item\":\"https:\\\/\\\/idep.org.cy\\\/tr\\\/fmellp-idep\\\/\"},{\"@type\":\"ListItem\",\"position\":3,\"name\":\"\u0399DEP&#8217; (\u0391PYV)in Politikalar\u0131\\\/Stratejileri\",\"item\":\"https:\\\/\\\/idep.org.cy\\\/tr\\\/fmellp-idep\\\/idep-apyvin-politikalari-stratejileri\\\/\"},{\"@type\":\"ListItem\",\"position\":4,\"name\":\"Kalite Y\u00f6netim Politikas\u0131\"}]},{\"@type\":\"WebSite\",\"@id\":\"https:\\\/\\\/idep.org.cy\\\/#website\",\"url\":\"https:\\\/\\\/idep.org.cy\\\/\",\"name\":\"\u0399\u0394\u0395\u03a0 \u0394\u03b9\u03ac \u0392\u03af\u03bf\u03c5 \u039c\u03ac\u03b8\u03b7\u03c3\u03b7\u03c2\",\"description\":\"\",\"publisher\":{\"@id\":\"https:\\\/\\\/idep.org.cy\\\/#organization\"},\"potentialAction\":[{\"@type\":\"SearchAction\",\"target\":{\"@type\":\"EntryPoint\",\"urlTemplate\":\"https:\\\/\\\/idep.org.cy\\\/?s={search_term_string}\"},\"query-input\":{\"@type\":\"PropertyValueSpecification\",\"valueRequired\":true,\"valueName\":\"search_term_string\"}}],\"inLanguage\":\"tr\"},{\"@type\":\"Organization\",\"@id\":\"https:\\\/\\\/idep.org.cy\\\/#organization\",\"name\":\"\u0399\u0394\u0395\u03a0 \u0394\u03b9\u03ac \u0392\u03af\u03bf\u03c5 \u039c\u03ac\u03b8\u03b7\u03c3\u03b7\u03c2\",\"url\":\"https:\\\/\\\/idep.org.cy\\\/\",\"logo\":{\"@type\":\"ImageObject\",\"inLanguage\":\"tr\",\"@id\":\"https:\\\/\\\/idep.org.cy\\\/#\\\/schema\\\/logo\\\/image\\\/\",\"url\":\"https:\\\/\\\/idep.org.cy\\\/wp-content\\\/uploads\\\/2024\\\/12\\\/IDEP_Logo_en.jpg\",\"contentUrl\":\"https:\\\/\\\/idep.org.cy\\\/wp-content\\\/uploads\\\/2024\\\/12\\\/IDEP_Logo_en.jpg\",\"width\":150,\"height\":150,\"caption\":\"\u0399\u0394\u0395\u03a0 \u0394\u03b9\u03ac \u0392\u03af\u03bf\u03c5 \u039c\u03ac\u03b8\u03b7\u03c3\u03b7\u03c2\"},\"image\":{\"@id\":\"https:\\\/\\\/idep.org.cy\\\/#\\\/schema\\\/logo\\\/image\\\/\"}}]}<\/script>\n<!-- \/ Yoast SEO plugin. -->","yoast_head_json":{"title":"Kalite Y\u00f6netim Politikas\u0131 - IDEP","robots":{"index":"index","follow":"follow","max-snippet":"max-snippet:-1","max-image-preview":"max-image-preview:large","max-video-preview":"max-video-preview:-1"},"canonical":"https:\/\/idep.org.cy\/idep\/politikes-stratigikes-tou-idep\/politiki-diacheirisis-poiotitas\/","og_locale":"tr_TR","og_type":"article","og_title":"Kalite Y\u00f6netim Politikas\u0131 - IDEP","og_description":"Avrupa Hayat Boyu \u00d6\u011frenme Programlar\u0131 Y\u00f6netimi Vakf\u0131&#8217;n\u0131n (EDIP) amac\u0131, e\u011fitim ve \u00f6\u011fretim alan\u0131nda faaliyet g\u00f6steren t\u00fczel ve ger\u00e7ek ki\u015filer taraf\u0131ndan kullan\u0131lmak \u00fczere Avrupa fonlar\u0131n\u0131n en etkin \u015fekilde y\u00f6netilmesidir. Bu \u015fu yollarla sa\u011flan\u0131r: IDEP taraf\u0131ndan y\u00f6netilen m\u00fcnferit programlar hakk\u0131nda payda\u015flara zaman\u0131nda ve etkili bilgi sa\u011flanmas\u0131. Hem program y\u00f6netimiyle ilgili konularda hem de genel olarak hizmet, idare&hellip;","og_url":"https:\/\/idep.org.cy\/idep\/politikes-stratigikes-tou-idep\/politiki-diacheirisis-poiotitas\/","og_site_name":"IDEP","article_modified_time":"2025-03-27T10:55:51+00:00","twitter_card":"summary_large_image","twitter_misc":{"Tahmini okuma s\u00fcresi":"1 dakika"},"schema":{"@context":"https:\/\/schema.org","@graph":[{"@type":"WebPage","@id":"https:\/\/idep.org.cy\/idep\/politikes-stratigikes-tou-idep\/politiki-diacheirisis-poiotitas\/","url":"https:\/\/idep.org.cy\/idep\/politikes-stratigikes-tou-idep\/politiki-diacheirisis-poiotitas\/","name":"Kalite Y\u00f6netim Politikas\u0131 - IDEP","isPartOf":{"@id":"https:\/\/idep.org.cy\/#website"},"datePublished":"2025-03-27T10:45:27+00:00","dateModified":"2025-03-27T10:55:51+00:00","breadcrumb":{"@id":"https:\/\/idep.org.cy\/idep\/politikes-stratigikes-tou-idep\/politiki-diacheirisis-poiotitas\/#breadcrumb"},"inLanguage":"tr","potentialAction":[{"@type":"ReadAction","target":["https:\/\/idep.org.cy\/idep\/politikes-stratigikes-tou-idep\/politiki-diacheirisis-poiotitas\/"]}]},{"@type":"BreadcrumbList","@id":"https:\/\/idep.org.cy\/idep\/politikes-stratigikes-tou-idep\/politiki-diacheirisis-poiotitas\/#breadcrumb","itemListElement":[{"@type":"ListItem","position":1,"name":"Home","item":"https:\/\/idep.org.cy\/tr\/"},{"@type":"ListItem","position":2,"name":"IDEP (APYV)","item":"https:\/\/idep.org.cy\/tr\/fmellp-idep\/"},{"@type":"ListItem","position":3,"name":"\u0399DEP&#8217; (\u0391PYV)in Politikalar\u0131\/Stratejileri","item":"https:\/\/idep.org.cy\/tr\/fmellp-idep\/idep-apyvin-politikalari-stratejileri\/"},{"@type":"ListItem","position":4,"name":"Kalite Y\u00f6netim Politikas\u0131"}]},{"@type":"WebSite","@id":"https:\/\/idep.org.cy\/#website","url":"https:\/\/idep.org.cy\/","name":"\u0399\u0394\u0395\u03a0 \u0394\u03b9\u03ac \u0392\u03af\u03bf\u03c5 \u039c\u03ac\u03b8\u03b7\u03c3\u03b7\u03c2","description":"","publisher":{"@id":"https:\/\/idep.org.cy\/#organization"},"potentialAction":[{"@type":"SearchAction","target":{"@type":"EntryPoint","urlTemplate":"https:\/\/idep.org.cy\/?s={search_term_string}"},"query-input":{"@type":"PropertyValueSpecification","valueRequired":true,"valueName":"search_term_string"}}],"inLanguage":"tr"},{"@type":"Organization","@id":"https:\/\/idep.org.cy\/#organization","name":"\u0399\u0394\u0395\u03a0 \u0394\u03b9\u03ac \u0392\u03af\u03bf\u03c5 \u039c\u03ac\u03b8\u03b7\u03c3\u03b7\u03c2","url":"https:\/\/idep.org.cy\/","logo":{"@type":"ImageObject","inLanguage":"tr","@id":"https:\/\/idep.org.cy\/#\/schema\/logo\/image\/","url":"https:\/\/idep.org.cy\/wp-content\/uploads\/2024\/12\/IDEP_Logo_en.jpg","contentUrl":"https:\/\/idep.org.cy\/wp-content\/uploads\/2024\/12\/IDEP_Logo_en.jpg","width":150,"height":150,"caption":"\u0399\u0394\u0395\u03a0 \u0394\u03b9\u03ac \u0392\u03af\u03bf\u03c5 \u039c\u03ac\u03b8\u03b7\u03c3\u03b7\u03c2"},"image":{"@id":"https:\/\/idep.org.cy\/#\/schema\/logo\/image\/"}}]}},"_links":{"self":[{"href":"https:\/\/idep.org.cy\/tr\/wp-json\/wp\/v2\/pages\/12262","targetHints":{"allow":["GET"]}}],"collection":[{"href":"https:\/\/idep.org.cy\/tr\/wp-json\/wp\/v2\/pages"}],"about":[{"href":"https:\/\/idep.org.cy\/tr\/wp-json\/wp\/v2\/types\/page"}],"author":[{"embeddable":true,"href":"https:\/\/idep.org.cy\/tr\/wp-json\/wp\/v2\/users\/1"}],"replies":[{"embeddable":true,"href":"https:\/\/idep.org.cy\/tr\/wp-json\/wp\/v2\/comments?post=12262"}],"version-history":[{"count":7,"href":"https:\/\/idep.org.cy\/tr\/wp-json\/wp\/v2\/pages\/12262\/revisions"}],"predecessor-version":[{"id":12281,"href":"https:\/\/idep.org.cy\/tr\/wp-json\/wp\/v2\/pages\/12262\/revisions\/12281"}],"up":[{"embeddable":true,"href":"https:\/\/idep.org.cy\/tr\/wp-json\/wp\/v2\/pages\/10146"}],"wp:attachment":[{"href":"https:\/\/idep.org.cy\/tr\/wp-json\/wp\/v2\/media?parent=12262"}],"curies":[{"name":"wp","href":"https:\/\/api.w.org\/{rel}","templated":true}]}}