{"id":14919,"date":"2026-01-08T09:00:32","date_gmt":"2026-01-08T07:00:32","guid":{"rendered":"https:\/\/idep.org.cy\/?page_id=14919"},"modified":"2026-02-16T12:38:19","modified_gmt":"2026-02-16T10:38:19","slug":"proedria-tou-symvouliou-tis-evropaikis-enosis","status":"publish","type":"page","link":"https:\/\/idep.org.cy\/tr\/proedria-tou-symvouliou-tis-evropaikis-enosis\/","title":{"rendered":"Avrupa Birli\u011fi Konseyi Ba\u015fkanl\u0131\u011f\u0131n\u0131"},"content":{"rendered":"\t\t<div data-elementor-type=\"wp-page\" data-elementor-id=\"14919\" class=\"elementor elementor-14919 elementor-14495\" data-elementor-post-type=\"page\">\n\t\t\t\t<div class=\"elementor-element elementor-element-fc1ad15 e-con-full e-flex e-con e-parent\" data-id=\"fc1ad15\" data-element_type=\"container\" data-e-type=\"container\" data-settings=\"{&quot;background_background&quot;:&quot;classic&quot;}\">\n\t\t\t\t<\/div>\n\t\t<div class=\"elementor-element elementor-element-d6334c3 e-con-full e-flex e-con e-parent\" data-id=\"d6334c3\" data-element_type=\"container\" data-e-type=\"container\" data-settings=\"{&quot;background_background&quot;:&quot;classic&quot;}\">\n\t\t<div class=\"elementor-element elementor-element-27e7b85 e-con-full e-flex e-con e-child\" data-id=\"27e7b85\" data-element_type=\"container\" data-e-type=\"container\">\n\t\t<div class=\"elementor-element elementor-element-424eb76 e-con-full elementor-hidden-tablet elementor-hidden-mobile e-flex e-con e-child\" data-id=\"424eb76\" data-element_type=\"container\" data-e-type=\"container\">\n\t\t\t\t<\/div>\n\t\t<div class=\"elementor-element elementor-element-a9b0139 e-con-full e-flex e-con e-child\" data-id=\"a9b0139\" data-element_type=\"container\" data-e-type=\"container\">\n\t\t\t\t<div class=\"elementor-element elementor-element-c50d4c5 elementor-widget elementor-widget-image\" data-id=\"c50d4c5\" data-element_type=\"widget\" data-e-type=\"widget\" data-widget_type=\"image.default\">\n\t\t\t\t<div class=\"elementor-widget-container\">\n\t\t\t\t\t\t\t\t\t\t\t\t\t\t\t\t<a href=\"https:\/\/idep.org.cy\/tr\/proedria-tou-symvouliou-tis-evropaikis-enosis\/\">\n\t\t\t\t\t\t\t<img decoding=\"async\" width=\"112\" height=\"121\" src=\"https:\/\/idep.org.cy\/wp-content\/uploads\/2026\/01\/logo-idep.png\" class=\"attachment-full size-full wp-image-14508\" alt=\"\" \/>\t\t\t\t\t\t\t\t<\/a>\n\t\t\t\t\t\t\t\t\t\t\t\t\t\t\t<\/div>\n\t\t\t\t<\/div>\n\t\t\t\t<\/div>\n\t\t<div class=\"elementor-element elementor-element-b27ad9b e-con-full e-flex e-con e-child\" data-id=\"b27ad9b\" data-element_type=\"container\" data-e-type=\"container\">\n\t\t<div class=\"elementor-element elementor-element-832145e e-grid e-con-full e-con e-child\" data-id=\"832145e\" data-element_type=\"container\" data-e-type=\"container\">\n\t\t\t\t<div class=\"elementor-element elementor-element-c2c481e the7-search-form-icon-position-inside elementor-widget elementor-widget-the7-search-form-widget\" data-id=\"c2c481e\" data-element_type=\"widget\" data-e-type=\"widget\" data-widget_type=\"the7-search-form-widget.default\">\n\t\t\t\t<div class=\"elementor-widget-container\">\n\t\t\t\t\t\t\t<form class=\"the7-search-form\" role=\"search\" action=\"https:\/\/idep.org.cy\/tr\/\" method=\"get\">\n\t\t\t<div class=\"the7-search-input__container\">\n\t\t\t\t<input placeholder=\"Search...\" class=\"the7-search-form__input\" type=\"search\" name=\"s\" title=\"Search\" value=\"\">\n\n\t\t\t\t\t\t\t\t\t\t\t\t\t<button class=\"the7-clear-search\" type=\"reset\" title=\"Search\" aria-label=\"Clear\">\n\n\t\t\t\t\t\t\t<svg aria-hidden=\"true\" class=\"e-font-icon-svg e-fas-times\" viewBox=\"0 0 352 512\" xmlns=\"http:\/\/www.w3.org\/2000\/svg\"><path d=\"M242.72 256l100.07-100.07c12.28-12.28 12.28-32.19 0-44.48l-22.24-22.24c-12.28-12.28-32.19-12.28-44.48 0L176 189.28 75.93 89.21c-12.28-12.28-32.19-12.28-44.48 0L9.21 111.45c-12.28 12.28-12.28 32.19 0 44.48L109.28 256 9.21 356.07c-12.28 12.28-12.28 32.19 0 44.48l22.24 22.24c12.28 12.28 32.2 12.28 44.48 0L176 322.72l100.07 100.07c12.28 12.28 32.2 12.28 44.48 0l22.24-22.24c12.28-12.28 12.28-32.19 0-44.48L242.72 256z\"><\/path><\/svg>\t\t\t\t\t\t\t<span class=\"elementor-screen-only\">Clear<\/span>\n\n\t\t\t\t\t<\/button>\n\t\t\t\t\t\t\t<\/div>\n\t\t\t\t\t\t\t\t\t<button class=\"the7-search-form__submit\" type=\"submit\" title=\"Search\" aria-label=\"Search\">\n\n\t\t\t\t\t\t\t<svg aria-hidden=\"true\" class=\"e-font-icon-svg e-fas-search\" viewBox=\"0 0 512 512\" xmlns=\"http:\/\/www.w3.org\/2000\/svg\"><path d=\"M505 442.7L405.3 343c-4.5-4.5-10.6-7-17-7H372c27.6-35.3 44-79.7 44-128C416 93.1 322.9 0 208 0S0 93.1 0 208s93.1 208 208 208c48.3 0 92.7-16.4 128-44v16.3c0 6.4 2.5 12.5 7 17l99.7 99.7c9.4 9.4 24.6 9.4 33.9 0l28.3-28.3c9.4-9.4 9.4-24.6.1-34zM208 336c-70.7 0-128-57.2-128-128 0-70.7 57.2-128 128-128 70.7 0 128 57.2 128 128 0 70.7-57.2 128-128 128z\"><\/path><\/svg>\t\t\t\t\t\t\t<span class=\"elementor-screen-only\">Search<\/span>\n\n\t\t\t\t\t<\/button>\n\t\t\t\t\n\t\t<\/form>\n\t\t\t\t\t\t<\/div>\n\t\t\t\t<\/div>\n\t\t\t\t<div class=\"elementor-element elementor-element-d320692 elementor-widget elementor-widget-wpml-language-switcher\" data-id=\"d320692\" data-element_type=\"widget\" data-e-type=\"widget\" data-widget_type=\"wpml-language-switcher.default\">\n\t\t\t\t<div class=\"elementor-widget-container\">\n\t\t\t\t\t<div class=\"wpml-elementor-ls\">\n<div role=\"navigation\" aria-label=\"Language Switcher\" class=\"wpml-ls-statics-shortcode_actions wpml-ls wpml-ls-legacy-list-horizontal\">\n\t<ul><li class=\"wpml-ls-slot-shortcode_actions wpml-ls-item wpml-ls-item-el wpml-ls-first-item wpml-ls-item-legacy-list-horizontal\">\n\t\t\t\t<a href=\"https:\/\/idep.org.cy\/\" hreflang=\"el\" lang=\"el\" class=\"wpml-ls-link\" aria-label=\"Switch to \u0395\u039b\" title=\"Switch to \u0395\u039b\">\n\t\t\t\t\t<span class=\"wpml-ls-native\">\u0395\u039b<\/span><\/a>\n\t\t\t<\/li><li class=\"wpml-ls-slot-shortcode_actions wpml-ls-item wpml-ls-item-en wpml-ls-item-legacy-list-horizontal\">\n\t\t\t\t<a href=\"https:\/\/idep.org.cy\/en\/\" hreflang=\"en\" lang=\"en\" class=\"wpml-ls-link\" aria-label=\"Switch to EN\" title=\"Switch to EN\">\n\t\t\t\t\t<span class=\"wpml-ls-native\">EN<\/span><\/a>\n\t\t\t<\/li><li class=\"wpml-ls-slot-shortcode_actions wpml-ls-item wpml-ls-item-tr wpml-ls-current-language wpml-ls-last-item wpml-ls-item-legacy-list-horizontal\">\n\t\t\t\t<a href=\"https:\/\/idep.org.cy\/tr\/\" hreflang=\"tr\" lang=\"tr\" class=\"wpml-ls-link\" aria-current=\"page\" aria-label=\"Switch to TR\" title=\"Switch to TR\">\n\t\t\t\t\t<span class=\"wpml-ls-native\">TR<\/span><\/a>\n\t\t\t<\/li><\/ul>\n<\/div>\n<\/div>\t\t\t\t<\/div>\n\t\t\t\t<\/div>\n\t\t\t\t<\/div>\n\t\t\t\t<\/div>\n\t\t\t\t<\/div>\n\t\t\t\t<\/div>\n\t\t<div class=\"elementor-element elementor-element-8081541 e-con-full e-flex e-con e-parent\" data-id=\"8081541\" data-element_type=\"container\" data-e-type=\"container\" data-settings=\"{&quot;background_background&quot;:&quot;classic&quot;}\">\n\t\t\t\t<div class=\"elementor-element elementor-element-c70f969 elementor-widget elementor-widget-image\" data-id=\"c70f969\" data-element_type=\"widget\" data-e-type=\"widget\" data-widget_type=\"image.default\">\n\t\t\t\t<div class=\"elementor-widget-container\">\n\t\t\t\t\t\t\t\t\t\t\t\t\t\t\t<img fetchpriority=\"high\" decoding=\"async\" width=\"307\" height=\"217\" src=\"https:\/\/idep.org.cy\/wp-content\/uploads\/2026\/01\/logo-proedria.png\" class=\"attachment-full size-full wp-image-14514\" alt=\"\" srcset=\"https:\/\/idep.org.cy\/wp-content\/uploads\/2026\/01\/logo-proedria.png 307w, https:\/\/idep.org.cy\/wp-content\/uploads\/2026\/01\/logo-proedria-300x212.png 300w\" sizes=\"(max-width: 307px) 100vw, 307px\" \/>\t\t\t\t\t\t\t\t\t\t\t\t\t\t\t<\/div>\n\t\t\t\t<\/div>\n\t\t\t\t<\/div>\n\t\t<div class=\"elementor-element elementor-element-4deaca6 e-con-full e-flex e-con e-parent\" data-id=\"4deaca6\" data-element_type=\"container\" data-e-type=\"container\" data-settings=\"{&quot;background_background&quot;:&quot;classic&quot;}\">\n\t\t\t\t<\/div>\n\t\t<div class=\"elementor-element elementor-element-9147c50 e-con-full e-flex e-con e-parent\" data-id=\"9147c50\" data-element_type=\"container\" data-e-type=\"container\" data-settings=\"{&quot;background_background&quot;:&quot;classic&quot;}\">\n\t\t\t\t<div class=\"elementor-element elementor-element-4a5002c elementor-widget__width-initial elementor-widget elementor-widget-text-editor\" data-id=\"4a5002c\" data-element_type=\"widget\" data-e-type=\"widget\" data-widget_type=\"text-editor.default\">\n\t\t\t\t<div class=\"elementor-widget-container\">\n\t\t\t\t\t\t\t\t\t<p>K\u0131br\u0131s, 2026 y\u0131l\u0131n\u0131n ilk yar\u0131s\u0131nda, Ocak\u2013Haziran d\u00f6neminde, Avrupa Birli\u011fi Konseyi D\u00f6nem Ba\u015fkanl\u0131\u011f\u0131n\u0131 \u00fcstlenecektir.<\/p><p>Hayat Boyu \u00d6\u011frenme Avrupa Programlar\u0131 Y\u00f6netim Vakf\u0131 (\u0130DEP Hayat Boyu \u00d6\u011frenme), Erasmus+ ve Avrupa Dayan\u0131\u015fma Programlar\u0131n\u0131n y\u00f6netiminden sorumlu K\u0131br\u0131s Ulusal Ajans\u0131 olarak, \u00fclke i\u00e7in son derece \u00f6nemli olan bu d\u00f6nemde aktif ve anlaml\u0131 bir rol \u00fcstlenmesi beklenmektedir. Bu kapsamda, e\u011fitim, \u00f6\u011fretim, gen\u00e7lik ve spor alanlar\u0131nda Avrupa \u00f6nceliklerinin genel olarak te\u015fvik edilmesine katk\u0131 sa\u011flayacakt\u0131r.<\/p><p>D\u00f6nem Ba\u015fkanl\u0131\u011f\u0131 s\u00fcresince, \u0130DEP Hayat Boyu \u00d6\u011frenme, Avrupa Birli\u011fi Konseyi K\u0131br\u0131s D\u00f6nem Ba\u015fkanl\u0131\u011f\u0131n\u0131n himayesinde ger\u00e7ekle\u015ftirilecek \u00fc\u00e7 \u00fcst d\u00fczey etkinli\u011fin e\u015f d\u00fczenleyicisi olacakt\u0131r. Bu etkinlikler, kat\u0131l\u0131mc\u0131 \u00fcye devletler ile Avrupa d\u00fczeyindeki kurulu\u015flar aras\u0131nda bilgi payla\u015f\u0131m\u0131, iyi uygulamalar\u0131n aktar\u0131m\u0131 ve politika diyalo\u011fu i\u00e7in bir platform sunacakt\u0131r.\u00a0<\/p>\t\t\t\t\t\t\t\t<\/div>\n\t\t\t\t<\/div>\n\t\t\t\t<\/div>\n\t\t<div class=\"elementor-element elementor-element-70e98b7 e-flex e-con-boxed e-con e-parent\" data-id=\"70e98b7\" data-element_type=\"container\" data-e-type=\"container\">\n\t\t\t\t\t<div class=\"e-con-inner\">\n\t\t\t\t<div class=\"elementor-element elementor-element-236518a elementor-widget elementor-widget-the7_elements\" data-id=\"236518a\" data-element_type=\"widget\" data-e-type=\"widget\" data-widget_type=\"the7_elements.default\">\n\t\t\t\t<div class=\"elementor-widget-container\">\n\t\t\t\t\t<div class=\"portfolio-shortcode the7-elementor-widget the7_elements-236518a mode-grid dt-css-grid-wrap classic-layout-list description-under-image quick-scale-img content-bg-on enable-bg-rollover resize-by-browser-width loading-effect-none jquery-filter\" data-padding=\"50px\" data-mobile-columns-num=\"1\" data-tablet-columns-num=\"2\" data-desktop-columns-num=\"3\" data-wide-desktop-columns-num=\"3\" data-post-limit=\"6\" data-pagination-mode=\"load-more\" data-scroll-offset=\"\" aria-live=\"assertive\"><div class=\"dt-css-grid custom-pagination-handler\"><div class=\"visible wf-cell\" data-post-id=\"14945\" data-date=\"2026-01-16T09:58:41+02:00\" data-name=\"\u2018Connecting the EU with Youth\u2019 event \u2013 19-20 March 2026\"><article class=\"post visible post-14945 type-post status-publish format-standard post-password-required hentry category-presidency\" data-name=\"\u2018Connecting the EU with Youth\u2019 event \u2013 19-20 March 2026\" data-date=\"2026-01-16T09:58:41+02:00\">\n\n\t<div class=\"post-thumbnail-wrap\">\n\t\t<div class=\"post-thumbnail\">\n\n\t\t\t<a class=\"post-thumbnail-rollover layzr-bg img-css-resize-wrapper\" aria-label=\"Post image\" href=\"https:\/\/idep.org.cy\/tr\/connecting-the-eu-with-youth-event-19-20-march-2026\/\"><img decoding=\"async\" width=\"1500\" height=\"1000\" src=\"data:image\/svg+xml,%3Csvg%20xmlns%3D&#039;http%3A%2F%2Fwww.w3.org%2F2000%2Fsvg&#039;%20viewBox%3D&#039;0%200%201500%201000&#039;%2F%3E\" class=\"attachment-full size-full preload-me aspect lazy lazy-load\" alt=\"\" sizes=\"(max-width: 1500px) 100vw, 1500px\" style=\"--ratio: 1500 \/ 1000;\" data-src=\"https:\/\/idep.org.cy\/wp-content\/uploads\/2026\/01\/Connecting-the-EU-with-Youth-WebsiteSlider-1500x100-1.jpg\" loading=\"eager\" data-srcset=\"https:\/\/idep.org.cy\/wp-content\/uploads\/2026\/01\/Connecting-the-EU-with-Youth-WebsiteSlider-1500x100-1.jpg 1500w, https:\/\/idep.org.cy\/wp-content\/uploads\/2026\/01\/Connecting-the-EU-with-Youth-WebsiteSlider-1500x100-1-300x200.jpg 300w, https:\/\/idep.org.cy\/wp-content\/uploads\/2026\/01\/Connecting-the-EU-with-Youth-WebsiteSlider-1500x100-1-1024x683.jpg 1024w, https:\/\/idep.org.cy\/wp-content\/uploads\/2026\/01\/Connecting-the-EU-with-Youth-WebsiteSlider-1500x100-1-768x512.jpg 768w\" \/><\/a>\n\t\t<\/div>\n\t<\/div>\n\n\n<div class=\"post-entry-content\">\n\n\t<h3 class=\"ele-entry-title\"><a href=\"https:\/\/idep.org.cy\/tr\/connecting-the-eu-with-youth-event-19-20-march-2026\/\" rel=\"bookmark\" title=\"\u2018Connecting the EU with Youth\u2019 event \u2013 19-20 March 2026\">\u2018Connecting the EU with Youth\u2019 event \u2013 19-20 March 2026<\/a><\/h3><div class=\"entry-meta\"><span class=\"meta-item data-link\"><time class=\"entry-date updated\" datetime=\"2026-01-16T09:58:41+02:00\">16 Ocak 2026<\/time><\/span><\/div><a href=\"https:\/\/idep.org.cy\/tr\/connecting-the-eu-with-youth-event-19-20-march-2026\/\" target=\"\" aria-label=\"Read more about \u2018Connecting the EU with Youth\u2019 event \u2013 19-20 March 2026\" class=\"box-button elementor-button elementor-size-xs\">More<\/a>\n<\/div><\/article><\/div><div class=\"visible wf-cell\" data-post-id=\"14943\" data-date=\"2026-01-16T09:59:06+02:00\" data-name=\"MEDNet conference\u2013 25-27 March 2026\"><article class=\"post visible post-14943 type-post status-publish format-standard post-password-required hentry category-proedria\" data-name=\"MEDNet conference\u2013 25-27 March 2026\" data-date=\"2026-01-16T09:59:06+02:00\">\n\n\t<div class=\"post-thumbnail-wrap\">\n\t\t<div class=\"post-thumbnail\">\n\n\t\t\t<a class=\"post-thumbnail-rollover layzr-bg img-css-resize-wrapper\" aria-label=\"Post image\" href=\"https:\/\/idep.org.cy\/tr\/mednet-conference-25-27-martiou-2026\/\"><img decoding=\"async\" width=\"1500\" height=\"1000\" src=\"data:image\/svg+xml,%3Csvg%20xmlns%3D&#039;http%3A%2F%2Fwww.w3.org%2F2000%2Fsvg&#039;%20viewBox%3D&#039;0%200%201500%201000&#039;%2F%3E\" class=\"attachment-full size-full preload-me aspect lazy lazy-load\" alt=\"\" sizes=\"(max-width: 1500px) 100vw, 1500px\" style=\"--ratio: 1500 \/ 1000;\" data-src=\"https:\/\/idep.org.cy\/wp-content\/uploads\/2026\/01\/Connecting-the-EU-with-Youth-MedNet-WebsiteSlider-1500x100-v2.jpg\" loading=\"eager\" data-srcset=\"https:\/\/idep.org.cy\/wp-content\/uploads\/2026\/01\/Connecting-the-EU-with-Youth-MedNet-WebsiteSlider-1500x100-v2.jpg 1500w, https:\/\/idep.org.cy\/wp-content\/uploads\/2026\/01\/Connecting-the-EU-with-Youth-MedNet-WebsiteSlider-1500x100-v2-300x200.jpg 300w, https:\/\/idep.org.cy\/wp-content\/uploads\/2026\/01\/Connecting-the-EU-with-Youth-MedNet-WebsiteSlider-1500x100-v2-1024x683.jpg 1024w, https:\/\/idep.org.cy\/wp-content\/uploads\/2026\/01\/Connecting-the-EU-with-Youth-MedNet-WebsiteSlider-1500x100-v2-768x512.jpg 768w\" \/><\/a>\n\t\t<\/div>\n\t<\/div>\n\n\n<div class=\"post-entry-content\">\n\n\t<h3 class=\"ele-entry-title\"><a href=\"https:\/\/idep.org.cy\/tr\/mednet-conference-25-27-martiou-2026\/\" rel=\"bookmark\" title=\"MEDNet conference\u2013 25-27 March 2026\">MEDNet conference\u2013 25-27 March 2026<\/a><\/h3><div class=\"entry-meta\"><span class=\"meta-item data-link\"><time class=\"entry-date updated\" datetime=\"2026-01-16T09:59:06+02:00\">16 Ocak 2026<\/time><\/span><\/div><a href=\"https:\/\/idep.org.cy\/tr\/mednet-conference-25-27-martiou-2026\/\" target=\"\" aria-label=\"Read more about MEDNet conference\u2013 25-27 March 2026\" class=\"box-button elementor-button elementor-size-xs\">More<\/a>\n<\/div><\/article><\/div><div class=\"visible wf-cell\" data-post-id=\"14941\" data-date=\"2026-01-16T10:01:28+02:00\" data-name=\"Informal Erasmus+ NA Directors\u2019 meeting for Education &amp; Training and the Business Meeting of NAs for Youth \u2013 11-14 May 2026\"><article class=\"post visible post-14941 type-post status-publish format-standard post-password-required hentry category-proedria\" data-name=\"Informal Erasmus+ NA Directors\u2019 meeting for Education &#038; Training and the Business Meeting of NAs for Youth \u2013 11-14 May 2026\" data-date=\"2026-01-16T10:01:28+02:00\">\n\n\t<div class=\"post-thumbnail-wrap\">\n\t\t<div class=\"post-thumbnail\">\n\n\t\t\t<a class=\"post-thumbnail-rollover layzr-bg img-css-resize-wrapper\" aria-label=\"Post image\" href=\"https:\/\/idep.org.cy\/tr\/informal-erasmus-na-directors-meeting-for-education-training-and-the-business-meeting-of-nas-for-youth-11-14-maiou-2026\/\"><img decoding=\"async\" width=\"1500\" height=\"1000\" src=\"data:image\/svg+xml,%3Csvg%20xmlns%3D&#039;http%3A%2F%2Fwww.w3.org%2F2000%2Fsvg&#039;%20viewBox%3D&#039;0%200%201500%201000&#039;%2F%3E\" class=\"attachment-full size-full preload-me aspect lazy lazy-load\" alt=\"\" sizes=\"(max-width: 1500px) 100vw, 1500px\" style=\"--ratio: 1500 \/ 1000;\" data-src=\"https:\/\/idep.org.cy\/wp-content\/uploads\/2026\/01\/proedria-news.jpg\" loading=\"eager\" data-srcset=\"https:\/\/idep.org.cy\/wp-content\/uploads\/2026\/01\/proedria-news.jpg 1500w, https:\/\/idep.org.cy\/wp-content\/uploads\/2026\/01\/proedria-news-300x200.jpg 300w, https:\/\/idep.org.cy\/wp-content\/uploads\/2026\/01\/proedria-news-1024x683.jpg 1024w, https:\/\/idep.org.cy\/wp-content\/uploads\/2026\/01\/proedria-news-768x512.jpg 768w\" \/><\/a>\n\t\t<\/div>\n\t<\/div>\n\n\n<div class=\"post-entry-content\">\n\n\t<h3 class=\"ele-entry-title\"><a href=\"https:\/\/idep.org.cy\/tr\/informal-erasmus-na-directors-meeting-for-education-training-and-the-business-meeting-of-nas-for-youth-11-14-maiou-2026\/\" rel=\"bookmark\" title=\"Informal Erasmus+ NA Directors\u2019 meeting for Education &#038; Training and the Business Meeting of NAs for Youth \u2013 11-14 May 2026\">Informal Erasmus+ NA Directors\u2019 meeting for Education &#038; Training and the Business Meeting of NAs for Youth \u2013 11-14 May 2026<\/a><\/h3><div class=\"entry-meta\"><span class=\"meta-item data-link\"><time class=\"entry-date updated\" datetime=\"2026-01-16T10:01:28+02:00\">16 Ocak 2026<\/time><\/span><\/div><a href=\"https:\/\/idep.org.cy\/tr\/informal-erasmus-na-directors-meeting-for-education-training-and-the-business-meeting-of-nas-for-youth-11-14-maiou-2026\/\" target=\"\" aria-label=\"Read more about Informal Erasmus+ NA Directors\u2019 meeting for Education &#038; Training and the Business Meeting of NAs for Youth \u2013 11-14 May 2026\" class=\"box-button elementor-button elementor-size-xs\">More<\/a>\n<\/div><\/article><\/div><\/div><!-- iso-container|iso-grid --><div class=\"paginator filter-decorations paginator-more-button filter-pointer-underline\">\n\t\t\t\t<a class=\"button-load-more highlighted filter-item\" href=\"javascript:void(0);\" data-dt-page=\"1\" ><svg aria-hidden=\"true\" class=\"e-font-icon-svg e-fas-arrow-circle-down\" viewBox=\"0 0 512 512\" xmlns=\"http:\/\/www.w3.org\/2000\/svg\"><path d=\"M504 256c0 137-111 248-248 248S8 393 8 256 119 8 256 8s248 111 248 248zm-143.6-28.9L288 302.6V120c0-13.3-10.7-24-24-24h-16c-13.3 0-24 10.7-24 24v182.6l-72.4-75.5c-9.3-9.7-24.8-9.9-34.3-.4l-10.9 11c-9.4 9.4-9.4 24.6 0 33.9L239 404.3c9.4 9.4 24.6 9.4 33.9 0l132.7-132.7c9.4-9.4 9.4-24.6 0-33.9l-10.9-11c-9.5-9.5-25-9.3-34.3.4z\"><\/path><\/svg><span class=\"button-caption\">Load more<\/span><\/a>\n\t\t\t<\/div><\/div>\t\t\t\t<\/div>\n\t\t\t\t<\/div>\n\t\t\t\t\t<\/div>\n\t\t\t\t<\/div>\n\t\t<div class=\"elementor-element elementor-element-b4ee2f7 e-con-full e-flex e-con e-parent\" data-id=\"b4ee2f7\" data-element_type=\"container\" data-e-type=\"container\" data-settings=\"{&quot;background_background&quot;:&quot;classic&quot;}\">\n\t\t\t\t<\/div>\n\t\t<div class=\"elementor-element elementor-element-36a17dc e-con-full e-flex e-con e-parent\" data-id=\"36a17dc\" data-element_type=\"container\" data-e-type=\"container\" data-settings=\"{&quot;background_background&quot;:&quot;classic&quot;}\">\n\t\t<div class=\"elementor-element elementor-element-c6e64b1 e-grid e-con-full e-con e-child\" data-id=\"c6e64b1\" data-element_type=\"container\" data-e-type=\"container\">\n\t\t\t\t<div class=\"elementor-element elementor-element-c66324b elementor-widget elementor-widget-image\" data-id=\"c66324b\" data-element_type=\"widget\" data-e-type=\"widget\" data-widget_type=\"image.default\">\n\t\t\t\t<div class=\"elementor-widget-container\">\n\t\t\t\t\t\t\t\t\t\t\t\t\t\t\t\t<a href=\"https:\/\/idep.org.cy\/tr\/\">\n\t\t\t\t\t\t\t<img decoding=\"async\" src=\"https:\/\/idep.org.cy\/wp-content\/uploads\/elementor\/thumbs\/2f7fe317-4501-4cf2-a523-18be9a65b811-rhxndb9lg0kkgona69eh61blagem9f92znnhw8rlz4.png\" title=\"2f7fe317-4501-4cf2-a523-18be9a65b811\" alt=\"2f7fe317-4501-4cf2-a523-18be9a65b811\" loading=\"lazy\" \/>\t\t\t\t\t\t\t\t<\/a>\n\t\t\t\t\t\t\t\t\t\t\t\t\t\t\t<\/div>\n\t\t\t\t<\/div>\n\t\t\t\t<div class=\"elementor-element elementor-element-1d20b21 e-grid-align-right e-grid-align-mobile-center elementor-shape-rounded elementor-grid-0 elementor-widget elementor-widget-social-icons\" data-id=\"1d20b21\" data-element_type=\"widget\" data-e-type=\"widget\" data-widget_type=\"social-icons.default\">\n\t\t\t\t<div class=\"elementor-widget-container\">\n\t\t\t\t\t\t\t<div class=\"elementor-social-icons-wrapper elementor-grid\" role=\"list\">\n\t\t\t\t\t\t\t<span class=\"elementor-grid-item\" role=\"listitem\">\n\t\t\t\t\t<a class=\"elementor-icon elementor-social-icon elementor-social-icon-facebook elementor-repeater-item-56b3609\" href=\"https:\/\/www.facebook.com\/IDEP.ErasmusPlus\" target=\"_blank\">\n\t\t\t\t\t\t<span class=\"elementor-screen-only\">Facebook<\/span>\n\t\t\t\t\t\t<svg aria-hidden=\"true\" class=\"e-font-icon-svg e-fab-facebook\" viewBox=\"0 0 512 512\" xmlns=\"http:\/\/www.w3.org\/2000\/svg\"><path d=\"M504 256C504 119 393 8 256 8S8 119 8 256c0 123.78 90.69 226.38 209.25 245V327.69h-63V256h63v-54.64c0-62.15 37-96.48 93.67-96.48 27.14 0 55.52 4.84 55.52 4.84v61h-31.28c-30.8 0-40.41 19.12-40.41 38.73V256h68.78l-11 71.69h-57.78V501C413.31 482.38 504 379.78 504 256z\"><\/path><\/svg>\t\t\t\t\t<\/a>\n\t\t\t\t<\/span>\n\t\t\t\t\t\t\t<span class=\"elementor-grid-item\" role=\"listitem\">\n\t\t\t\t\t<a class=\"elementor-icon elementor-social-icon elementor-social-icon-instagram elementor-repeater-item-6540005\" href=\"https:\/\/www.instagram.com\/idep_erasmusplus\/?hl=en\" target=\"_blank\">\n\t\t\t\t\t\t<span class=\"elementor-screen-only\">Instagram<\/span>\n\t\t\t\t\t\t<svg aria-hidden=\"true\" class=\"e-font-icon-svg e-fab-instagram\" viewBox=\"0 0 448 512\" xmlns=\"http:\/\/www.w3.org\/2000\/svg\"><path d=\"M224.1 141c-63.6 0-114.9 51.3-114.9 114.9s51.3 114.9 114.9 114.9S339 319.5 339 255.9 287.7 141 224.1 141zm0 189.6c-41.1 0-74.7-33.5-74.7-74.7s33.5-74.7 74.7-74.7 74.7 33.5 74.7 74.7-33.6 74.7-74.7 74.7zm146.4-194.3c0 14.9-12 26.8-26.8 26.8-14.9 0-26.8-12-26.8-26.8s12-26.8 26.8-26.8 26.8 12 26.8 26.8zm76.1 27.2c-1.7-35.9-9.9-67.7-36.2-93.9-26.2-26.2-58-34.4-93.9-36.2-37-2.1-147.9-2.1-184.9 0-35.8 1.7-67.6 9.9-93.9 36.1s-34.4 58-36.2 93.9c-2.1 37-2.1 147.9 0 184.9 1.7 35.9 9.9 67.7 36.2 93.9s58 34.4 93.9 36.2c37 2.1 147.9 2.1 184.9 0 35.9-1.7 67.7-9.9 93.9-36.2 26.2-26.2 34.4-58 36.2-93.9 2.1-37 2.1-147.8 0-184.8zM398.8 388c-7.8 19.6-22.9 34.7-42.6 42.6-29.5 11.7-99.5 9-132.1 9s-102.7 2.6-132.1-9c-19.6-7.8-34.7-22.9-42.6-42.6-11.7-29.5-9-99.5-9-132.1s-2.6-102.7 9-132.1c7.8-19.6 22.9-34.7 42.6-42.6 29.5-11.7 99.5-9 132.1-9s102.7-2.6 132.1 9c19.6 7.8 34.7 22.9 42.6 42.6 11.7 29.5 9 99.5 9 132.1s2.7 102.7-9 132.1z\"><\/path><\/svg>\t\t\t\t\t<\/a>\n\t\t\t\t<\/span>\n\t\t\t\t\t\t\t<span class=\"elementor-grid-item\" role=\"listitem\">\n\t\t\t\t\t<a class=\"elementor-icon elementor-social-icon elementor-social-icon-x-twitter elementor-repeater-item-c6e6aa8\" href=\"https:\/\/x.com\/Erasmus_CY\" target=\"_blank\">\n\t\t\t\t\t\t<span class=\"elementor-screen-only\">X-twitter<\/span>\n\t\t\t\t\t\t<svg aria-hidden=\"true\" class=\"e-font-icon-svg e-fab-x-twitter\" viewBox=\"0 0 512 512\" xmlns=\"http:\/\/www.w3.org\/2000\/svg\"><path d=\"M389.2 48h70.6L305.6 224.2 487 464H345L233.7 318.6 106.5 464H35.8L200.7 275.5 26.8 48H172.4L272.9 180.9 389.2 48zM364.4 421.8h39.1L151.1 88h-42L364.4 421.8z\"><\/path><\/svg>\t\t\t\t\t<\/a>\n\t\t\t\t<\/span>\n\t\t\t\t\t\t\t<span class=\"elementor-grid-item\" role=\"listitem\">\n\t\t\t\t\t<a class=\"elementor-icon elementor-social-icon elementor-social-icon-linkedin elementor-repeater-item-3959b33\" href=\"https:\/\/www.linkedin.com\/company\/11471077\/admin\/page-posts\/published\" target=\"_blank\">\n\t\t\t\t\t\t<span class=\"elementor-screen-only\">Linkedin<\/span>\n\t\t\t\t\t\t<svg aria-hidden=\"true\" class=\"e-font-icon-svg e-fab-linkedin\" viewBox=\"0 0 448 512\" xmlns=\"http:\/\/www.w3.org\/2000\/svg\"><path d=\"M416 32H31.9C14.3 32 0 46.5 0 64.3v383.4C0 465.5 14.3 480 31.9 480H416c17.6 0 32-14.5 32-32.3V64.3c0-17.8-14.4-32.3-32-32.3zM135.4 416H69V202.2h66.5V416zm-33.2-243c-21.3 0-38.5-17.3-38.5-38.5S80.9 96 102.2 96c21.2 0 38.5 17.3 38.5 38.5 0 21.3-17.2 38.5-38.5 38.5zm282.1 243h-66.4V312c0-24.8-.5-56.7-34.5-56.7-34.6 0-39.9 27-39.9 54.9V416h-66.4V202.2h63.7v29.2h.9c8.9-16.8 30.6-34.5 62.9-34.5 67.2 0 79.7 44.3 79.7 101.9V416z\"><\/path><\/svg>\t\t\t\t\t<\/a>\n\t\t\t\t<\/span>\n\t\t\t\t\t<\/div>\n\t\t\t\t\t\t<\/div>\n\t\t\t\t<\/div>\n\t\t\t\t<\/div>\n\t\t\t\t<\/div>\n\t\t\t\t<\/div>\n\t\t","protected":false},"excerpt":{"rendered":"<form action=\"https:\/\/idep.org.cy\/tr\/wp-login.php?action=postpass\" class=\"post-password-form\" method=\"post\"><input type=\"hidden\" name=\"redirect_to\" value=\"https:\/\/idep.org.cy\/tr\/informal-erasmus-na-directors-meeting-for-education-training-and-the-business-meeting-of-nas-for-youth-11-14-maiou-2026\/\" \/>\n\t<p>Bu i\u00e7erik parola ile korunuyor. G\u00f6r\u00fcnt\u00fclemek i\u00e7in l\u00fctfen a\u015fa\u011f\u0131ya parolan\u0131z\u0131 yaz\u0131n.<\/p>\n\t<p><label for=\"pwbox-14941\">Parola: <input name=\"post_password\" id=\"pwbox-14941\" type=\"password\" spellcheck=\"false\" required size=\"20\" \/><\/label> <input type=\"submit\" name=\"Submit\" value=\"Giri\u015f\" \/><\/p><\/form>\n\t","protected":false},"author":1,"featured_media":0,"parent":0,"menu_order":16,"comment_status":"closed","ping_status":"closed","template":"elementor_canvas","meta":{"footnotes":""},"class_list":["post-14919","page","type-page","status-publish","hentry"],"yoast_head":"<!-- This site is optimized with the Yoast SEO plugin v27.4 - https:\/\/yoast.com\/product\/yoast-seo-wordpress\/ -->\n<title>Avrupa Birli\u011fi Konseyi Ba\u015fkanl\u0131\u011f\u0131n\u0131 - IDEP<\/title>\n<meta name=\"robots\" content=\"index, follow, max-snippet:-1, max-image-preview:large, max-video-preview:-1\" \/>\n<link rel=\"canonical\" href=\"https:\/\/idep.org.cy\/tr\/proedria-tou-symvouliou-tis-evropaikis-enosis\/\" \/>\n<meta property=\"og:locale\" content=\"tr_TR\" \/>\n<meta property=\"og:type\" content=\"article\" \/>\n<meta property=\"og:title\" content=\"Avrupa Birli\u011fi Konseyi Ba\u015fkanl\u0131\u011f\u0131n\u0131 - IDEP\" \/>\n<meta property=\"og:description\" content=\"Clear Search \u0395\u039b EN TR K\u0131br\u0131s, 2026 y\u0131l\u0131n\u0131n ilk yar\u0131s\u0131nda, Ocak\u2013Haziran d\u00f6neminde, Avrupa Birli\u011fi Konseyi D\u00f6nem Ba\u015fkanl\u0131\u011f\u0131n\u0131 \u00fcstlenecektir. Hayat Boyu \u00d6\u011frenme Avrupa Programlar\u0131 Y\u00f6netim Vakf\u0131 (\u0130DEP Hayat Boyu \u00d6\u011frenme), Erasmus+ ve Avrupa Dayan\u0131\u015fma Programlar\u0131n\u0131n y\u00f6netiminden sorumlu K\u0131br\u0131s Ulusal Ajans\u0131 olarak, \u00fclke i\u00e7in son derece \u00f6nemli olan bu d\u00f6nemde aktif ve anlaml\u0131 bir rol \u00fcstlenmesi beklenmektedir.&hellip;\" \/>\n<meta property=\"og:url\" content=\"https:\/\/idep.org.cy\/tr\/proedria-tou-symvouliou-tis-evropaikis-enosis\/\" \/>\n<meta property=\"og:site_name\" content=\"IDEP\" \/>\n<meta property=\"article:modified_time\" content=\"2026-02-16T10:38:19+00:00\" \/>\n<meta name=\"twitter:card\" content=\"summary_large_image\" \/>\n<meta name=\"twitter:label1\" content=\"Tahmini okuma s\u00fcresi\" \/>\n\t<meta name=\"twitter:data1\" content=\"3 dakika\" \/>\n<script type=\"application\/ld+json\" class=\"yoast-schema-graph\">{\"@context\":\"https:\\\/\\\/schema.org\",\"@graph\":[{\"@type\":\"WebPage\",\"@id\":\"https:\\\/\\\/idep.org.cy\\\/tr\\\/proedria-tou-symvouliou-tis-evropaikis-enosis\\\/\",\"url\":\"https:\\\/\\\/idep.org.cy\\\/tr\\\/proedria-tou-symvouliou-tis-evropaikis-enosis\\\/\",\"name\":\"Avrupa Birli\u011fi Konseyi Ba\u015fkanl\u0131\u011f\u0131n\u0131 - IDEP\",\"isPartOf\":{\"@id\":\"https:\\\/\\\/idep.org.cy\\\/#website\"},\"primaryImageOfPage\":{\"@id\":\"https:\\\/\\\/idep.org.cy\\\/tr\\\/proedria-tou-symvouliou-tis-evropaikis-enosis\\\/#primaryimage\"},\"image\":{\"@id\":\"https:\\\/\\\/idep.org.cy\\\/tr\\\/proedria-tou-symvouliou-tis-evropaikis-enosis\\\/#primaryimage\"},\"thumbnailUrl\":\"https:\\\/\\\/idep.org.cy\\\/wp-content\\\/uploads\\\/2026\\\/01\\\/logo-idep.png\",\"datePublished\":\"2026-01-08T07:00:32+00:00\",\"dateModified\":\"2026-02-16T10:38:19+00:00\",\"breadcrumb\":{\"@id\":\"https:\\\/\\\/idep.org.cy\\\/tr\\\/proedria-tou-symvouliou-tis-evropaikis-enosis\\\/#breadcrumb\"},\"inLanguage\":\"tr\",\"potentialAction\":[{\"@type\":\"ReadAction\",\"target\":[\"https:\\\/\\\/idep.org.cy\\\/tr\\\/proedria-tou-symvouliou-tis-evropaikis-enosis\\\/\"]}]},{\"@type\":\"ImageObject\",\"inLanguage\":\"tr\",\"@id\":\"https:\\\/\\\/idep.org.cy\\\/tr\\\/proedria-tou-symvouliou-tis-evropaikis-enosis\\\/#primaryimage\",\"url\":\"https:\\\/\\\/idep.org.cy\\\/wp-content\\\/uploads\\\/2026\\\/01\\\/logo-idep.png\",\"contentUrl\":\"https:\\\/\\\/idep.org.cy\\\/wp-content\\\/uploads\\\/2026\\\/01\\\/logo-idep.png\"},{\"@type\":\"BreadcrumbList\",\"@id\":\"https:\\\/\\\/idep.org.cy\\\/tr\\\/proedria-tou-symvouliou-tis-evropaikis-enosis\\\/#breadcrumb\",\"itemListElement\":[{\"@type\":\"ListItem\",\"position\":1,\"name\":\"Home\",\"item\":\"https:\\\/\\\/idep.org.cy\\\/tr\\\/\"},{\"@type\":\"ListItem\",\"position\":2,\"name\":\"Avrupa Birli\u011fi Konseyi Ba\u015fkanl\u0131\u011f\u0131n\u0131\"}]},{\"@type\":\"WebSite\",\"@id\":\"https:\\\/\\\/idep.org.cy\\\/#website\",\"url\":\"https:\\\/\\\/idep.org.cy\\\/\",\"name\":\"\u0399\u0394\u0395\u03a0 \u0394\u03b9\u03ac \u0392\u03af\u03bf\u03c5 \u039c\u03ac\u03b8\u03b7\u03c3\u03b7\u03c2\",\"description\":\"\",\"publisher\":{\"@id\":\"https:\\\/\\\/idep.org.cy\\\/#organization\"},\"potentialAction\":[{\"@type\":\"SearchAction\",\"target\":{\"@type\":\"EntryPoint\",\"urlTemplate\":\"https:\\\/\\\/idep.org.cy\\\/?s={search_term_string}\"},\"query-input\":{\"@type\":\"PropertyValueSpecification\",\"valueRequired\":true,\"valueName\":\"search_term_string\"}}],\"inLanguage\":\"tr\"},{\"@type\":\"Organization\",\"@id\":\"https:\\\/\\\/idep.org.cy\\\/#organization\",\"name\":\"\u0399\u0394\u0395\u03a0 \u0394\u03b9\u03ac \u0392\u03af\u03bf\u03c5 \u039c\u03ac\u03b8\u03b7\u03c3\u03b7\u03c2\",\"url\":\"https:\\\/\\\/idep.org.cy\\\/\",\"logo\":{\"@type\":\"ImageObject\",\"inLanguage\":\"tr\",\"@id\":\"https:\\\/\\\/idep.org.cy\\\/#\\\/schema\\\/logo\\\/image\\\/\",\"url\":\"https:\\\/\\\/idep.org.cy\\\/wp-content\\\/uploads\\\/2024\\\/12\\\/IDEP_Logo_en.jpg\",\"contentUrl\":\"https:\\\/\\\/idep.org.cy\\\/wp-content\\\/uploads\\\/2024\\\/12\\\/IDEP_Logo_en.jpg\",\"width\":150,\"height\":150,\"caption\":\"\u0399\u0394\u0395\u03a0 \u0394\u03b9\u03ac \u0392\u03af\u03bf\u03c5 \u039c\u03ac\u03b8\u03b7\u03c3\u03b7\u03c2\"},\"image\":{\"@id\":\"https:\\\/\\\/idep.org.cy\\\/#\\\/schema\\\/logo\\\/image\\\/\"}}]}<\/script>\n<!-- \/ Yoast SEO plugin. -->","yoast_head_json":{"title":"Avrupa Birli\u011fi Konseyi Ba\u015fkanl\u0131\u011f\u0131n\u0131 - IDEP","robots":{"index":"index","follow":"follow","max-snippet":"max-snippet:-1","max-image-preview":"max-image-preview:large","max-video-preview":"max-video-preview:-1"},"canonical":"https:\/\/idep.org.cy\/tr\/proedria-tou-symvouliou-tis-evropaikis-enosis\/","og_locale":"tr_TR","og_type":"article","og_title":"Avrupa Birli\u011fi Konseyi Ba\u015fkanl\u0131\u011f\u0131n\u0131 - IDEP","og_description":"Clear Search \u0395\u039b EN TR K\u0131br\u0131s, 2026 y\u0131l\u0131n\u0131n ilk yar\u0131s\u0131nda, Ocak\u2013Haziran d\u00f6neminde, Avrupa Birli\u011fi Konseyi D\u00f6nem Ba\u015fkanl\u0131\u011f\u0131n\u0131 \u00fcstlenecektir. Hayat Boyu \u00d6\u011frenme Avrupa Programlar\u0131 Y\u00f6netim Vakf\u0131 (\u0130DEP Hayat Boyu \u00d6\u011frenme), Erasmus+ ve Avrupa Dayan\u0131\u015fma Programlar\u0131n\u0131n y\u00f6netiminden sorumlu K\u0131br\u0131s Ulusal Ajans\u0131 olarak, \u00fclke i\u00e7in son derece \u00f6nemli olan bu d\u00f6nemde aktif ve anlaml\u0131 bir rol \u00fcstlenmesi beklenmektedir.&hellip;","og_url":"https:\/\/idep.org.cy\/tr\/proedria-tou-symvouliou-tis-evropaikis-enosis\/","og_site_name":"IDEP","article_modified_time":"2026-02-16T10:38:19+00:00","twitter_card":"summary_large_image","twitter_misc":{"Tahmini okuma s\u00fcresi":"3 dakika"},"schema":{"@context":"https:\/\/schema.org","@graph":[{"@type":"WebPage","@id":"https:\/\/idep.org.cy\/tr\/proedria-tou-symvouliou-tis-evropaikis-enosis\/","url":"https:\/\/idep.org.cy\/tr\/proedria-tou-symvouliou-tis-evropaikis-enosis\/","name":"Avrupa Birli\u011fi Konseyi Ba\u015fkanl\u0131\u011f\u0131n\u0131 - IDEP","isPartOf":{"@id":"https:\/\/idep.org.cy\/#website"},"primaryImageOfPage":{"@id":"https:\/\/idep.org.cy\/tr\/proedria-tou-symvouliou-tis-evropaikis-enosis\/#primaryimage"},"image":{"@id":"https:\/\/idep.org.cy\/tr\/proedria-tou-symvouliou-tis-evropaikis-enosis\/#primaryimage"},"thumbnailUrl":"https:\/\/idep.org.cy\/wp-content\/uploads\/2026\/01\/logo-idep.png","datePublished":"2026-01-08T07:00:32+00:00","dateModified":"2026-02-16T10:38:19+00:00","breadcrumb":{"@id":"https:\/\/idep.org.cy\/tr\/proedria-tou-symvouliou-tis-evropaikis-enosis\/#breadcrumb"},"inLanguage":"tr","potentialAction":[{"@type":"ReadAction","target":["https:\/\/idep.org.cy\/tr\/proedria-tou-symvouliou-tis-evropaikis-enosis\/"]}]},{"@type":"ImageObject","inLanguage":"tr","@id":"https:\/\/idep.org.cy\/tr\/proedria-tou-symvouliou-tis-evropaikis-enosis\/#primaryimage","url":"https:\/\/idep.org.cy\/wp-content\/uploads\/2026\/01\/logo-idep.png","contentUrl":"https:\/\/idep.org.cy\/wp-content\/uploads\/2026\/01\/logo-idep.png"},{"@type":"BreadcrumbList","@id":"https:\/\/idep.org.cy\/tr\/proedria-tou-symvouliou-tis-evropaikis-enosis\/#breadcrumb","itemListElement":[{"@type":"ListItem","position":1,"name":"Home","item":"https:\/\/idep.org.cy\/tr\/"},{"@type":"ListItem","position":2,"name":"Avrupa Birli\u011fi Konseyi Ba\u015fkanl\u0131\u011f\u0131n\u0131"}]},{"@type":"WebSite","@id":"https:\/\/idep.org.cy\/#website","url":"https:\/\/idep.org.cy\/","name":"\u0399\u0394\u0395\u03a0 \u0394\u03b9\u03ac \u0392\u03af\u03bf\u03c5 \u039c\u03ac\u03b8\u03b7\u03c3\u03b7\u03c2","description":"","publisher":{"@id":"https:\/\/idep.org.cy\/#organization"},"potentialAction":[{"@type":"SearchAction","target":{"@type":"EntryPoint","urlTemplate":"https:\/\/idep.org.cy\/?s={search_term_string}"},"query-input":{"@type":"PropertyValueSpecification","valueRequired":true,"valueName":"search_term_string"}}],"inLanguage":"tr"},{"@type":"Organization","@id":"https:\/\/idep.org.cy\/#organization","name":"\u0399\u0394\u0395\u03a0 \u0394\u03b9\u03ac \u0392\u03af\u03bf\u03c5 \u039c\u03ac\u03b8\u03b7\u03c3\u03b7\u03c2","url":"https:\/\/idep.org.cy\/","logo":{"@type":"ImageObject","inLanguage":"tr","@id":"https:\/\/idep.org.cy\/#\/schema\/logo\/image\/","url":"https:\/\/idep.org.cy\/wp-content\/uploads\/2024\/12\/IDEP_Logo_en.jpg","contentUrl":"https:\/\/idep.org.cy\/wp-content\/uploads\/2024\/12\/IDEP_Logo_en.jpg","width":150,"height":150,"caption":"\u0399\u0394\u0395\u03a0 \u0394\u03b9\u03ac \u0392\u03af\u03bf\u03c5 \u039c\u03ac\u03b8\u03b7\u03c3\u03b7\u03c2"},"image":{"@id":"https:\/\/idep.org.cy\/#\/schema\/logo\/image\/"}}]}},"_links":{"self":[{"href":"https:\/\/idep.org.cy\/tr\/wp-json\/wp\/v2\/pages\/14919","targetHints":{"allow":["GET"]}}],"collection":[{"href":"https:\/\/idep.org.cy\/tr\/wp-json\/wp\/v2\/pages"}],"about":[{"href":"https:\/\/idep.org.cy\/tr\/wp-json\/wp\/v2\/types\/page"}],"author":[{"embeddable":true,"href":"https:\/\/idep.org.cy\/tr\/wp-json\/wp\/v2\/users\/1"}],"replies":[{"embeddable":true,"href":"https:\/\/idep.org.cy\/tr\/wp-json\/wp\/v2\/comments?post=14919"}],"version-history":[{"count":23,"href":"https:\/\/idep.org.cy\/tr\/wp-json\/wp\/v2\/pages\/14919\/revisions"}],"predecessor-version":[{"id":15842,"href":"https:\/\/idep.org.cy\/tr\/wp-json\/wp\/v2\/pages\/14919\/revisions\/15842"}],"wp:attachment":[{"href":"https:\/\/idep.org.cy\/tr\/wp-json\/wp\/v2\/media?parent=14919"}],"curies":[{"name":"wp","href":"https:\/\/api.w.org\/{rel}","templated":true}]}}